{"id":34507,"date":"2026-07-10T12:53:55","date_gmt":"2026-07-10T11:53:55","guid":{"rendered":"https:\/\/www.smyrilline.com\/?page_id=34507"},"modified":"2026-08-28T11:00:15","modified_gmt":"2026-08-28T10:00:15","slug":"ijsland-met-de-camper","status":"publish","type":"page","link":"https:\/\/www.smyrilline.com\/nl\/ijsland-met-de-camper\/","title":{"rendered":"IJsland met de camper"},"content":{"rendered":"\n<div class=\"wp-block-cover alignfull is-light has-custom-content-position is-position-bottom-center\" style=\"min-height:529px;aspect-ratio:unset;\"><img loading=\"lazy\" decoding=\"async\" width=\"1600\" height=\"960\" class=\"wp-block-cover__image-background wp-image-33172 size-large\" alt=\"\" src=\"https:\/\/www.smyrilline.com\/wp-content\/smush-webp\/2026\/07\/Smyril_008-copy-2-1600x960.jpg.webp\" style=\"object-position:52% 82%\" data-object-fit=\"cover\" data-object-position=\"52% 82%\" srcset=\"https:\/\/www.smyrilline.com\/wp-content\/smush-webp\/2026\/07\/Smyril_008-copy-2-1600x960.jpg.webp 1600w, https:\/\/www.smyrilline.com\/wp-content\/smush-webp\/2026\/07\/Smyril_008-copy-2-800x480.jpg.webp 800w, https:\/\/www.smyrilline.com\/wp-content\/smush-webp\/2026\/07\/Smyril_008-copy-2-768x461.jpg.webp 768w, https:\/\/www.smyrilline.com\/wp-content\/smush-webp\/2026\/07\/Smyril_008-copy-2-1536x921.jpg.webp 1536w, https:\/\/www.smyrilline.com\/wp-content\/smush-webp\/2026\/07\/Smyril_008-copy-2-2048x1228.jpg.webp 2048w, https:\/\/www.smyrilline.com\/wp-content\/smush-webp\/2026\/07\/Smyril_008-copy-2-340x204.jpg.webp 340w, https:\/\/www.smyrilline.com\/wp-content\/smush-webp\/2026\/07\/Smyril_008-copy-2-1024x614.jpg.webp 1024w, https:\/\/www.smyrilline.com\/wp-content\/smush-webp\/2026\/07\/Smyril_008-copy-2-1280x768.jpg.webp 1280w, https:\/\/www.smyrilline.com\/wp-content\/smush-webp\/2026\/07\/Smyril_008-copy-2-1920x1151.jpg.webp 1920w\" sizes=\"auto, (max-width: 1600px) 100vw, 1600px\" \/><span aria-hidden=\"true\" class=\"wp-block-cover__background has-background-dim-0 has-background-dim\" style=\"background-color:#8a959a\"><\/span><div class=\"wp-block-cover__inner-container has-global-padding is-layout-constrained wp-block-cover-is-layout-constrained\">\n<h1 class=\"wp-block-heading has-text-align-left alignwide is-style-default has-white-color has-text-color\" id=\"h-met-de-camper-naar-ijsland\" style=\"margin-right:0;margin-left:0;padding-right:0;padding-left:0\">Met de camper <br>naar IJsland<\/h1>\n\n\n\n<div style=\"height:28px\" aria-hidden=\"true\" class=\"wp-block-spacer\"><\/div>\n<\/div><\/div>\n\n\n\n<div id=\"page-index_block_b630ddc5fbbc1b64c25b76394d21a8d6\" class=\"lunnar-page-index alignfull\">\n\n            <div class=\"page-index-container\">\n\n        <\/div>\n    <\/div>\n\n<div class=\"page-index-spacer\"><\/div>\n\n\n<div style=\"height:60px\" aria-hidden=\"true\" class=\"wp-block-spacer\"><\/div>\n\n\n\n<h3 id=\"h-word-elke-dag-wakker-op-een-nieuwe-plek\" class=\"wp-block-heading is-style-heading-h2-size is-style-heading-h2-size--1\" style=\"margin-top:var(--wp--preset--spacing--30);margin-bottom:var(--wp--preset--spacing--30)\">Word elke dag wakker <br>op een nieuwe plek<\/h3>\n\n\n\n<p class=\"wp-block-paragraph\" id=\"h-discover-iceland-at-your-own-pace\" style=\"margin-top:0;margin-bottom:0\">Met de camper naar IJsland reizen heeft iets bijzonders. De ene ochtend word je wakker aan een rustige fjord, de volgende tussen watervallen of vulkanische landschappen. Met je eigen camper geniet je elke dag van een nieuw uitzicht en heb je de vrijheid om zelf te bepalen waar je reis naartoe gaat.<\/p>\n\n\n\n<p class=\"wp-block-paragraph\">Met de ferry Norr\u00f6na neem je eenvoudig je eigen camper mee van Denemarken naar IJsland. Zo heb je vanaf het moment dat je van huis vertrekt alles bij je wat je onderweg nodig hebt. Je komt aan in Oost-IJsland en kunt meteen in je eigen tempo op ontdekking gaan, met alle vrijheid om zelf te bepalen waar je dag eindigt en de volgende begint.<\/p>\n\n\n\n<div class=\"wp-block-buttons is-layout-flex wp-block-buttons-is-layout-flex\">\n<div style=\"--wp--block-button--width: 100;\" class=\"wp-block-button has-custom-width wp-block-button__width wp-block-button__width-100\"><a class=\"wp-block-button__link has-black-600-color has-yellow-500-background-color has-text-color has-background has-link-color wp-element-button\" href=\"https:\/\/booking.smyrilline.fo\/nl\/book\/\" target=\"_blank\" rel=\"noreferrer noopener\">Vind de prijzen &amp; boek<\/a><\/div>\n<\/div>\n\n\n\n<div style=\"height:80px\" aria-hidden=\"true\" class=\"wp-block-spacer\"><\/div>\n\n\n\n<div class=\"wp-block-media-text alignwide is-stacked-on-mobile is-vertically-aligned-center\"><figure class=\"wp-block-media-text__media\"><img loading=\"lazy\" decoding=\"async\" width=\"1600\" height=\"1280\" src=\"https:\/\/www.smyrilline.com\/wp-content\/smush-webp\/2026\/07\/Camper-copy-1600px.jpg.webp\" alt=\"\" class=\"wp-image-33200 size-full\" srcset=\"https:\/\/www.smyrilline.com\/wp-content\/smush-webp\/2026\/07\/Camper-copy-1600px.jpg.webp 1600w, https:\/\/www.smyrilline.com\/wp-content\/smush-webp\/2026\/07\/Camper-copy-1600px-800x640.jpg.webp 800w, https:\/\/www.smyrilline.com\/wp-content\/smush-webp\/2026\/07\/Camper-copy-1600px-768x614.jpg.webp 768w, https:\/\/www.smyrilline.com\/wp-content\/smush-webp\/2026\/07\/Camper-copy-1600px-1536x1229.jpg.webp 1536w, https:\/\/www.smyrilline.com\/wp-content\/smush-webp\/2026\/07\/Camper-copy-1600px-340x272.jpg.webp 340w, https:\/\/www.smyrilline.com\/wp-content\/smush-webp\/2026\/07\/Camper-copy-1600px-1024x819.jpg.webp 1024w, https:\/\/www.smyrilline.com\/wp-content\/smush-webp\/2026\/07\/Camper-copy-1600px-1280x1024.jpg.webp 1280w\" sizes=\"auto, (max-width: 1600px) 100vw, 1600px\" \/><\/figure><div class=\"wp-block-media-text__content\">\n<h3 id=\"h-ideaal-voor-een-campervakantie\" class=\"wp-block-heading is-style-heading-h2-size is-style-heading-h2-size--2\" style=\"margin-top:var(--wp--preset--spacing--30);margin-bottom:var(--wp--preset--spacing--30)\">Ideaal voor een campervakantie<\/h3>\n\n\n\n<p class=\"wp-block-paragraph\">Sommige vakanties zijn tot in detail gepland. Andere worden daarentegen bepaald door<strong> <\/strong>het weer, het landschap en de vrijheid om van richting te veranderen wanneer je daar zin in hebt.<\/p>\n\n\n\n<p class=\"wp-block-paragraph\">IJsland is bij uitstek geschikt voor een vakantie met de camper. Prachtige wegen voeren je door voortdurend veranderende landschappen: van rustige fjorden en kleurrijke vissersdorpjes tot gletsjermeren, zwarte zandstranden, watervallen en geothermische gebieden. Dankzij het uitgebreide netwerk van campings kun je het land gemakkelijk dag voor dag ontdekken, met bij iedere stop weer een ander uitzicht.<\/p>\n\n\n\n<p class=\"wp-block-paragraph\">Met een camper beleef je IJsland op een andere manier. Geniet \u2019s avonds van het uitzicht, ontbijt tussen de bergen of blijf een extra nacht wanneer je een plek hebt gevonden waar je nog niet weg wilt. Omdat je accommodatie altijd met je meereist, wordt iedere stop onderdeel van de ervaring, of je nu \u00e9\u00e9n nacht blijft of wat langer.<\/p>\n\n\n\n<p class=\"wp-block-paragraph\">Of je nu twee weken of vier weken op reis gaat, iedere ochtend begint met een nieuw landschap voor je deur.<\/p>\n<\/div><\/div>\n\n\n\n<div style=\"height:80px\" aria-hidden=\"true\" class=\"wp-block-spacer\"><\/div>\n\n\n\n<div class=\"wp-block-media-text alignwide has-media-on-the-right is-stacked-on-mobile is-vertically-aligned-center\"><div class=\"wp-block-media-text__content\">\n<h2 id=\"h-waarom-je-eigen-camper-meenemen\" class=\"wp-block-heading\" style=\"margin-top:var(--wp--preset--spacing--30);margin-bottom:var(--wp--preset--spacing--30)\">Waarom je eigen <br>camper meenemen?<\/h2>\n\n\n\n<p class=\"wp-block-paragraph\">Met je eigen camper reis je in een vertrouwde omgeving die precies is ingericht zoals jij dat prettig vindt. Je hoeft niet te wennen aan een huurcamper en je bent niet gebonden aan de bagagebeperkingen van een vliegreis. Alles wat je onderweg nodig hebt, heb je al bij je.<\/p>\n\n\n\n<p class=\"wp-block-paragraph\">Je campervakantie naar IJsland begint zodra je aan boord van Norr\u00f6na stapt. Ontspan tijdens de overtocht en geniet van het comfort aan boord. Je komt uitgerust aan in Sey\u00f0isfj\u00f6r\u00f0ur, klaar om aan je camperavontuur door IJsland te beginnen.<\/p>\n\n\n\n<div style=\"height:10px\" aria-hidden=\"true\" class=\"wp-block-spacer\"><\/div>\n\n\n\n<h4 id=\"h-daarom-kiezen-reizigers-voor-hun-eigen-camper\" class=\"wp-block-heading\" style=\"margin-top:var(--wp--preset--spacing--30);margin-bottom:var(--wp--preset--spacing--30)\">Daarom kiezen reizigers <br>voor hun eigen camper<\/h4>\n\n\n\n<p class=\"wp-block-paragraph\">Reis met de camper die je al kent en vertrouwt.<\/p>\n\n\n\n<p class=\"wp-block-paragraph\">Neem alles mee wat je nodig hebt, zonder bagagebeperkingen van luchtvaartmaatschappijen.<\/p>\n\n\n\n<p class=\"wp-block-paragraph\">Bespaar tijd doordat je geen huurcamper hoeft op te halen of terug te brengen.<\/p>\n\n\n\n<p class=\"wp-block-paragraph\">Geniet tijdens je hele reis van maximale flexibiliteit.<\/p>\n\n\n\n<p class=\"wp-block-paragraph\">Begin direct na aankomst in Oost-IJsland met het ontdekken van het land.<\/p>\n<\/div><figure class=\"wp-block-media-text__media\"><img loading=\"lazy\" decoding=\"async\" width=\"1600\" height=\"1279\" src=\"https:\/\/www.smyrilline.com\/wp-content\/smush-webp\/2026\/07\/IMG_5742-3-1600x1279.jpg.webp\" alt=\"\" class=\"wp-image-33176 size-full\" srcset=\"https:\/\/www.smyrilline.com\/wp-content\/smush-webp\/2026\/07\/IMG_5742-3-1600x1279.jpg.webp 1600w, https:\/\/www.smyrilline.com\/wp-content\/smush-webp\/2026\/07\/IMG_5742-3-800x640.jpg.webp 800w, https:\/\/www.smyrilline.com\/wp-content\/smush-webp\/2026\/07\/IMG_5742-3-768x614.jpg.webp 768w, https:\/\/www.smyrilline.com\/wp-content\/smush-webp\/2026\/07\/IMG_5742-3-1536x1228.jpg.webp 1536w, https:\/\/www.smyrilline.com\/wp-content\/smush-webp\/2026\/07\/IMG_5742-3-2048x1638.jpg.webp 2048w, https:\/\/www.smyrilline.com\/wp-content\/smush-webp\/2026\/07\/IMG_5742-3-340x272.jpg.webp 340w, https:\/\/www.smyrilline.com\/wp-content\/smush-webp\/2026\/07\/IMG_5742-3-1024x819.jpg.webp 1024w, https:\/\/www.smyrilline.com\/wp-content\/smush-webp\/2026\/07\/IMG_5742-3-1280x1024.jpg.webp 1280w, https:\/\/www.smyrilline.com\/wp-content\/smush-webp\/2026\/07\/IMG_5742-3-1920x1535.jpg.webp 1920w\" sizes=\"auto, (max-width: 1600px) 100vw, 1600px\" \/><\/figure><\/div>\n\n\n\n<div style=\"height:80px\" aria-hidden=\"true\" class=\"wp-block-spacer\"><\/div>\n\n\n\n<div class=\"wp-block-group alignfull has-black-50-background-color has-background has-global-padding is-layout-constrained wp-block-group-is-layout-constrained\">\n<div style=\"height:60px\" aria-hidden=\"true\" class=\"wp-block-spacer\"><\/div>\n\n\n\n<h2 id=\"h-hoe-lang-blijf-je\" class=\"wp-block-heading\">Hoe lang blijf je?<\/h2>\n\n\n\n<p class=\"wp-block-paragraph\">De meeste camperreizigers trekken twee tot vier weken uit om IJsland te ontdekken. Hoe lang je ook blijft, met je eigen camper heb je alle vrijheid om rustig aan te doen en het land dag voor dag te beleven. Hieronder vind je enkele idee\u00ebn om het meeste uit je reis te halen.<\/p>\n\n\n\n<div style=\"height:40px\" aria-hidden=\"true\" class=\"wp-block-spacer\"><\/div>\n\n\n\n<div id=\"content-list_block_993ee210452cbeeb5f28f88b52655630\" class=\"lunnar-content-list alignwide content-list-swiper card-size-large\">\n    \n                            <div class=\"content-list items-3\" style=\"width: calc(100% - 30px) !important;\">\n                \n                                    <div class=\"swiper-wrapper\">\n                    \n                                            \n                        <div class=\"content-list-item swiper-slide\">\n                                                            <div class=\"content-list-item-image title-on-image\">\n                                                                            <h4>Twee weken<\/h4>\n                                    \n                                    <img loading=\"lazy\" decoding=\"async\" src=\"https:\/\/www.smyrilline.com\/wp-content\/smush-webp\/2025\/02\/Johannes-Becker-20_1920x1325-1600x1104.jpg.webp\" alt=\"\" width=\"1600\" height=\"1104\">\n                                <\/div>\n                            \n                            <div class=\"content-list-item-content\">\n                                \n                                                                    <p>\n                                        <h4>De klassieke camperreis<\/h4>\n<p>Met je eigen camper naar IJsland reizen geeft je de vrijheid om rustig aan te doen en meer te beleven. Twee weken is daarom een ideale reisduur om IJsland met de camper te ontdekken. Laat je inspireren door deze idee\u00ebn voor je reis.<\/p>\n<p><strong>Ideaal voor:<\/strong><\/p>\n<ul>\n<li>Wie IJsland voor het eerst bezoekt<\/li>\n<li>Stellen<\/li>\n<li>Gezinnen<\/li>\n<li data-section-id=\"vfes32\" data-start=\"3724\" data-end=\"3743\">Natuurliefhebbers<\/li>\n<\/ul>\n                                    <\/p>\n                                \n                                                            <\/div>\n                        <\/div>\n                                            \n                        <div class=\"content-list-item swiper-slide\">\n                                                            <div class=\"content-list-item-image title-on-image\">\n                                                                            <h4>Drie weken<\/h4>\n                                    \n                                    <img loading=\"lazy\" decoding=\"async\" src=\"https:\/\/www.smyrilline.com\/wp-content\/smush-webp\/2026\/07\/Iceland-HB5-1600px.jpg.webp\" alt=\"\" width=\"1280\" height=\"1600\">\n                                <\/div>\n                            \n                            <div class=\"content-list-item-content\">\n                                \n                                                                    <p>\n                                        <h4>Meer zien, minder haasten<\/h4>\n<p>Met drie weken de tijd kun je IJsland met de camper in een rustiger tempo ontdekken en langer blijven op de plekken die je het meest aanspreken. Verken daarnaast de Westfjorden, ontdek rustigere regio\u2019s en ervaar ook het IJsland buiten de bekendste bezienswaardigheden.<\/p>\n<p><strong>Ideaal voor:<\/strong><\/p>\n<ul>\n<li data-section-id=\"1fv7qtf\" data-start=\"4045\" data-end=\"4080\">Wie IJsland al eens heeft bezocht<\/li>\n<li data-section-id=\"1h81iyl\" data-start=\"4081\" data-end=\"4116\">Reizigers die graag rustig reizen<\/li>\n<li data-section-id=\"9g6b8j\" data-start=\"4117\" data-end=\"4129\">Fotografen<\/li>\n<li data-section-id=\"yv0rlo\" data-start=\"4130\" data-end=\"4142\">Wandelaars<\/li>\n<\/ul>\n                                    <\/p>\n                                \n                                                            <\/div>\n                        <\/div>\n                                            \n                        <div class=\"content-list-item swiper-slide\">\n                                                            <div class=\"content-list-item-image title-on-image\">\n                                                                            <h4>Vier weken<\/h4>\n                                    \n                                    <img loading=\"lazy\" decoding=\"async\" src=\"https:\/\/www.smyrilline.com\/wp-content\/smush-webp\/2026\/07\/Iceland-HB11-copy-1600px.jpg.webp\" alt=\"\" width=\"1600\" height=\"1067\">\n                                <\/div>\n                            \n                            <div class=\"content-list-item-content\">\n                                \n                                                                    <p>\n                                        <h4>Het ultieme camperavontuur<\/h4>\n<p>Met vier weken heb je alle vrijheid om IJsland met je camper te beleven zonder voortdurend op de klok te kijken. Bovendien kun je je laten leiden door het seizoen, terugkeren naar favoriete plekken en in de zomer \u2013 als je met een geschikte 4\u00d74-camper reist \u2013 zelfs de Hooglanden intrekken.<\/p>\n<p><strong>Ideaal voor:<\/strong><\/p>\n<ul>\n<li data-section-id=\"1r9nhae\" data-start=\"4466\" data-end=\"4485\">Langere vakanties<\/li>\n<li data-section-id=\"1pdvold\" data-start=\"4486\" data-end=\"4495\">Stellen<\/li>\n<li data-section-id=\"1kke1oy\" data-start=\"4496\" data-end=\"4529\">Liefhebbers van het buitenleven<\/li>\n<li data-section-id=\"1mfq6yv\" data-start=\"4530\" data-end=\"4613\">Reizigers die maximale flexibiliteit zoeken<\/li>\n<\/ul>\n                                    <\/p>\n                                \n                                                            <\/div>\n                        <\/div>\n                    \n                                        <\/div><!-- Close swiper-wrapper -->\n                    <div class=\"swiper-scrollbar\"><\/div>\n                                <\/div><!-- Close content-list -->\n                        <\/div><!-- Close main container -->\n\n\n<div style=\"height:60px\" aria-hidden=\"true\" class=\"wp-block-spacer\"><\/div>\n<\/div>\n\n\n\n<div style=\"height:80px\" aria-hidden=\"true\" class=\"wp-block-spacer\"><\/div>\n\n\n\n<div class=\"wp-block-media-text alignwide is-stacked-on-mobile\"><figure class=\"wp-block-media-text__media\"><img loading=\"lazy\" decoding=\"async\" width=\"1600\" height=\"1104\" src=\"https:\/\/www.smyrilline.com\/wp-content\/smush-webp\/2025\/02\/Icelandxfrauki24-1920x1325-1-1600x1104.jpg.webp\" alt=\"\" class=\"wp-image-1528 size-full\" srcset=\"https:\/\/www.smyrilline.com\/wp-content\/smush-webp\/2025\/02\/Icelandxfrauki24-1920x1325-1-1600x1104.jpg.webp 1600w, https:\/\/www.smyrilline.com\/wp-content\/smush-webp\/2025\/02\/Icelandxfrauki24-1920x1325-1-800x552.jpg.webp 800w, https:\/\/www.smyrilline.com\/wp-content\/smush-webp\/2025\/02\/Icelandxfrauki24-1920x1325-1-768x530.jpg.webp 768w, https:\/\/www.smyrilline.com\/wp-content\/smush-webp\/2025\/02\/Icelandxfrauki24-1920x1325-1-1536x1060.jpg.webp 1536w, https:\/\/www.smyrilline.com\/wp-content\/uploads\/2025\/02\/Icelandxfrauki24-1920x1325-1-340x235.jpg 340w, https:\/\/www.smyrilline.com\/wp-content\/uploads\/2025\/02\/Icelandxfrauki24-1920x1325-1-1024x707.jpg 1024w, https:\/\/www.smyrilline.com\/wp-content\/uploads\/2025\/02\/Icelandxfrauki24-1920x1325-1-1280x883.jpg 1280w, https:\/\/www.smyrilline.com\/wp-content\/smush-webp\/2025\/02\/Icelandxfrauki24-1920x1325-1.jpg.webp 1920w\" sizes=\"auto, (max-width: 1600px) 100vw, 1600px\" \/><\/figure><div class=\"wp-block-media-text__content\">\n<h2 id=\"h-kamperen-in-ijsland\" class=\"wp-block-heading\" style=\"margin-top:var(--wp--preset--spacing--30);margin-bottom:var(--wp--preset--spacing--30)\">Kamperen in IJsland<\/h2>\n\n\n\n<p class=\"wp-block-paragraph\">Kamperen is een van de mooiste manieren om IJsland te beleven. Bovendien vind je verspreid over het hele land tal van campings in IJsland. Van eenvoudige campings midden in de natuur tot campings met elektriciteit, douches, keukens en wasfaciliteiten: er is voor iedere campervakantie een geschikte plek.<\/p>\n\n\n\n<p class=\"wp-block-paragraph\">In de zomermaanden is het verstandig om voor de populairste campings vooruit te plannen. Tegelijkertijd geeft reizen met je eigen camper je de vrijheid om je route aan te passen en onderweg rustigere plekken te ontdekken.<\/p>\n\n\n\n<p class=\"wp-block-paragraph\">Wildkamperen met een camper is in IJsland in principe niet toegestaan. Overnachten doe je daarom op aangewezen campings, tenzij je toestemming hebt van de grondeigenaar. We raden je aan om v\u00f3\u00f3r vertrek altijd de meest recente regels voor kamperen in IJsland te controleren.<\/p>\n<\/div><\/div>\n\n\n\n<div style=\"height:80px\" aria-hidden=\"true\" class=\"wp-block-spacer\"><\/div>\n\n\n\n<div class=\"wp-block-media-text alignwide has-media-on-the-right is-stacked-on-mobile\"><div class=\"wp-block-media-text__content\">\n<h3 id=\"h-onderweg-met-de-camper\" class=\"wp-block-heading is-style-heading-h2-size is-style-heading-h2-size--3\" style=\"margin-top:var(--wp--preset--spacing--30);margin-bottom:var(--wp--preset--spacing--30)\">Onderweg <br>met de camper<\/h3>\n\n\n\n<p class=\"wp-block-paragraph\">Sommige van de mooiste momenten tijdens een campervakantie in IJsland vind je niet in een reisgids.<\/p>\n\n\n\n<p class=\"wp-block-paragraph\">Denk aan een rustige kop koffie in de ochtend met uitzicht over een fjord. Een spontane picknick bij een waterval die eigenlijk helemaal niet op de planning stond. Daarnaast kun je genieten van lange zomeravonden buiten of, later in het seizoen, de hemel afspeuren naar het noorderlicht.<\/p>\n\n\n\n<p class=\"wp-block-paragraph\">Reizen met een camper nodigt je uit om niet alleen van de bestemmingen, maar ook van de reis zelf te genieten. Daardoor zijn het vaak juist de onverwachte stops en rustige momenten die je het langst bijblijven.<\/p>\n<\/div><figure class=\"wp-block-media-text__media\"><img loading=\"lazy\" decoding=\"async\" width=\"1600\" height=\"1104\" src=\"https:\/\/www.smyrilline.com\/wp-content\/smush-webp\/2025\/02\/shutterstock_1347122990_EDIT-1920x1325-1-1600x1104.jpg.webp\" alt=\"\" class=\"wp-image-1524 size-full\" srcset=\"https:\/\/www.smyrilline.com\/wp-content\/smush-webp\/2025\/02\/shutterstock_1347122990_EDIT-1920x1325-1-1600x1104.jpg.webp 1600w, https:\/\/www.smyrilline.com\/wp-content\/smush-webp\/2025\/02\/shutterstock_1347122990_EDIT-1920x1325-1-800x552.jpg.webp 800w, https:\/\/www.smyrilline.com\/wp-content\/smush-webp\/2025\/02\/shutterstock_1347122990_EDIT-1920x1325-1-768x530.jpg.webp 768w, https:\/\/www.smyrilline.com\/wp-content\/smush-webp\/2025\/02\/shutterstock_1347122990_EDIT-1920x1325-1-1536x1060.jpg.webp 1536w, https:\/\/www.smyrilline.com\/wp-content\/uploads\/2025\/02\/shutterstock_1347122990_EDIT-1920x1325-1-340x235.jpg 340w, https:\/\/www.smyrilline.com\/wp-content\/uploads\/2025\/02\/shutterstock_1347122990_EDIT-1920x1325-1-1024x707.jpg 1024w, https:\/\/www.smyrilline.com\/wp-content\/uploads\/2025\/02\/shutterstock_1347122990_EDIT-1920x1325-1-1280x883.jpg 1280w, https:\/\/www.smyrilline.com\/wp-content\/smush-webp\/2025\/02\/shutterstock_1347122990_EDIT-1920x1325-1.jpg.webp 1920w\" sizes=\"auto, (max-width: 1600px) 100vw, 1600px\" \/><\/figure><\/div>\n\n\n\n<div style=\"height:80px\" aria-hidden=\"true\" class=\"wp-block-spacer\"><\/div>\n\n\n\n<h2 id=\"h-ontdek-ijsland\" class=\"wp-block-heading\">Ontdek IJsland<\/h2>\n\n\n\n<p class=\"wp-block-paragraph\">Van adembenemende landschappen tot ontspannende baden: vind je perfecte IJslandse avontuur.<\/p>\n\n\n\n<div style=\"height:40px\" aria-hidden=\"true\" class=\"wp-block-spacer\"><\/div>\n\n\n\n<div id=\"shortcuts_block_ec849c0f2630becc60bd7c01324ed808\" class=\"lunnar-shortcuts is-style-shortcuts-swiper alignwide shortcuts-swiper\">\n    \n                            <div class=\"shortcuts-list items-4\" style=\"width: calc(100% - 40px) !important;\">\n                \n                                    <div class=\"swiper-wrapper\">\n                    \n                    \n                        \n                        <a href=\"https:\/\/www.smyrilline.com\/nl\/highlights-van-ijsland\/\" target=\"\" class=\"shortcuts-item swiper-slide\">\n                            <h3 class=\"shortcuts-item-title\">Highlights van IJsland<\/h3>\n\n                            <div class=\"shortcuts-item-arrow\"><img decoding=\"async\" src=\"https:\/\/www.smyrilline.com\/wp-content\/themes\/lunnar-smyrilline\/images\/icon-circle-arrow.svg\" class=\"injectable\" alt=\"icon-circle-arrow\" loading=\"lazy\" \/><\/div>\n\n                            \n                                                                                            \n                                <picture>\n                                    <source media=\"(min-width: 769px)\" srcset=\"https:\/\/www.smyrilline.com\/wp-content\/uploads\/2025\/02\/About-Icleand-1920x1325-1-600x890.jpg\">\n                                    <img src=\"https:\/\/www.smyrilline.com\/wp-content\/uploads\/2025\/02\/About-Icleand-1920x1325-1-360x506.jpg\" \n                                        alt=\"About-Icleand-1920x1325-1.jpg\" \n                                        class=\"shortcut-image\" \n                                        loading=\"lazy\" \n                                        decoding=\"async\">\n                                <\/picture>\n                                                    <\/a>\n                    \n                        \n                        <a href=\"https:\/\/www.smyrilline.com\/nl\/geothermische-baden-in-ijsland\/\" target=\"\" class=\"shortcuts-item swiper-slide\">\n                            <h3 class=\"shortcuts-item-title\">Geothermische baden in IJsland<\/h3>\n\n                            <div class=\"shortcuts-item-arrow\"><img decoding=\"async\" src=\"https:\/\/www.smyrilline.com\/wp-content\/themes\/lunnar-smyrilline\/images\/icon-circle-arrow.svg\" class=\"injectable\" alt=\"icon-circle-arrow\" loading=\"lazy\" \/><\/div>\n\n                            \n                                                                                            \n                                <picture>\n                                    <source media=\"(min-width: 769px)\" srcset=\"https:\/\/www.smyrilline.com\/wp-content\/uploads\/2025\/02\/Sky-Lagoon_DSC9527-copy-2-1920x1325-1-600x890.jpg\">\n                                    <img src=\"https:\/\/www.smyrilline.com\/wp-content\/uploads\/2025\/02\/Sky-Lagoon_DSC9527-copy-2-1920x1325-1-360x506.jpg\" \n                                        alt=\"Sky-Lagoon_DSC9527-copy-2-1920x1325-1.jpg\" \n                                        class=\"shortcut-image\" \n                                        loading=\"lazy\" \n                                        decoding=\"async\">\n                                <\/picture>\n                                                    <\/a>\n                    \n                        \n                        <a href=\"https:\/\/www.smyrilline.com\/nl\/fascinerend-ijsland\/\" target=\"\" class=\"shortcuts-item swiper-slide\">\n                            <h3 class=\"shortcuts-item-title\">Fascinerend IJsland<\/h3>\n\n                            <div class=\"shortcuts-item-arrow\"><img decoding=\"async\" src=\"https:\/\/www.smyrilline.com\/wp-content\/themes\/lunnar-smyrilline\/images\/icon-circle-arrow.svg\" class=\"injectable\" alt=\"icon-circle-arrow\" loading=\"lazy\" \/><\/div>\n\n                            \n                                                                                            \n                                <picture>\n                                    <source media=\"(min-width: 769px)\" srcset=\"https:\/\/www.smyrilline.com\/wp-content\/uploads\/2024\/12\/portrait-iceland-faroe-islands-600x890.jpg\">\n                                    <img src=\"https:\/\/www.smyrilline.com\/wp-content\/uploads\/2024\/12\/portrait-iceland-faroe-islands-360x506.jpg\" \n                                        alt=\"portrait-iceland-faroe-islands.jpg\" \n                                        class=\"shortcut-image\" \n                                        loading=\"lazy\" \n                                        decoding=\"async\">\n                                <\/picture>\n                                                    <\/a>\n                    \n                        \n                        <a href=\"https:\/\/www.smyrilline.com\/nl\/natuurbaden-in-ijsland\/\" target=\"\" class=\"shortcuts-item swiper-slide\">\n                            <h3 class=\"shortcuts-item-title\">Natuurbaden in IJsland<\/h3>\n\n                            <div class=\"shortcuts-item-arrow\"><img decoding=\"async\" src=\"https:\/\/www.smyrilline.com\/wp-content\/themes\/lunnar-smyrilline\/images\/icon-circle-arrow.svg\" class=\"injectable\" alt=\"icon-circle-arrow\" loading=\"lazy\" \/><\/div>\n\n                            \n                                                                                            \n                                <picture>\n                                    <source media=\"(min-width: 769px)\" srcset=\"https:\/\/www.smyrilline.com\/wp-content\/uploads\/2025\/02\/Landmannalaugar-hot-spring-1920x1325-1-e1738853218423-600x890.jpg\">\n                                    <img src=\"https:\/\/www.smyrilline.com\/wp-content\/uploads\/2025\/02\/Landmannalaugar-hot-spring-1920x1325-1-e1738853218423-360x506.jpg\" \n                                        alt=\"Landmannalaugar-hot-spring-1920x1325-1-e1738853218423.jpg\" \n                                        class=\"shortcut-image\" \n                                        loading=\"lazy\" \n                                        decoding=\"async\">\n                                <\/picture>\n                                                    <\/a>\n                    \n                                        <\/div>\n\n                    <div class=\"swiper-scrollbar\"><\/div>\n                                <\/div>\n                        <\/div>\n\n\n<div style=\"height:80px\" aria-hidden=\"true\" class=\"wp-block-spacer\"><\/div>\n\n\n\n<div class=\"wp-block-media-text alignwide has-media-on-the-right is-stacked-on-mobile is-vertically-aligned-center\"><div class=\"wp-block-media-text__content\">\n<h2 id=\"h-begin-in-oost-ijsland\" class=\"wp-block-heading\" style=\"margin-top:var(--wp--preset--spacing--30);margin-bottom:var(--wp--preset--spacing--30);padding-top:0;padding-bottom:0\">Begin in Oost-IJsland<\/h2>\n\n\n\n<p class=\"wp-block-paragraph\">Je camperreis door IJsland begint in het rustige havenstadje Sey\u00f0isfj\u00f6r\u00f0ur.<\/p>\n\n\n\n<p class=\"wp-block-paragraph\">Oost-IJsland is de perfecte plek om te wennen aan het leven onderweg met de camper. Rustige wegen, spectaculaire fjorden en gastvrije dorpjes nodigen je uit om vanaf het begin de tijd te nemen.<\/p>\n\n\n\n<p class=\"wp-block-paragraph\">Wandel naar Hengifoss, bewonder de indrukwekkende basaltformaties van Stu\u00f0lagil Canyon, ontspan in V\u00f6k Baths of volg gewoon de kronkelende wegen langs de sfeervolle dorpjes van de Oostfjorden voordat je een camping met een prachtig uitzicht uitkiest.<\/p>\n\n\n\n<p class=\"wp-block-paragraph\">Door je reis in Oost-IJsland te beginnen, heb je alle tijd om in het ritme van je campervakantie te komen en eerst een van de rustigste en meest authentieke regio\u2019s van het land te ontdekken voordat je verder door IJsland reist.<\/p>\n<\/div><figure class=\"wp-block-media-text__media\"><img loading=\"lazy\" decoding=\"async\" width=\"1600\" height=\"1066\" src=\"https:\/\/www.smyrilline.com\/wp-content\/smush-webp\/2025\/02\/@hannes_becker40-Gron-1600px.jpg.webp\" alt=\"\" class=\"wp-image-3928 size-full\" srcset=\"https:\/\/www.smyrilline.com\/wp-content\/smush-webp\/2025\/02\/@hannes_becker40-Gron-1600px.jpg.webp 1600w, https:\/\/www.smyrilline.com\/wp-content\/uploads\/2025\/02\/@hannes_becker40-Gron-1600px-340x227.jpg 340w, https:\/\/www.smyrilline.com\/wp-content\/smush-webp\/2025\/02\/@hannes_becker40-Gron-1600px-800x533.jpg.webp 800w, https:\/\/www.smyrilline.com\/wp-content\/smush-webp\/2025\/02\/@hannes_becker40-Gron-1600px-768x512.jpg.webp 768w, https:\/\/www.smyrilline.com\/wp-content\/smush-webp\/2025\/02\/@hannes_becker40-Gron-1600px-1536x1023.jpg.webp 1536w, https:\/\/www.smyrilline.com\/wp-content\/uploads\/2025\/02\/@hannes_becker40-Gron-1600px-1024x682.jpg 1024w, https:\/\/www.smyrilline.com\/wp-content\/uploads\/2025\/02\/@hannes_becker40-Gron-1600px-1280x853.jpg 1280w\" sizes=\"auto, (max-width: 1600px) 100vw, 1600px\" \/><\/figure><\/div>\n\n\n\n<div style=\"height:80px\" aria-hidden=\"true\" class=\"wp-block-spacer\"><\/div>\n\n\n\n<div class=\"wp-block-media-text alignwide is-stacked-on-mobile is-vertically-aligned-center\"><figure class=\"wp-block-media-text__media\"><img loading=\"lazy\" decoding=\"async\" width=\"1600\" height=\"1067\" src=\"https:\/\/www.smyrilline.com\/wp-content\/smush-webp\/2026\/07\/Car_Iceland-Daniel-Ernst-Smyril_064-1600px.jpg.webp\" alt=\"\" class=\"wp-image-33191 size-full\" srcset=\"https:\/\/www.smyrilline.com\/wp-content\/smush-webp\/2026\/07\/Car_Iceland-Daniel-Ernst-Smyril_064-1600px.jpg.webp 1600w, https:\/\/www.smyrilline.com\/wp-content\/smush-webp\/2026\/07\/Car_Iceland-Daniel-Ernst-Smyril_064-1600px-800x534.jpg.webp 800w, https:\/\/www.smyrilline.com\/wp-content\/smush-webp\/2026\/07\/Car_Iceland-Daniel-Ernst-Smyril_064-1600px-768x512.jpg.webp 768w, https:\/\/www.smyrilline.com\/wp-content\/smush-webp\/2026\/07\/Car_Iceland-Daniel-Ernst-Smyril_064-1600px-1536x1024.jpg.webp 1536w, https:\/\/www.smyrilline.com\/wp-content\/smush-webp\/2026\/07\/Car_Iceland-Daniel-Ernst-Smyril_064-1600px-340x227.jpg.webp 340w, https:\/\/www.smyrilline.com\/wp-content\/smush-webp\/2026\/07\/Car_Iceland-Daniel-Ernst-Smyril_064-1600px-1024x683.jpg.webp 1024w, https:\/\/www.smyrilline.com\/wp-content\/smush-webp\/2026\/07\/Car_Iceland-Daniel-Ernst-Smyril_064-1600px-1280x854.jpg.webp 1280w\" sizes=\"auto, (max-width: 1600px) 100vw, 1600px\" \/><\/figure><div class=\"wp-block-media-text__content\">\n<h2 id=\"h-praktische-informatie\" class=\"wp-block-heading\" style=\"margin-top:var(--wp--preset--spacing--30);margin-bottom:var(--wp--preset--spacing--30);padding-top:0;padding-bottom:0\">Praktische informatie<\/h2>\n\n\n\n<p class=\"wp-block-paragraph\" style=\"margin-top:0;margin-bottom:0;padding-top:0;padding-bottom:0\">Met een beetje voorbereiding haal je nog meer uit je campervakantie in IJsland.<\/p>\n\n\n\n<p class=\"wp-block-paragraph\">Controleer voor vertrek:<\/p>\n\n\n\n<ul class=\"wp-block-list\">\n<li>Openingsdata van campings<\/li>\n\n\n\n<li>Weg- en weersomstandigheden<\/li>\n\n\n\n<li>Benodigdheden voor elektriciteitsaansluitingen<\/li>\n\n\n\n<li>Voorzieningen voor vers water en afvalwater<\/li>\n\n\n\n<li>Beschikbaarheid van gas<\/li>\n\n\n\n<li>De afmetingen van je camper bij het boeken van de overtocht<\/li>\n<\/ul>\n\n\n\n<p class=\"wp-block-paragraph\">Zelfs met een goed geplande route is het verstandig om ruimte te laten voor het onverwachte. Het weer in IJsland kan snel omslaan en sommige van de mooiste momenten ontstaan juist wanneer je ergens wat langer blijft of spontaan een andere weg inslaat.<\/p>\n<\/div><\/div>\n\n\n\n<div style=\"height:70px\" aria-hidden=\"true\" class=\"wp-block-spacer\"><\/div>\n\n\n\n<div class=\"wp-block-group alignfull has-yellow-50-background-color has-background has-global-padding is-layout-constrained wp-block-group-is-layout-constrained\">\n<div style=\"height:var(--wp--preset--spacing--50)\" aria-hidden=\"true\" class=\"wp-block-spacer\"><\/div>\n\n\n\n<h2 class=\"wp-block-heading has-text-align-center\" id=\"h-plan-je-campervakantie\">Plan je <br>campervakantie<\/h2>\n\n\n\n<div style=\"height:20px\" aria-hidden=\"true\" class=\"wp-block-spacer\"><\/div>\n\n\n\n<div class=\"wp-block-columns alignwide is-layout-flex wp-container-core-columns-is-layout-794e3cfa wp-block-columns-is-layout-flex\">\n<div class=\"wp-block-column is-layout-flow wp-block-column-is-layout-flow\">\n<figure class=\"wp-block-image aligncenter size-full is-resized\"><img loading=\"lazy\" decoding=\"async\" width=\"1254\" height=\"1254\" src=\"https:\/\/www.smyrilline.com\/wp-content\/smush-webp\/2026\/07\/1.png.webp\" alt=\"\" class=\"wp-image-33160\" style=\"width:85px;height:auto\" srcset=\"https:\/\/www.smyrilline.com\/wp-content\/smush-webp\/2026\/07\/1.png.webp 1254w, https:\/\/www.smyrilline.com\/wp-content\/smush-webp\/2026\/07\/1-800x800.png.webp 800w, https:\/\/www.smyrilline.com\/wp-content\/smush-webp\/2026\/07\/1-300x300.png.webp 300w, https:\/\/www.smyrilline.com\/wp-content\/smush-webp\/2026\/07\/1-768x768.png.webp 768w, https:\/\/www.smyrilline.com\/wp-content\/smush-webp\/2026\/07\/1-340x340.png.webp 340w, https:\/\/www.smyrilline.com\/wp-content\/smush-webp\/2026\/07\/1-1024x1024.png.webp 1024w\" sizes=\"auto, (max-width: 1254px) 100vw, 1254px\" \/><\/figure>\n\n\n\n<h5 class=\"wp-block-heading has-text-align-center\" id=\"h-beste-reistijd\">Beste reistijd<\/h5>\n\n\n\n<p class=\"has-text-align-center wp-block-paragraph\">Van het late voorjaar tot het begin van de herfst is doorgaans de beste reistijd voor een campervakantie in IJsland. De dagen zijn lang, veel campings zijn geopend en de meeste wegen zijn toegankelijk.<\/p>\n<\/div>\n\n\n\n<div class=\"wp-block-column is-layout-flow wp-block-column-is-layout-flow\">\n<figure class=\"wp-block-image aligncenter size-full is-resized\"><img loading=\"lazy\" decoding=\"async\" width=\"1254\" height=\"1254\" src=\"https:\/\/www.smyrilline.com\/wp-content\/smush-webp\/2026\/07\/7.png.webp\" alt=\"\" class=\"wp-image-33593\" style=\"width:85px;height:auto\" srcset=\"https:\/\/www.smyrilline.com\/wp-content\/smush-webp\/2026\/07\/7.png.webp 1254w, https:\/\/www.smyrilline.com\/wp-content\/smush-webp\/2026\/07\/7-800x800.png.webp 800w, https:\/\/www.smyrilline.com\/wp-content\/smush-webp\/2026\/07\/7-300x300.png.webp 300w, https:\/\/www.smyrilline.com\/wp-content\/smush-webp\/2026\/07\/7-768x768.png.webp 768w, https:\/\/www.smyrilline.com\/wp-content\/smush-webp\/2026\/07\/7-340x340.png.webp 340w, https:\/\/www.smyrilline.com\/wp-content\/smush-webp\/2026\/07\/7-1024x1024.png.webp 1024w\" sizes=\"auto, (max-width: 1254px) 100vw, 1254px\" \/><\/figure>\n\n\n\n<h5 class=\"wp-block-heading has-text-align-center\" id=\"h-campings\">Campings<\/h5>\n\n\n\n<p class=\"has-text-align-center wp-block-paragraph\">Verspreid over heel IJsland vind je campings, van eenvoudige kampeerterreinen tot grotere campings met douches, elektriciteit en andere voorzieningen.<\/p>\n<\/div>\n\n\n\n<div class=\"wp-block-column is-layout-flow wp-block-column-is-layout-flow\">\n<figure class=\"wp-block-image aligncenter size-full is-resized\"><img loading=\"lazy\" decoding=\"async\" width=\"1254\" height=\"1254\" src=\"https:\/\/www.smyrilline.com\/wp-content\/smush-webp\/2026\/07\/3.png.webp\" alt=\"\" class=\"wp-image-33158\" style=\"width:85px;height:auto\" srcset=\"https:\/\/www.smyrilline.com\/wp-content\/smush-webp\/2026\/07\/3.png.webp 1254w, https:\/\/www.smyrilline.com\/wp-content\/smush-webp\/2026\/07\/3-800x800.png.webp 800w, https:\/\/www.smyrilline.com\/wp-content\/smush-webp\/2026\/07\/3-300x300.png.webp 300w, https:\/\/www.smyrilline.com\/wp-content\/smush-webp\/2026\/07\/3-768x768.png.webp 768w, https:\/\/www.smyrilline.com\/wp-content\/smush-webp\/2026\/07\/3-340x340.png.webp 340w, https:\/\/www.smyrilline.com\/wp-content\/smush-webp\/2026\/07\/3-1024x1024.png.webp 1024w\" sizes=\"auto, (max-width: 1254px) 100vw, 1254px\" \/><\/figure>\n\n\n\n<h5 class=\"wp-block-heading has-text-align-center\" id=\"h-weer\">Weer<\/h5>\n\n\n\n<p class=\"has-text-align-center wp-block-paragraph\">Het weer kan snel veranderen. Neem daarom kleding mee voor uiteenlopende weersomstandigheden en houd je reisplanning flexibel.<\/p>\n<\/div>\n\n\n\n<div class=\"wp-block-column is-layout-flow wp-block-column-is-layout-flow\">\n<figure class=\"wp-block-image aligncenter size-full is-resized\"><img loading=\"lazy\" decoding=\"async\" width=\"1254\" height=\"1254\" src=\"https:\/\/www.smyrilline.com\/wp-content\/smush-webp\/2026\/07\/5.png.webp\" alt=\"\" class=\"wp-image-33157\" style=\"width:85px;height:auto\" srcset=\"https:\/\/www.smyrilline.com\/wp-content\/smush-webp\/2026\/07\/5.png.webp 1254w, https:\/\/www.smyrilline.com\/wp-content\/smush-webp\/2026\/07\/5-800x800.png.webp 800w, https:\/\/www.smyrilline.com\/wp-content\/smush-webp\/2026\/07\/5-300x300.png.webp 300w, https:\/\/www.smyrilline.com\/wp-content\/smush-webp\/2026\/07\/5-768x768.png.webp 768w, https:\/\/www.smyrilline.com\/wp-content\/smush-webp\/2026\/07\/5-340x340.png.webp 340w, https:\/\/www.smyrilline.com\/wp-content\/smush-webp\/2026\/07\/5-1024x1024.png.webp 1024w\" sizes=\"auto, (max-width: 1254px) 100vw, 1254px\" \/><\/figure>\n\n\n\n<h5 class=\"wp-block-heading has-text-align-center\" id=\"h-wegen\">Wegen<\/h5>\n\n\n\n<p class=\"has-text-align-center wp-block-paragraph\">De meeste campers zijn prima geschikt voor de Ringweg van IJsland en andere openbare wegen. F-wegen zijn uitsluitend toegankelijk voor daarvoor geschikte 4&#215;4-voertuigen en zijn doorgaans alleen in de zomermaanden geopend.<\/p>\n<\/div>\n\n\n\n<div class=\"wp-block-column is-layout-flow wp-block-column-is-layout-flow\">\n<figure class=\"wp-block-image aligncenter size-full is-resized\"><img loading=\"lazy\" decoding=\"async\" width=\"1254\" height=\"1254\" src=\"https:\/\/www.smyrilline.com\/wp-content\/smush-webp\/2026\/07\/2.png.webp\" alt=\"\" class=\"wp-image-33159\" style=\"width:85px;height:auto\" srcset=\"https:\/\/www.smyrilline.com\/wp-content\/smush-webp\/2026\/07\/2.png.webp 1254w, https:\/\/www.smyrilline.com\/wp-content\/smush-webp\/2026\/07\/2-800x800.png.webp 800w, https:\/\/www.smyrilline.com\/wp-content\/smush-webp\/2026\/07\/2-300x300.png.webp 300w, https:\/\/www.smyrilline.com\/wp-content\/smush-webp\/2026\/07\/2-768x768.png.webp 768w, https:\/\/www.smyrilline.com\/wp-content\/smush-webp\/2026\/07\/2-340x340.png.webp 340w, https:\/\/www.smyrilline.com\/wp-content\/smush-webp\/2026\/07\/2-1024x1024.png.webp 1024w\" sizes=\"auto, (max-width: 1254px) 100vw, 1254px\" \/><\/figure>\n\n\n\n<h5 class=\"wp-block-heading has-text-align-center\" id=\"h-rijafstanden\">Rijafstanden<\/h5>\n\n\n\n<p class=\"has-text-align-center wp-block-paragraph\">Afstanden lijken op de kaart soms kort, maar IJsland beleef je het best in een rustig tempo. Trek voldoende tijd uit voor bezienswaardigheden, wandelingen en spontane stops onderweg.<\/p>\n<\/div>\n\n\n\n<div class=\"wp-block-column is-layout-flow wp-block-column-is-layout-flow\">\n<figure class=\"wp-block-image aligncenter size-full is-resized\"><img loading=\"lazy\" decoding=\"async\" width=\"1254\" height=\"1254\" src=\"https:\/\/www.smyrilline.com\/wp-content\/smush-webp\/2026\/07\/6.png.webp\" alt=\"\" class=\"wp-image-33156\" style=\"width:85px;height:auto\" srcset=\"https:\/\/www.smyrilline.com\/wp-content\/smush-webp\/2026\/07\/6.png.webp 1254w, https:\/\/www.smyrilline.com\/wp-content\/smush-webp\/2026\/07\/6-800x800.png.webp 800w, https:\/\/www.smyrilline.com\/wp-content\/smush-webp\/2026\/07\/6-300x300.png.webp 300w, https:\/\/www.smyrilline.com\/wp-content\/smush-webp\/2026\/07\/6-768x768.png.webp 768w, https:\/\/www.smyrilline.com\/wp-content\/smush-webp\/2026\/07\/6-340x340.png.webp 340w, https:\/\/www.smyrilline.com\/wp-content\/smush-webp\/2026\/07\/6-1024x1024.png.webp 1024w\" sizes=\"auto, (max-width: 1254px) 100vw, 1254px\" \/><\/figure>\n\n\n\n<h5 class=\"wp-block-heading has-text-align-center\" id=\"h-wat-neem-je-mee-nbsp\">Wat neem je mee?&nbsp;<\/h5>\n\n\n\n<p class=\"has-text-align-center wp-block-paragraph\">\u00b7 Warme kleding in laagjes<br>\u00b7 Waterdichte kleding<br>\u00b7 Wandelschoenen<br>\u00b7 Zwemkleding<br>\u00b7 Powerbank<\/p>\n<\/div>\n<\/div>\n\n\n\n<div style=\"height:var(--wp--preset--spacing--50)\" aria-hidden=\"true\" class=\"wp-block-spacer\"><\/div>\n<\/div>\n\n\n\n<div style=\"height:70px\" aria-hidden=\"true\" class=\"wp-block-spacer\"><\/div>\n\n\n\n<h2 id=\"h-waarom-met-de-ferry-naar-ijsland\" class=\"wp-block-heading\">Waarom met de ferry naar IJsland?<\/h2>\n\n\n\n<p class=\"wp-block-paragraph\">Met de ferry naar IJsland reizen draait om meer dan alleen het bereiken van je bestemming. De overtocht wordt onderdeel van je vakantie en geeft je de tijd om te ontspannen, te genieten van het leven aan boord en uitgerust aan je avontuur te beginnen.<\/p>\n\n\n\n<p class=\"wp-block-paragraph\">Verblijf in comfortabele cabines, geniet van lekker eten en een panoramisch uitzicht over zee. En als je wilt, kun je onderweg ook een tussenstop op de Faer\u00f6er maken. Je komt uitgerust aan in Sey\u00f0isfj\u00f6r\u00f0ur, klaar om IJsland met je eigen camper te ontdekken.<\/p>\n\n\n\n<div class=\"wp-block-buttons is-layout-flex wp-block-buttons-is-layout-flex\">\n<div class=\"wp-block-button\"><a class=\"wp-block-button__link has-base-dark-color has-yellow-500-background-color has-text-color has-background has-link-color wp-element-button\" href=\"https:\/\/booking.smyrilline.fo\/nl\/book\/\" target=\"_blank\" rel=\"noopener\">Vind de prijzen &amp; boek<\/a><\/div>\n<\/div>\n\n\n\n<div style=\"height:40px\" aria-hidden=\"true\" class=\"wp-block-spacer\"><\/div>\n\n\n\n<div id=\"shortcuts_block_c2f47ad1d3ffbd6d1eda3eb6ce8f0d57\" class=\"lunnar-shortcuts alignwide shortcuts-swiper\">\n    \n                            <div class=\"shortcuts-list items-3\" style=\"width: calc(100% - 30px) !important;\">\n                \n                                    <div class=\"swiper-wrapper\">\n                    \n                    \n                        \n                        <a href=\"https:\/\/www.smyrilline.com\/nl\/norrona\/#cabines\" target=\"\" class=\"shortcuts-item swiper-slide\">\n                            <h3 class=\"shortcuts-item-title\">Comfortabele cabines<\/h3>\n\n                            <div class=\"shortcuts-item-arrow\"><img decoding=\"async\" src=\"https:\/\/www.smyrilline.com\/wp-content\/themes\/lunnar-smyrilline\/images\/icon-circle-arrow.svg\" class=\"injectable\" alt=\"icon-circle-arrow\" loading=\"lazy\" \/><\/div>\n\n                            \n                                                                                            \n                                <picture>\n                                    <source media=\"(min-width: 769px)\" srcset=\"https:\/\/www.smyrilline.com\/wp-content\/uploads\/2026\/06\/Nordic_Deluxe-5-1200px-e1782903365486-600x801.jpg\">\n                                    <img src=\"https:\/\/www.smyrilline.com\/wp-content\/uploads\/2026\/06\/Nordic_Deluxe-5-1200px-e1782903365486-360x506.jpg\" \n                                        alt=\"Nordic_Deluxe-5-1200px-e1782903365486.jpg\" \n                                        class=\"shortcut-image\" \n                                        loading=\"lazy\" \n                                        decoding=\"async\">\n                                <\/picture>\n                                                    <\/a>\n                    \n                        \n                        <a href=\"https:\/\/www.smyrilline.com\/nl\/norrona\/#restaurants-cafes\" target=\"\" class=\"shortcuts-item swiper-slide\">\n                            <h3 class=\"shortcuts-item-title\">Restaurants &#038; uitzicht op zee<\/h3>\n\n                            <div class=\"shortcuts-item-arrow\"><img decoding=\"async\" src=\"https:\/\/www.smyrilline.com\/wp-content\/themes\/lunnar-smyrilline\/images\/icon-circle-arrow.svg\" class=\"injectable\" alt=\"icon-circle-arrow\" loading=\"lazy\" \/><\/div>\n\n                            \n                                                                                            \n                                <picture>\n                                    <source media=\"(min-width: 769px)\" srcset=\"https:\/\/www.smyrilline.com\/wp-content\/smush-webp\/2026\/05\/Laterna_Magica-Beinta_og_Heri-Hanna-_QQL8287-view-copy-1-600x890.jpg.webp\">\n                                    <img src=\"https:\/\/www.smyrilline.com\/wp-content\/smush-webp\/2026\/05\/Laterna_Magica-Beinta_og_Heri-Hanna-_QQL8287-view-copy-1-360x506.jpg.webp\" \n                                        alt=\"Laterna_Magica-Beinta_og_Heri-Hanna-_QQL8287-view-copy-1.jpg\" \n                                        class=\"shortcut-image\" \n                                        loading=\"lazy\" \n                                        decoding=\"async\">\n                                <\/picture>\n                                                    <\/a>\n                    \n                        \n                        <a href=\"https:\/\/www.smyrilline.com\/nl\/ijsland-faeroer-eilanden\/\" target=\"\" class=\"shortcuts-item swiper-slide\">\n                            <h3 class=\"shortcuts-item-title\">Optionele tussenstop op de Faer\u00f6er<\/h3>\n\n                            <div class=\"shortcuts-item-arrow\"><img decoding=\"async\" src=\"https:\/\/www.smyrilline.com\/wp-content\/themes\/lunnar-smyrilline\/images\/icon-circle-arrow.svg\" class=\"injectable\" alt=\"icon-circle-arrow\" loading=\"lazy\" \/><\/div>\n\n                            \n                                                                                            \n                                <picture>\n                                    <source media=\"(min-width: 769px)\" srcset=\"https:\/\/www.smyrilline.com\/wp-content\/smush-webp\/2025\/06\/Camping-thumbnail-600x890.jpg.webp\">\n                                    <img src=\"https:\/\/www.smyrilline.com\/wp-content\/smush-webp\/2025\/06\/Camping-thumbnail-360x506.jpg.webp\" \n                                        alt=\"Camping-thumbnail.jpg\" \n                                        class=\"shortcut-image\" \n                                        loading=\"lazy\" \n                                        decoding=\"async\">\n                                <\/picture>\n                                                    <\/a>\n                    \n                                        <\/div>\n\n                    <div class=\"swiper-scrollbar\"><\/div>\n                                <\/div>\n                        <\/div>\n\n\n<div style=\"height:100px\" aria-hidden=\"true\" class=\"wp-block-spacer\"><\/div>\n\n\n\n<div class=\"wp-block-group alignfull has-black-50-background-color has-background has-global-padding is-layout-constrained wp-block-group-is-layout-constrained\">\n<div style=\"height:40px\" aria-hidden=\"true\" class=\"wp-block-spacer\"><\/div>\n\n\n\n<h2 id=\"h-faq\" class=\"wp-block-heading\">FAQ<\/h2>\n\n\n\n<div style=\"height:40px\" aria-hidden=\"true\" class=\"wp-block-spacer\"><\/div>\n\n\n\n<details class=\"wp-block-details is-layout-flow wp-block-details-is-layout-flow\"><summary><strong><strong><strong>Reizen met je camper<\/strong><\/strong><\/strong>&nbsp;<\/summary>\n<p class=\"wp-block-paragraph\"><strong>Kan ik mijn eigen camper meenemen naar IJsland?<\/strong><br>Ja. Neem je eigen camper mee aan boord van Norr\u00f6na en begin je avontuur in IJsland zodra je aankomt in Sey\u00f0isfj\u00f6r\u00f0ur. Met je eigen voertuig heb je de vrijheid om het land in je eigen tempo te ontdekken, met alle vertrouwde gemakken van thuis.<br><br><strong>Waarom zou ik mijn eigen camper meenemen in plaats van er een te huren in IJsland?<\/strong><br>Met je eigen camper kun je direct na aankomst in IJsland op pad. Alles is al ingepakt en ligt precies waar jij het wilt hebben. Je rijdt van boord en kunt meteen genieten van de vrijheid om IJsland in je eigen tempo te ontdekken.<br><br><strong>Welke soorten campers kan ik meenemen aan boord van Norr\u00f6na?<\/strong><br>Norr\u00f6na biedt plaats aan verschillende soorten campers en kampeerauto\u2019s. Vul bij het boeken eenvoudig de afmetingen van je voertuig in om het juiste tarief te krijgen.<br><br><strong>Wanneer is de beste tijd om met een camper naar IJsland te reizen?<\/strong><br>Het kampeerseizoen loopt doorgaans van het late voorjaar tot het begin van de herfst. In deze maanden zijn de dagen langer, de temperaturen milder en zijn de meeste wegen en campings toegankelijk.<\/p>\n<\/details>\n\n\n\n<details class=\"wp-block-details is-layout-flow wp-block-details-is-layout-flow\"><summary><strong>Aan boord met je camper<\/strong><\/summary>\n<p class=\"wp-block-paragraph\"><strong>Kan ik tijdens de overtocht elektriciteit gebruiken in mijn camper?<\/strong><br>Nee. Het opladen van accu\u2019s in campers, kampeerauto\u2019s en caravans is aan boord niet toegestaan. Om veiligheidsredenen is het autodek tijdens de overtocht gesloten. Zorg er daarom voor dat je v\u00f3\u00f3r vertrek alles wat je tijdens de overtocht nodig hebt uit je camper haalt.<br><br><strong>Kan ik tijdens de overtocht gas gebruiken in mijn camper?<\/strong><br>Nee. Gasapparatuur mag aan boord niet worden gebruikt. Reis je met gasflessen, dan moeten deze bij het inchecken worden aangegeven en tijdens de overtocht afgesloten blijven.<br><br><strong>Kan ik tijdens de overtocht bij mijn camper?<\/strong><br>Nee. Om veiligheidsredenen is het autodek gesloten wanneer Norr\u00f6na op zee is. Zorg er v\u00f3\u00f3r het inschepen voor dat je alles wat je in je hut nodig hebt bij je hebt, waaronder kleding, medicijnen en andere benodigdheden.<\/p>\n<\/details>\n\n\n\n<details class=\"wp-block-details is-layout-flow wp-block-details-is-layout-flow\"><summary>Kamperen in IJsland<\/summary>\n<p class=\"wp-block-paragraph\"><strong>Waar kan ik met mijn camper overnachten?<\/strong><br>In heel IJsland zijn campings te vinden, waardoor je gemakkelijk iedere regio kunt ontdekken. Het aanbod varieert van kleine campings op prachtige locaties tot grotere campings met uitgebreide voorzieningen.<br><br><strong>Mag ik wildkamperen in IJsland?<\/strong><br>Wildkamperen met campers en kampeerauto\u2019s is over het algemeen niet toegestaan. Overnachten doe je op aangewezen campings. Zo help je mee om de unieke natuur van IJsland te beschermen.<br><br><strong>Welke voorzieningen hebben campings in IJsland?<\/strong><br>De meeste campings beschikken over basisvoorzieningen zoals toiletten, douches, vers water en mogelijkheden om afvalwater te lozen. Veel campings bieden daarnaast elektriciteit, kookfaciliteiten en wasvoorzieningen, al verschilt het aanbod per camping.<br><br><strong>Moet ik campings vooraf reserveren?<\/strong><br>Buiten het drukke zomerseizoen kun je op veel campings terecht zonder vooraf te reserveren. Tijdens de drukste maanden is het echter verstandig om vooruit te boeken, vooral op populaire bestemmingen.<\/p>\n<\/details>\n\n\n\n<details class=\"wp-block-details is-layout-flow wp-block-details-is-layout-flow\"><summary>Rijden en plannen<\/summary>\n<p class=\"wp-block-paragraph\"><strong>Kan ik met mijn camper overal in IJsland rijden?<\/strong><br>De meeste campers zijn prima geschikt voor de Ringweg en andere openbare wegen. De bergwegen, de zogenaamde F-wegen, zijn uitsluitend toegankelijk voor geschikte 4&#215;4-voertuigen en zijn doorgaans alleen tijdens de zomermaanden geopend.<br><br><strong>Hoe bereid ik me voor op het IJslandse weer?<\/strong><br>Het weer in IJsland kan snel veranderen, zelfs in de zomer. Neem kleding mee voor verschillende weersomstandigheden, controleer regelmatig de weersverwachting en houd je reisplannen flexibel.<br><br><strong>Wat moet ik meenemen voor een camperreis door IJsland?<\/strong><br>Neem warme kleding in laagjes, waterdichte kleding, stevige wandelschoenen en zwemkleding voor de geothermische baden van IJsland mee. Ook een herbruikbare waterfles, powerbank en wat boodschappen voor het begin van je reis komen goed van pas.<br><strong><br>Hoeveel kilometer kan ik het beste per dag rijden?<\/strong><br>Hoewel de afstanden op de kaart soms kort lijken, valt er onderweg ontzettend veel te beleven. Veel reizigers vinden ongeveer 150\u2013250 kilometer per dag een prettig tempo. Zo heb je voldoende tijd om van het landschap te genieten, bezienswaardigheden te bezoeken en onderweg spontaan ergens te stoppen.<\/p>\n<\/details>\n\n\n\n<div style=\"height:40px\" aria-hidden=\"true\" class=\"wp-block-spacer\"><\/div>\n<\/div>\n\n\n\n<div style=\"height:100px\" aria-hidden=\"true\" class=\"wp-block-spacer\"><\/div>\n\n\n\n<div class=\"wp-block-media-text alignwide is-stacked-on-mobile is-vertically-aligned-center\"><figure class=\"wp-block-media-text__media\"><img loading=\"lazy\" decoding=\"async\" width=\"1600\" height=\"1068\" src=\"https:\/\/www.smyrilline.com\/wp-content\/smush-webp\/2026\/07\/Icelandxfrauki26-1600px.jpg.webp\" alt=\"\" class=\"wp-image-33208 size-full\" srcset=\"https:\/\/www.smyrilline.com\/wp-content\/smush-webp\/2026\/07\/Icelandxfrauki26-1600px.jpg.webp 1600w, https:\/\/www.smyrilline.com\/wp-content\/smush-webp\/2026\/07\/Icelandxfrauki26-1600px-800x534.jpg.webp 800w, https:\/\/www.smyrilline.com\/wp-content\/smush-webp\/2026\/07\/Icelandxfrauki26-1600px-768x513.jpg.webp 768w, https:\/\/www.smyrilline.com\/wp-content\/smush-webp\/2026\/07\/Icelandxfrauki26-1600px-1536x1025.jpg.webp 1536w, https:\/\/www.smyrilline.com\/wp-content\/smush-webp\/2026\/07\/Icelandxfrauki26-1600px-340x227.jpg.webp 340w, https:\/\/www.smyrilline.com\/wp-content\/smush-webp\/2026\/07\/Icelandxfrauki26-1600px-1024x684.jpg.webp 1024w, https:\/\/www.smyrilline.com\/wp-content\/smush-webp\/2026\/07\/Icelandxfrauki26-1600px-1280x854.jpg.webp 1280w\" sizes=\"auto, (max-width: 1600px) 100vw, 1600px\" \/><\/figure><div class=\"wp-block-media-text__content\">\n<h3 id=\"h-begin-je-campervakantie-in-ijsland\" class=\"wp-block-heading is-style-heading-h2-size is-style-heading-h2-size--4\" style=\"margin-top:var(--wp--preset--spacing--30);margin-bottom:var(--wp--preset--spacing--30)\">Begin je campervakantie in IJsland<\/h3>\n\n\n\n<p class=\"wp-block-paragraph\" id=\"h-start-your-iceland-road-trip\">Word wakker tussen watervallen, gletsjers en indrukwekkende fjorden. Neem je eigen camper mee aan boord van Norr\u00f6na en ontdek IJsland met de camper in je eigen tempo. Blijf waar het landschap je raakt, geniet van het comfort van je eigen camper en word iedere ochtend wakker met een nieuw uitzicht.<\/p>\n\n\n\n<div style=\"height:10px\" aria-hidden=\"true\" class=\"wp-block-spacer\"><\/div>\n\n\n\n<div class=\"wp-block-buttons is-layout-flex wp-block-buttons-is-layout-flex\">\n<div class=\"wp-block-button\"><a class=\"wp-block-button__link has-black-600-color has-yellow-500-background-color has-text-color has-background has-link-color wp-element-button\" href=\"https:\/\/booking.smyrilline.fo\/nl\/book\/\" target=\"_blank\" rel=\"noreferrer noopener\">Vind de prijzen &amp; boek<\/a><\/div>\n<\/div>\n<\/div><\/div>\n\n\n\n<div style=\"height:140px\" aria-hidden=\"true\" class=\"wp-block-spacer\"><\/div>\n\n\n\n<p class=\"wp-block-paragraph\"><\/p>\n","protected":false},"excerpt":{"rendered":"<p>Word elke dag wakker op een nieuwe plek Met de camper naar IJsland reizen heeft iets bijzonders. De ene ochtend word je wakker aan een rustige fjord, de volgende tussen watervallen of vulkanische landschappen. Met je eigen camper geniet je elke dag van een nieuw uitzicht en heb je de vrijheid om zelf te bepalen [&hellip;]<\/p>\n","protected":false},"author":5,"featured_media":33172,"parent":0,"menu_order":0,"comment_status":"closed","ping_status":"closed","template":"page-no-title","meta":{"_acf_changed":false,"footnotes":""},"class_list":["post-34507","page","type-page","status-publish","has-post-thumbnail","hentry"],"acf":[],"yoast_head":"<!-- This site is optimized with the Yoast SEO Premium plugin v28.3 (Yoast SEO v28.3) - https:\/\/yoast.com\/product\/yoast-seo-premium-wordpress\/ -->\n<title>Met de camper naar IJsland - Smyril Line<\/title>\n<meta name=\"description\" content=\"Neem je eigen camper mee naar IJsland met Smyril Line. Reis per ferry vanuit Denemarken en ontdek IJsland in alle vrijheid met je eigen camper.\" \/>\n<meta name=\"robots\" content=\"index, follow, max-snippet:-1, max-image-preview:large, max-video-preview:-1\" \/>\n<link rel=\"canonical\" href=\"https:\/\/www.smyrilline.com\/nl\/ijsland-met-de-camper\/\" \/>\n<meta property=\"og:locale\" content=\"nl_NL\" \/>\n<meta property=\"og:type\" content=\"article\" \/>\n<meta property=\"og:title\" content=\"IJsland met de camper\" \/>\n<meta property=\"og:description\" content=\"Neem je eigen camper mee naar IJsland met Smyril Line. Reis per ferry vanuit Denemarken en ontdek IJsland in alle vrijheid met je eigen camper.\" \/>\n<meta property=\"og:url\" content=\"https:\/\/www.smyrilline.com\/nl\/ijsland-met-de-camper\/\" \/>\n<meta property=\"og:site_name\" content=\"Smyril Line\" \/>\n<meta property=\"article:publisher\" content=\"https:\/\/www.facebook.com\/smyrilline.int\/\" \/>\n<meta property=\"article:modified_time\" content=\"2026-08-28T10:00:15+00:00\" \/>\n<meta property=\"og:image\" content=\"https:\/\/www.smyrilline.com\/wp-content\/uploads\/2026\/07\/Smyril_008-copy-2-1600x960.jpg\" \/>\n\t<meta property=\"og:image:width\" content=\"1600\" \/>\n\t<meta property=\"og:image:height\" content=\"960\" \/>\n\t<meta property=\"og:image:type\" content=\"image\/jpeg\" \/>\n<meta name=\"twitter:card\" content=\"summary_large_image\" \/>\n<meta name=\"twitter:label1\" content=\"Geschatte leestijd\" \/>\n\t<meta name=\"twitter:data1\" content=\"1 minuut\" \/>\n<script type=\"application\/ld+json\" class=\"yoast-schema-graph\">{\"@context\":\"https:\\\/\\\/schema.org\",\"@graph\":[{\"@type\":\"WebPage\",\"@id\":\"https:\\\/\\\/www.smyrilline.com\\\/nl\\\/ijsland-met-de-camper\\\/\",\"url\":\"https:\\\/\\\/www.smyrilline.com\\\/nl\\\/ijsland-met-de-camper\\\/\",\"name\":\"Met de camper naar IJsland - Smyril Line\",\"isPartOf\":{\"@id\":\"https:\\\/\\\/www.smyrilline.com\\\/nl\\\/#website\"},\"primaryImageOfPage\":{\"@id\":\"https:\\\/\\\/www.smyrilline.com\\\/nl\\\/ijsland-met-de-camper\\\/#primaryimage\"},\"image\":{\"@id\":\"https:\\\/\\\/www.smyrilline.com\\\/nl\\\/ijsland-met-de-camper\\\/#primaryimage\"},\"thumbnailUrl\":\"https:\\\/\\\/www.smyrilline.com\\\/wp-content\\\/uploads\\\/2026\\\/07\\\/Smyril_008-copy-2.jpg\",\"datePublished\":\"2026-07-10T11:53:55+00:00\",\"dateModified\":\"2026-08-28T10:00:15+00:00\",\"description\":\"Neem je eigen camper mee naar IJsland met Smyril Line. Reis per ferry vanuit Denemarken en ontdek IJsland in alle vrijheid met je eigen camper.\",\"breadcrumb\":{\"@id\":\"https:\\\/\\\/www.smyrilline.com\\\/nl\\\/ijsland-met-de-camper\\\/#breadcrumb\"},\"inLanguage\":\"nl-NL\",\"potentialAction\":[{\"@type\":\"ReadAction\",\"target\":[\"https:\\\/\\\/www.smyrilline.com\\\/nl\\\/ijsland-met-de-camper\\\/\"]}]},{\"@type\":\"ImageObject\",\"inLanguage\":\"nl-NL\",\"@id\":\"https:\\\/\\\/www.smyrilline.com\\\/nl\\\/ijsland-met-de-camper\\\/#primaryimage\",\"url\":\"https:\\\/\\\/www.smyrilline.com\\\/wp-content\\\/uploads\\\/2026\\\/07\\\/Smyril_008-copy-2.jpg\",\"contentUrl\":\"https:\\\/\\\/www.smyrilline.com\\\/wp-content\\\/uploads\\\/2026\\\/07\\\/Smyril_008-copy-2.jpg\",\"width\":2668,\"height\":1600},{\"@type\":\"BreadcrumbList\",\"@id\":\"https:\\\/\\\/www.smyrilline.com\\\/nl\\\/ijsland-met-de-camper\\\/#breadcrumb\",\"itemListElement\":[{\"@type\":\"ListItem\",\"position\":1,\"name\":\"Home\",\"item\":\"https:\\\/\\\/www.smyrilline.com\\\/nl\\\/\"},{\"@type\":\"ListItem\",\"position\":2,\"name\":\"IJsland met de camper\"}]},{\"@type\":\"WebSite\",\"@id\":\"https:\\\/\\\/www.smyrilline.com\\\/nl\\\/#website\",\"url\":\"https:\\\/\\\/www.smyrilline.com\\\/nl\\\/\",\"name\":\"Smyril Line\",\"description\":\"Vaar naar IJsland &amp; de Faer\u00f6er Eilanden\",\"publisher\":{\"@id\":\"https:\\\/\\\/www.smyrilline.com\\\/nl\\\/#organization\"},\"potentialAction\":[{\"@type\":\"SearchAction\",\"target\":{\"@type\":\"EntryPoint\",\"urlTemplate\":\"https:\\\/\\\/www.smyrilline.com\\\/nl\\\/?s={search_term_string}\"},\"query-input\":{\"@type\":\"PropertyValueSpecification\",\"valueRequired\":true,\"valueName\":\"search_term_string\"}}],\"inLanguage\":\"nl-NL\"},{\"@type\":\"Organization\",\"@id\":\"https:\\\/\\\/www.smyrilline.com\\\/nl\\\/#organization\",\"name\":\"Smyril Line\",\"url\":\"https:\\\/\\\/www.smyrilline.com\\\/nl\\\/\",\"logo\":{\"@type\":\"ImageObject\",\"inLanguage\":\"nl-NL\",\"@id\":\"https:\\\/\\\/www.smyrilline.com\\\/nl\\\/#\\\/schema\\\/logo\\\/image\\\/\",\"url\":\"https:\\\/\\\/www.smyrilline.fo\\\/wp-content\\\/uploads\\\/2025\\\/07\\\/logo-smyril-line.png\",\"contentUrl\":\"https:\\\/\\\/www.smyrilline.fo\\\/wp-content\\\/uploads\\\/2025\\\/07\\\/logo-smyril-line.png\",\"width\":148,\"height\":148,\"caption\":\"Smyril Line\"},\"image\":{\"@id\":\"https:\\\/\\\/www.smyrilline.com\\\/nl\\\/#\\\/schema\\\/logo\\\/image\\\/\"},\"sameAs\":[\"https:\\\/\\\/www.facebook.com\\\/smyrilline.int\\\/\"]}]}<\/script>\n<!-- \/ Yoast SEO Premium plugin. -->","yoast_head_json":{"title":"Met de camper naar IJsland - Smyril Line","description":"Neem je eigen camper mee naar IJsland met Smyril Line. Reis per ferry vanuit Denemarken en ontdek IJsland in alle vrijheid met je eigen camper.","robots":{"index":"index","follow":"follow","max-snippet":"max-snippet:-1","max-image-preview":"max-image-preview:large","max-video-preview":"max-video-preview:-1"},"canonical":"https:\/\/www.smyrilline.com\/nl\/ijsland-met-de-camper\/","og_locale":"nl_NL","og_type":"article","og_title":"IJsland met de camper","og_description":"Neem je eigen camper mee naar IJsland met Smyril Line. Reis per ferry vanuit Denemarken en ontdek IJsland in alle vrijheid met je eigen camper.","og_url":"https:\/\/www.smyrilline.com\/nl\/ijsland-met-de-camper\/","og_site_name":"Smyril Line","article_publisher":"https:\/\/www.facebook.com\/smyrilline.int\/","article_modified_time":"2026-08-28T10:00:15+00:00","og_image":[{"width":1600,"height":960,"url":"https:\/\/www.smyrilline.com\/wp-content\/uploads\/2026\/07\/Smyril_008-copy-2-1600x960.jpg","type":"image\/jpeg"}],"twitter_card":"summary_large_image","twitter_misc":{"Geschatte leestijd":"1 minuut"},"schema":{"@context":"https:\/\/schema.org","@graph":[{"@type":"WebPage","@id":"https:\/\/www.smyrilline.com\/nl\/ijsland-met-de-camper\/","url":"https:\/\/www.smyrilline.com\/nl\/ijsland-met-de-camper\/","name":"Met de camper naar IJsland - Smyril Line","isPartOf":{"@id":"https:\/\/www.smyrilline.com\/nl\/#website"},"primaryImageOfPage":{"@id":"https:\/\/www.smyrilline.com\/nl\/ijsland-met-de-camper\/#primaryimage"},"image":{"@id":"https:\/\/www.smyrilline.com\/nl\/ijsland-met-de-camper\/#primaryimage"},"thumbnailUrl":"https:\/\/www.smyrilline.com\/wp-content\/uploads\/2026\/07\/Smyril_008-copy-2.jpg","datePublished":"2026-07-10T11:53:55+00:00","dateModified":"2026-08-28T10:00:15+00:00","description":"Neem je eigen camper mee naar IJsland met Smyril Line. Reis per ferry vanuit Denemarken en ontdek IJsland in alle vrijheid met je eigen camper.","breadcrumb":{"@id":"https:\/\/www.smyrilline.com\/nl\/ijsland-met-de-camper\/#breadcrumb"},"inLanguage":"nl-NL","potentialAction":[{"@type":"ReadAction","target":["https:\/\/www.smyrilline.com\/nl\/ijsland-met-de-camper\/"]}]},{"@type":"ImageObject","inLanguage":"nl-NL","@id":"https:\/\/www.smyrilline.com\/nl\/ijsland-met-de-camper\/#primaryimage","url":"https:\/\/www.smyrilline.com\/wp-content\/uploads\/2026\/07\/Smyril_008-copy-2.jpg","contentUrl":"https:\/\/www.smyrilline.com\/wp-content\/uploads\/2026\/07\/Smyril_008-copy-2.jpg","width":2668,"height":1600},{"@type":"BreadcrumbList","@id":"https:\/\/www.smyrilline.com\/nl\/ijsland-met-de-camper\/#breadcrumb","itemListElement":[{"@type":"ListItem","position":1,"name":"Home","item":"https:\/\/www.smyrilline.com\/nl\/"},{"@type":"ListItem","position":2,"name":"IJsland met de camper"}]},{"@type":"WebSite","@id":"https:\/\/www.smyrilline.com\/nl\/#website","url":"https:\/\/www.smyrilline.com\/nl\/","name":"Smyril Line","description":"Vaar naar IJsland &amp; de Faer\u00f6er Eilanden","publisher":{"@id":"https:\/\/www.smyrilline.com\/nl\/#organization"},"potentialAction":[{"@type":"SearchAction","target":{"@type":"EntryPoint","urlTemplate":"https:\/\/www.smyrilline.com\/nl\/?s={search_term_string}"},"query-input":{"@type":"PropertyValueSpecification","valueRequired":true,"valueName":"search_term_string"}}],"inLanguage":"nl-NL"},{"@type":"Organization","@id":"https:\/\/www.smyrilline.com\/nl\/#organization","name":"Smyril Line","url":"https:\/\/www.smyrilline.com\/nl\/","logo":{"@type":"ImageObject","inLanguage":"nl-NL","@id":"https:\/\/www.smyrilline.com\/nl\/#\/schema\/logo\/image\/","url":"https:\/\/www.smyrilline.fo\/wp-content\/uploads\/2025\/07\/logo-smyril-line.png","contentUrl":"https:\/\/www.smyrilline.fo\/wp-content\/uploads\/2025\/07\/logo-smyril-line.png","width":148,"height":148,"caption":"Smyril Line"},"image":{"@id":"https:\/\/www.smyrilline.com\/nl\/#\/schema\/logo\/image\/"},"sameAs":["https:\/\/www.facebook.com\/smyrilline.int\/"]}]}},"publishpress_future_workflow_manual_trigger":{"enabledWorkflows":[]},"_links":{"self":[{"href":"https:\/\/www.smyrilline.com\/nl\/wp-json\/wp\/v2\/pages\/34507","targetHints":{"allow":["GET"]}}],"collection":[{"href":"https:\/\/www.smyrilline.com\/nl\/wp-json\/wp\/v2\/pages"}],"about":[{"href":"https:\/\/www.smyrilline.com\/nl\/wp-json\/wp\/v2\/types\/page"}],"author":[{"embeddable":true,"href":"https:\/\/www.smyrilline.com\/nl\/wp-json\/wp\/v2\/users\/5"}],"replies":[{"embeddable":true,"href":"https:\/\/www.smyrilline.com\/nl\/wp-json\/wp\/v2\/comments?post=34507"}],"version-history":[{"count":65,"href":"https:\/\/www.smyrilline.com\/nl\/wp-json\/wp\/v2\/pages\/34507\/revisions"}],"predecessor-version":[{"id":35332,"href":"https:\/\/www.smyrilline.com\/nl\/wp-json\/wp\/v2\/pages\/34507\/revisions\/35332"}],"wp:featuredmedia":[{"embeddable":true,"href":"https:\/\/www.smyrilline.com\/nl\/wp-json\/wp\/v2\/media\/33172"}],"wp:attachment":[{"href":"https:\/\/www.smyrilline.com\/nl\/wp-json\/wp\/v2\/media?parent=34507"}],"curies":[{"name":"wp","href":"https:\/\/api.w.org\/{rel}","templated":true}]}}