{"id":12043,"date":"2025-06-19T14:55:53","date_gmt":"2025-06-19T13:55:53","guid":{"rendered":"https:\/\/www.smyrilline.com\/?post_type=offer&#038;p=12043"},"modified":"2026-08-28T14:58:19","modified_gmt":"2026-08-28T13:58:19","slug":"campingaanbieding","status":"publish","type":"offer","link":"https:\/\/www.smyrilline.com\/nl\/aanbieding\/campingaanbieding\/","title":{"rendered":"Camperaanbieding naar de Faer\u00f6er"},"content":{"rendered":"\n<div class=\"wp-block-group alignwide has-global-padding is-layout-constrained wp-block-group-is-layout-constrained\" style=\"margin-top:var(--wp--preset--spacing--70);margin-bottom:var(--wp--preset--spacing--70)\">\n<div class=\"wp-block-columns alignwide offer-two-column__content is-layout-flex wp-container-core-columns-is-layout-f911b2ec wp-block-columns-is-layout-flex\">\n<div class=\"wp-block-column is-layout-flow wp-block-column-is-layout-flow\" style=\"flex-basis:60%\">\n<h5 id=\"h-ontdek-de-faeroer-met-je-camper-of-caravan\" class=\"wp-block-heading\"><strong>Ontdek de Faer\u00f6er met je camper of caravan<\/strong><\/h5>\n\n\n\n<p class=\"wp-block-paragraph\">Neem je huis op vier wielen mee naar de Faer\u00f6er en ontdek de eilanden in je eigen tempo. Met een camper of caravan heb je alle vrijheid om je reis van dag tot dag in te vullen, verschillende delen van de eilanden te ontdekken en alles wat je nodig hebt altijd bij de hand te hebben.<\/p>\n\n\n\n<p class=\"wp-block-paragraph\">Norr\u00f6na vaart rechtstreeks van Hirtshals naar T\u00f3rshavn. Neem je eigen voertuig mee aan boord, geniet tijdens de overtocht van het comfort van je eigen hut en begin je kampeervakantie zodra je op de Faer\u00f6er van boord gaat.<\/p>\n\n\n\n<div id=\"offers-expiration-status_block_6028bd0d2dc769e81c90feddd505844b\" class=\"lunnar-offers-expiration-status\">\n    <\/div>\n\n\n<div style=\"height:24px\" aria-hidden=\"true\" class=\"wp-block-spacer\"><\/div>\n\n\n\n<div id=\"price-list-accordion_block_331e40429a0833c421c10c44787d5005\" class=\"lunnar-price-list-accordion\">\n            \n            <details class=\"no-day-rows\" open>\n                <summary>\n                    <div class=\"price-row\">\n                        <div class=\"month\">\n                            <h5>Met camper<\/h5>\n                        <\/div>\n                        <div class=\"price-columns\">\n                                                            <div class=\"price-column\">\n                                    <div class=\"price\">\n                                        <h6>vanaf \u20ac 539<\/h6>\n                                    <\/div>\n                                                                    <\/div>\n                                                    <\/div>\n                    <\/div>\n                <\/summary>\n\n                            <\/details>\n        \n            <details class=\"no-day-rows\" open>\n                <summary>\n                    <div class=\"price-row\">\n                        <div class=\"month\">\n                            <h5>Met auto en caravan<\/h5>\n                        <\/div>\n                        <div class=\"price-columns\">\n                                                            <div class=\"price-column\">\n                                    <div class=\"price\">\n                                        <h6>vanaf \u20ac 809<\/h6>\n                                    <\/div>\n                                                                    <\/div>\n                                                    <\/div>\n                    <\/div>\n                <\/summary>\n\n                            <\/details>\n            <\/div><\/div>\n\n\n\n<div class=\"wp-block-column is-layout-flow wp-block-column-is-layout-flow\" style=\"flex-basis:40%\">\n<details class=\"wp-block-details is-layout-flow wp-block-details-is-layout-flow\" open><summary>Prijs inclusief<\/summary>\n<ul class=\"wp-block-list is-style-checkmark-list\">\n<li>Per persoon wanneer 2 personen reizen<\/li>\n\n\n\n<li>Overtocht Denemarken \u2013 Faer\u00f6er Eilanden en retour<\/li>\n\n\n\n<li>Binnencabine<\/li>\n\n\n\n<li>Camper&nbsp;&gt;2,5m H &amp; 7m L of auto en caravan &gt;2,5m H &amp; 12m L<\/li>\n<\/ul>\n<\/details>\n\n\n\n<details class=\"wp-block-details is-layout-flow wp-block-details-is-layout-flow\" open><summary><strong>Reisplan<\/strong><\/summary>\n<p class=\"wp-block-paragraph\" style=\"margin-right:var(--wp--preset--spacing--20);margin-left:var(--wp--preset--spacing--20);padding-top:var(--wp--preset--spacing--20);padding-right:0;padding-bottom:var(--wp--preset--spacing--20);padding-left:0\">Vertrek op zaterdag vanuit Denemarken en terug op zondag vanuit de Faer\u00f6er \u2013 tussen 29 mei&nbsp;en 11 juli 2027.<\/p>\n<\/details>\n<\/div>\n<\/div>\n\n\n\n<div class=\"wp-block-buttons alignwide is-layout-flex wp-block-buttons-is-layout-flex\" style=\"margin-top:5rem\">\n<div style=\"--wp--block-button--width: 100;\" class=\"wp-block-button has-custom-width wp-block-button__width wp-block-button__width-100\"><a class=\"wp-block-button__link has-black-600-color has-yellow-500-background-color has-text-color has-background has-link-color wp-element-button\" href=\"https:\/\/booking.smyrilline.fo\/nl\/book\/stdoffer2\/return?clear&amp;j1_route=P~HRS-P~THN&amp;j2_route=P~THN-P~HRS&amp;out_date=2027-05-29&amp;ret_date=2027-06-06\" target=\"_blank\" rel=\"noreferrer noopener\">Vind de prijzen &amp; boek<\/a><\/div>\n<\/div>\n<\/div>\n\n\n\n<div style=\"height:100px\" aria-hidden=\"true\" class=\"wp-block-spacer\"><\/div>\n\n\n\n<div class=\"wp-block-media-text alignwide has-media-on-the-right is-stacked-on-mobile\"><div class=\"wp-block-media-text__content\">\n<h3 id=\"h-kamperen-op-de-faeroer\" class=\"wp-block-heading is-style-heading-h2-size is-style-heading-h2-size--1\">Kamperen <br>op de Faer\u00f6er<\/h3>\n\n\n\n<p class=\"wp-block-paragraph\">Zoals iedere echte kampeerder weet, is kamperen een geweldige manier om een land en de cultuur te beleven. Hier vindt u een overzicht van de campings op de Faer\u00f6er&nbsp;en hun faciliteiten.<br><\/p>\n\n\n\n<div style=\"height:20px\" aria-hidden=\"true\" class=\"wp-block-spacer\"><\/div>\n\n\n\n<div class=\"wp-block-buttons is-layout-flex wp-block-buttons-is-layout-flex\">\n<div class=\"wp-block-button\"><a class=\"wp-block-button__link wp-element-button\" href=\"https:\/\/www.smyrilline.com\/wp-content\/uploads\/2026\/07\/Camping-2026-1.pdf\" target=\"_blank\" rel=\"noreferrer noopener\">Bekijk online<\/a><\/div>\n<\/div>\n<\/div><figure class=\"wp-block-media-text__media\"><img loading=\"lazy\" decoding=\"async\" width=\"1600\" height=\"1197\" src=\"https:\/\/www.smyrilline.com\/wp-content\/smush-webp\/2026\/07\/Camping-1-1600x1197.png.webp\" alt=\"\" class=\"wp-image-33394 size-full\" srcset=\"https:\/\/www.smyrilline.com\/wp-content\/smush-webp\/2026\/07\/Camping-1-1600x1197.png.webp 1600w, https:\/\/www.smyrilline.com\/wp-content\/smush-webp\/2026\/07\/Camping-1-800x598.png.webp 800w, https:\/\/www.smyrilline.com\/wp-content\/smush-webp\/2026\/07\/Camping-1-768x574.png.webp 768w, https:\/\/www.smyrilline.com\/wp-content\/smush-webp\/2026\/07\/Camping-1-1536x1149.png.webp 1536w, https:\/\/www.smyrilline.com\/wp-content\/smush-webp\/2026\/07\/Camping-1-340x254.png.webp 340w, https:\/\/www.smyrilline.com\/wp-content\/smush-webp\/2026\/07\/Camping-1-1024x766.png.webp 1024w, https:\/\/www.smyrilline.com\/wp-content\/smush-webp\/2026\/07\/Camping-1-1280x957.png.webp 1280w, https:\/\/www.smyrilline.com\/wp-content\/smush-webp\/2026\/07\/Camping-1-1920x1436.png.webp 1920w, https:\/\/www.smyrilline.com\/wp-content\/smush-webp\/2026\/07\/Camping-1.png.webp 2000w\" sizes=\"auto, (max-width: 1600px) 100vw, 1600px\" \/><\/figure><\/div>\n\n\n\n<div style=\"height:100px\" aria-hidden=\"true\" class=\"wp-block-spacer\"><\/div>\n\n\n\n<h2 id=\"h-ontdek-de-faeroer-eilanden\" class=\"wp-block-heading\">Ontdek de Faer\u00f6er Eilanden<\/h2>\n\n\n\n<p class=\"wp-block-paragraph\">Van adembenemende landschappen tot een rijk cultureel erfgoed: ontdek de schitterende natuur, proef lokale smaken en beleef onvergetelijke avonturen op de Faer\u00f6er Eilanden.<\/p>\n\n\n\n<div style=\"height:20px\" aria-hidden=\"true\" class=\"wp-block-spacer\"><\/div>\n\n\n\n<div id=\"shortcuts_block_ab2726a572f50d93373b9ba3ee1eec8c\" class=\"lunnar-shortcuts is-style-shortcuts-swiper alignwide shortcuts-swiper\">\n    \n                            <div class=\"shortcuts-list items-3\" style=\"width: calc(100% - 30px) !important;\">\n                \n                                    <div class=\"swiper-wrapper\">\n                    \n                    \n                        \n                        <a href=\"https:\/\/www.smyrilline.com\/nl\/highlights-van-de-faeroer-eilanden\/\" target=\"\" class=\"shortcuts-item swiper-slide\">\n                            <h3 class=\"shortcuts-item-title\">Highlights van de Faer\u00f6er<\/h3>\n\n                            <div class=\"shortcuts-item-arrow\"><img decoding=\"async\" src=\"https:\/\/www.smyrilline.com\/wp-content\/themes\/lunnar-smyrilline\/images\/icon-circle-arrow.svg\" class=\"injectable\" alt=\"icon-circle-arrow\" loading=\"lazy\" \/><\/div>\n\n                            \n                                                                                            \n                                <picture>\n                                    <source media=\"(min-width: 769px)\" srcset=\"https:\/\/www.smyrilline.com\/wp-content\/uploads\/2025\/04\/About-Faroe-Islands-1920x1325-1-600x890.jpg\">\n                                    <img src=\"https:\/\/www.smyrilline.com\/wp-content\/uploads\/2025\/04\/About-Faroe-Islands-1920x1325-1-360x506.jpg\" \n                                        alt=\"About-Faroe-Islands-1920x1325-1.jpg\" \n                                        class=\"shortcut-image\" \n                                        loading=\"lazy\" \n                                        decoding=\"async\">\n                                <\/picture>\n                                                    <\/a>\n                    \n                        \n                        <a href=\"https:\/\/www.smyrilline.com\/nl\/7-dagen-op-de-faeroeer-eilanden\/\" target=\"\" class=\"shortcuts-item swiper-slide\">\n                            <h3 class=\"shortcuts-item-title\">7 dagen op de Faer\u00f6er Eilanden<\/h3>\n\n                            <div class=\"shortcuts-item-arrow\"><img decoding=\"async\" src=\"https:\/\/www.smyrilline.com\/wp-content\/themes\/lunnar-smyrilline\/images\/icon-circle-arrow.svg\" class=\"injectable\" alt=\"icon-circle-arrow\" loading=\"lazy\" \/><\/div>\n\n                            \n                                                                                            \n                                <picture>\n                                    <source media=\"(min-width: 769px)\" srcset=\"https:\/\/www.smyrilline.com\/wp-content\/uploads\/2025\/02\/Smyril_071-copy_EDIT-1920x1325-1-600x890.jpg\">\n                                    <img src=\"https:\/\/www.smyrilline.com\/wp-content\/uploads\/2025\/02\/Smyril_071-copy_EDIT-1920x1325-1-360x506.jpg\" \n                                        alt=\"Smyril_071-copy_EDIT-1920x1325-1.jpg\" \n                                        class=\"shortcut-image\" \n                                        loading=\"lazy\" \n                                        decoding=\"async\">\n                                <\/picture>\n                                                    <\/a>\n                    \n                        \n                        <a href=\"https:\/\/www.smyrilline.com\/nl\/proef-ontdek-en-geniet-in-torshavn\/\" target=\"\" class=\"shortcuts-item swiper-slide\">\n                            <h3 class=\"shortcuts-item-title\">Proef, ontdek en geniet in T\u00f3rshavn<\/h3>\n\n                            <div class=\"shortcuts-item-arrow\"><img decoding=\"async\" src=\"https:\/\/www.smyrilline.com\/wp-content\/themes\/lunnar-smyrilline\/images\/icon-circle-arrow.svg\" class=\"injectable\" alt=\"icon-circle-arrow\" loading=\"lazy\" \/><\/div>\n\n                            \n                                                                                            \n                                <picture>\n                                    <source media=\"(min-width: 769px)\" srcset=\"https:\/\/www.smyrilline.com\/wp-content\/uploads\/2025\/02\/DSC3548-960x960-1-600x890.jpg\">\n                                    <img src=\"https:\/\/www.smyrilline.com\/wp-content\/uploads\/2025\/02\/DSC3548-960x960-1-360x506.jpg\" \n                                        alt=\"DSC3548-960x960-1.jpg\" \n                                        class=\"shortcut-image\" \n                                        loading=\"lazy\" \n                                        decoding=\"async\">\n                                <\/picture>\n                                                    <\/a>\n                    \n                                        <\/div>\n\n                    <div class=\"swiper-scrollbar\"><\/div>\n                                <\/div>\n                        <\/div>\n\n\n<div style=\"height:160px\" aria-hidden=\"true\" class=\"wp-block-spacer\"><\/div>\n","protected":false},"featured_media":25866,"template":"","country":[243],"class_list":["post-12043","offer","type-offer","status-publish","has-post-thumbnail","hentry","country-transport-only"],"acf":[],"yoast_head":"<!-- This site is optimized with the Yoast SEO Premium plugin v28.3 (Yoast SEO v28.3) - https:\/\/yoast.com\/product\/yoast-seo-premium-wordpress\/ -->\n<title>Camperaanbieding naar de Faer\u00f6er<\/title>\n<meta name=\"description\" content=\"Ga aan boord van de Norr\u00f6na met je camper en ontdek de Faer\u00f6er Eilanden in je eigen tempo. Bekijk onze camperaanbiedingen naar de Faer\u00f6er Eilanden met vrijheid, flexibiliteit en natuur direct voor de deur.\" \/>\n<meta name=\"robots\" content=\"index, follow, max-snippet:-1, max-image-preview:large, max-video-preview:-1\" \/>\n<link rel=\"canonical\" href=\"https:\/\/www.smyrilline.com\/nl\/aanbieding\/campingaanbieding\/\" \/>\n<meta property=\"og:locale\" content=\"nl_NL\" \/>\n<meta property=\"og:type\" content=\"article\" \/>\n<meta property=\"og:title\" content=\"Camperaanbieding naar de Faer\u00f6er\" \/>\n<meta property=\"og:description\" content=\"Ga aan boord van de Norr\u00f6na met je camper en ontdek de Faer\u00f6er Eilanden in je eigen tempo. Bekijk onze camperaanbiedingen naar de Faer\u00f6er Eilanden met vrijheid, flexibiliteit en natuur direct voor de deur.\" \/>\n<meta property=\"og:url\" content=\"https:\/\/www.smyrilline.com\/nl\/aanbieding\/campingaanbieding\/\" \/>\n<meta property=\"og:site_name\" content=\"Smyril Line\" \/>\n<meta property=\"article:publisher\" content=\"https:\/\/www.facebook.com\/smyrilline.int\/\" \/>\n<meta property=\"article:modified_time\" content=\"2026-08-28T13:58:19+00:00\" \/>\n<meta property=\"og:image\" content=\"https:\/\/www.smyrilline.com\/wp-content\/uploads\/2025\/06\/Camping-thumbnail.jpg\" \/>\n\t<meta property=\"og:image:width\" content=\"984\" \/>\n\t<meta property=\"og:image:height\" content=\"983\" \/>\n\t<meta property=\"og:image:type\" content=\"image\/jpeg\" \/>\n<meta name=\"twitter:card\" content=\"summary_large_image\" \/>\n<meta name=\"twitter:label1\" content=\"Geschatte leestijd\" \/>\n\t<meta name=\"twitter:data1\" content=\"2 minuut\" \/>\n<script type=\"application\/ld+json\" class=\"yoast-schema-graph\">{\"@context\":\"https:\\\/\\\/schema.org\",\"@graph\":[{\"@type\":\"WebPage\",\"@id\":\"https:\\\/\\\/www.smyrilline.com\\\/nl\\\/aanbieding\\\/campingaanbieding\\\/\",\"url\":\"https:\\\/\\\/www.smyrilline.com\\\/nl\\\/aanbieding\\\/campingaanbieding\\\/\",\"name\":\"Camperaanbieding naar de Faer\u00f6er\",\"isPartOf\":{\"@id\":\"https:\\\/\\\/www.smyrilline.com\\\/nl\\\/#website\"},\"primaryImageOfPage\":{\"@id\":\"https:\\\/\\\/www.smyrilline.com\\\/nl\\\/aanbieding\\\/campingaanbieding\\\/#primaryimage\"},\"image\":{\"@id\":\"https:\\\/\\\/www.smyrilline.com\\\/nl\\\/aanbieding\\\/campingaanbieding\\\/#primaryimage\"},\"thumbnailUrl\":\"https:\\\/\\\/www.smyrilline.com\\\/wp-content\\\/uploads\\\/2025\\\/06\\\/Camping-thumbnail.jpg\",\"datePublished\":\"2025-06-19T13:55:53+00:00\",\"dateModified\":\"2026-08-28T13:58:19+00:00\",\"description\":\"Ga aan boord van de Norr\u00f6na met je camper en ontdek de Faer\u00f6er Eilanden in je eigen tempo. Bekijk onze camperaanbiedingen naar de Faer\u00f6er Eilanden met vrijheid, flexibiliteit en natuur direct voor de deur.\",\"breadcrumb\":{\"@id\":\"https:\\\/\\\/www.smyrilline.com\\\/nl\\\/aanbieding\\\/campingaanbieding\\\/#breadcrumb\"},\"inLanguage\":\"nl-NL\",\"potentialAction\":[{\"@type\":\"ReadAction\",\"target\":[\"https:\\\/\\\/www.smyrilline.com\\\/nl\\\/aanbieding\\\/campingaanbieding\\\/\"]}]},{\"@type\":\"ImageObject\",\"inLanguage\":\"nl-NL\",\"@id\":\"https:\\\/\\\/www.smyrilline.com\\\/nl\\\/aanbieding\\\/campingaanbieding\\\/#primaryimage\",\"url\":\"https:\\\/\\\/www.smyrilline.com\\\/wp-content\\\/uploads\\\/2025\\\/06\\\/Camping-thumbnail.jpg\",\"contentUrl\":\"https:\\\/\\\/www.smyrilline.com\\\/wp-content\\\/uploads\\\/2025\\\/06\\\/Camping-thumbnail.jpg\",\"width\":984,\"height\":983},{\"@type\":\"BreadcrumbList\",\"@id\":\"https:\\\/\\\/www.smyrilline.com\\\/nl\\\/aanbieding\\\/campingaanbieding\\\/#breadcrumb\",\"itemListElement\":[{\"@type\":\"ListItem\",\"position\":1,\"name\":\"Home\",\"item\":\"https:\\\/\\\/www.smyrilline.com\\\/nl\\\/\"},{\"@type\":\"ListItem\",\"position\":2,\"name\":\"Camperaanbieding naar de Faer\u00f6er\"}]},{\"@type\":\"WebSite\",\"@id\":\"https:\\\/\\\/www.smyrilline.com\\\/nl\\\/#website\",\"url\":\"https:\\\/\\\/www.smyrilline.com\\\/nl\\\/\",\"name\":\"Smyril Line\",\"description\":\"Vaar naar IJsland &amp; de Faer\u00f6er Eilanden\",\"publisher\":{\"@id\":\"https:\\\/\\\/www.smyrilline.com\\\/nl\\\/#organization\"},\"potentialAction\":[{\"@type\":\"SearchAction\",\"target\":{\"@type\":\"EntryPoint\",\"urlTemplate\":\"https:\\\/\\\/www.smyrilline.com\\\/nl\\\/?s={search_term_string}\"},\"query-input\":{\"@type\":\"PropertyValueSpecification\",\"valueRequired\":true,\"valueName\":\"search_term_string\"}}],\"inLanguage\":\"nl-NL\"},{\"@type\":\"Organization\",\"@id\":\"https:\\\/\\\/www.smyrilline.com\\\/nl\\\/#organization\",\"name\":\"Smyril Line\",\"url\":\"https:\\\/\\\/www.smyrilline.com\\\/nl\\\/\",\"logo\":{\"@type\":\"ImageObject\",\"inLanguage\":\"nl-NL\",\"@id\":\"https:\\\/\\\/www.smyrilline.com\\\/nl\\\/#\\\/schema\\\/logo\\\/image\\\/\",\"url\":\"https:\\\/\\\/www.smyrilline.fo\\\/wp-content\\\/uploads\\\/2025\\\/07\\\/logo-smyril-line.png\",\"contentUrl\":\"https:\\\/\\\/www.smyrilline.fo\\\/wp-content\\\/uploads\\\/2025\\\/07\\\/logo-smyril-line.png\",\"width\":148,\"height\":148,\"caption\":\"Smyril Line\"},\"image\":{\"@id\":\"https:\\\/\\\/www.smyrilline.com\\\/nl\\\/#\\\/schema\\\/logo\\\/image\\\/\"},\"sameAs\":[\"https:\\\/\\\/www.facebook.com\\\/smyrilline.int\\\/\"]}]}<\/script>\n<!-- \/ Yoast SEO Premium plugin. -->","yoast_head_json":{"title":"Camperaanbieding naar de Faer\u00f6er","description":"Ga aan boord van de Norr\u00f6na met je camper en ontdek de Faer\u00f6er Eilanden in je eigen tempo. Bekijk onze camperaanbiedingen naar de Faer\u00f6er Eilanden met vrijheid, flexibiliteit en natuur direct voor de deur.","robots":{"index":"index","follow":"follow","max-snippet":"max-snippet:-1","max-image-preview":"max-image-preview:large","max-video-preview":"max-video-preview:-1"},"canonical":"https:\/\/www.smyrilline.com\/nl\/aanbieding\/campingaanbieding\/","og_locale":"nl_NL","og_type":"article","og_title":"Camperaanbieding naar de Faer\u00f6er","og_description":"Ga aan boord van de Norr\u00f6na met je camper en ontdek de Faer\u00f6er Eilanden in je eigen tempo. Bekijk onze camperaanbiedingen naar de Faer\u00f6er Eilanden met vrijheid, flexibiliteit en natuur direct voor de deur.","og_url":"https:\/\/www.smyrilline.com\/nl\/aanbieding\/campingaanbieding\/","og_site_name":"Smyril Line","article_publisher":"https:\/\/www.facebook.com\/smyrilline.int\/","article_modified_time":"2026-08-28T13:58:19+00:00","og_image":[{"width":984,"height":983,"url":"https:\/\/www.smyrilline.com\/wp-content\/uploads\/2025\/06\/Camping-thumbnail.jpg","type":"image\/jpeg"}],"twitter_card":"summary_large_image","twitter_misc":{"Geschatte leestijd":"2 minuut"},"schema":{"@context":"https:\/\/schema.org","@graph":[{"@type":"WebPage","@id":"https:\/\/www.smyrilline.com\/nl\/aanbieding\/campingaanbieding\/","url":"https:\/\/www.smyrilline.com\/nl\/aanbieding\/campingaanbieding\/","name":"Camperaanbieding naar de Faer\u00f6er","isPartOf":{"@id":"https:\/\/www.smyrilline.com\/nl\/#website"},"primaryImageOfPage":{"@id":"https:\/\/www.smyrilline.com\/nl\/aanbieding\/campingaanbieding\/#primaryimage"},"image":{"@id":"https:\/\/www.smyrilline.com\/nl\/aanbieding\/campingaanbieding\/#primaryimage"},"thumbnailUrl":"https:\/\/www.smyrilline.com\/wp-content\/uploads\/2025\/06\/Camping-thumbnail.jpg","datePublished":"2025-06-19T13:55:53+00:00","dateModified":"2026-08-28T13:58:19+00:00","description":"Ga aan boord van de Norr\u00f6na met je camper en ontdek de Faer\u00f6er Eilanden in je eigen tempo. Bekijk onze camperaanbiedingen naar de Faer\u00f6er Eilanden met vrijheid, flexibiliteit en natuur direct voor de deur.","breadcrumb":{"@id":"https:\/\/www.smyrilline.com\/nl\/aanbieding\/campingaanbieding\/#breadcrumb"},"inLanguage":"nl-NL","potentialAction":[{"@type":"ReadAction","target":["https:\/\/www.smyrilline.com\/nl\/aanbieding\/campingaanbieding\/"]}]},{"@type":"ImageObject","inLanguage":"nl-NL","@id":"https:\/\/www.smyrilline.com\/nl\/aanbieding\/campingaanbieding\/#primaryimage","url":"https:\/\/www.smyrilline.com\/wp-content\/uploads\/2025\/06\/Camping-thumbnail.jpg","contentUrl":"https:\/\/www.smyrilline.com\/wp-content\/uploads\/2025\/06\/Camping-thumbnail.jpg","width":984,"height":983},{"@type":"BreadcrumbList","@id":"https:\/\/www.smyrilline.com\/nl\/aanbieding\/campingaanbieding\/#breadcrumb","itemListElement":[{"@type":"ListItem","position":1,"name":"Home","item":"https:\/\/www.smyrilline.com\/nl\/"},{"@type":"ListItem","position":2,"name":"Camperaanbieding naar de Faer\u00f6er"}]},{"@type":"WebSite","@id":"https:\/\/www.smyrilline.com\/nl\/#website","url":"https:\/\/www.smyrilline.com\/nl\/","name":"Smyril Line","description":"Vaar naar IJsland &amp; de Faer\u00f6er Eilanden","publisher":{"@id":"https:\/\/www.smyrilline.com\/nl\/#organization"},"potentialAction":[{"@type":"SearchAction","target":{"@type":"EntryPoint","urlTemplate":"https:\/\/www.smyrilline.com\/nl\/?s={search_term_string}"},"query-input":{"@type":"PropertyValueSpecification","valueRequired":true,"valueName":"search_term_string"}}],"inLanguage":"nl-NL"},{"@type":"Organization","@id":"https:\/\/www.smyrilline.com\/nl\/#organization","name":"Smyril Line","url":"https:\/\/www.smyrilline.com\/nl\/","logo":{"@type":"ImageObject","inLanguage":"nl-NL","@id":"https:\/\/www.smyrilline.com\/nl\/#\/schema\/logo\/image\/","url":"https:\/\/www.smyrilline.fo\/wp-content\/uploads\/2025\/07\/logo-smyril-line.png","contentUrl":"https:\/\/www.smyrilline.fo\/wp-content\/uploads\/2025\/07\/logo-smyril-line.png","width":148,"height":148,"caption":"Smyril Line"},"image":{"@id":"https:\/\/www.smyrilline.com\/nl\/#\/schema\/logo\/image\/"},"sameAs":["https:\/\/www.facebook.com\/smyrilline.int\/"]}]}},"publishpress_future_action":{"enabled":false,"date":"2026-09-08 00:08:02","action":"change-status","newStatus":"draft","terms":[],"taxonomy":"country","extraData":[]},"publishpress_future_workflow_manual_trigger":{"enabledWorkflows":[]},"_links":{"self":[{"href":"https:\/\/www.smyrilline.com\/nl\/wp-json\/wp\/v2\/offer\/12043","targetHints":{"allow":["GET"]}}],"collection":[{"href":"https:\/\/www.smyrilline.com\/nl\/wp-json\/wp\/v2\/offer"}],"about":[{"href":"https:\/\/www.smyrilline.com\/nl\/wp-json\/wp\/v2\/types\/offer"}],"version-history":[{"count":4,"href":"https:\/\/www.smyrilline.com\/nl\/wp-json\/wp\/v2\/offer\/12043\/revisions"}],"predecessor-version":[{"id":35412,"href":"https:\/\/www.smyrilline.com\/nl\/wp-json\/wp\/v2\/offer\/12043\/revisions\/35412"}],"wp:featuredmedia":[{"embeddable":true,"href":"https:\/\/www.smyrilline.com\/nl\/wp-json\/wp\/v2\/media\/25866"}],"wp:attachment":[{"href":"https:\/\/www.smyrilline.com\/nl\/wp-json\/wp\/v2\/media?parent=12043"}],"wp:term":[{"taxonomy":"country","embeddable":true,"href":"https:\/\/www.smyrilline.com\/nl\/wp-json\/wp\/v2\/country?post=12043"}],"curies":[{"name":"wp","href":"https:\/\/api.w.org\/{rel}","templated":true}]}}