{"id":35084,"date":"2026-07-10T12:53:55","date_gmt":"2026-07-10T11:53:55","guid":{"rendered":"https:\/\/www.smyrilline.com\/?page_id=35084"},"modified":"2026-08-28T11:01:45","modified_gmt":"2026-08-28T10:01:45","slug":"islande-en-camping-car","status":"publish","type":"page","link":"https:\/\/www.smyrilline.com\/fr\/islande-en-camping-car\/","title":{"rendered":"L\u2019Islande en camping-car"},"content":{"rendered":"\n<div class=\"wp-block-cover alignfull is-light has-custom-content-position is-position-bottom-center\" style=\"min-height:529px;aspect-ratio:unset;\"><img loading=\"lazy\" decoding=\"async\" width=\"1600\" height=\"960\" class=\"wp-block-cover__image-background wp-image-33172 size-large\" alt=\"\" src=\"https:\/\/www.smyrilline.com\/wp-content\/smush-webp\/2026\/07\/Smyril_008-copy-2-1600x960.jpg.webp\" style=\"object-position:52% 82%\" data-object-fit=\"cover\" data-object-position=\"52% 82%\" srcset=\"https:\/\/www.smyrilline.com\/wp-content\/smush-webp\/2026\/07\/Smyril_008-copy-2-1600x960.jpg.webp 1600w, https:\/\/www.smyrilline.com\/wp-content\/smush-webp\/2026\/07\/Smyril_008-copy-2-800x480.jpg.webp 800w, https:\/\/www.smyrilline.com\/wp-content\/smush-webp\/2026\/07\/Smyril_008-copy-2-768x461.jpg.webp 768w, https:\/\/www.smyrilline.com\/wp-content\/smush-webp\/2026\/07\/Smyril_008-copy-2-1536x921.jpg.webp 1536w, https:\/\/www.smyrilline.com\/wp-content\/smush-webp\/2026\/07\/Smyril_008-copy-2-2048x1228.jpg.webp 2048w, https:\/\/www.smyrilline.com\/wp-content\/smush-webp\/2026\/07\/Smyril_008-copy-2-340x204.jpg.webp 340w, https:\/\/www.smyrilline.com\/wp-content\/smush-webp\/2026\/07\/Smyril_008-copy-2-1024x614.jpg.webp 1024w, https:\/\/www.smyrilline.com\/wp-content\/smush-webp\/2026\/07\/Smyril_008-copy-2-1280x768.jpg.webp 1280w, https:\/\/www.smyrilline.com\/wp-content\/smush-webp\/2026\/07\/Smyril_008-copy-2-1920x1151.jpg.webp 1920w\" sizes=\"auto, (max-width: 1600px) 100vw, 1600px\" \/><span aria-hidden=\"true\" class=\"wp-block-cover__background has-background-dim-0 has-background-dim\" style=\"background-color:#8a959a\"><\/span><div class=\"wp-block-cover__inner-container has-global-padding is-layout-constrained wp-block-cover-is-layout-constrained\">\n<h1 class=\"wp-block-heading has-text-align-left alignwide is-style-default has-white-color has-text-color\" id=\"h-l-islande-en-camping-car\" style=\"margin-right:0;margin-left:0;padding-right:0;padding-left:0\">L\u2019Islande <br>en camping-car<\/h1>\n\n\n\n<div style=\"height:28px\" aria-hidden=\"true\" class=\"wp-block-spacer\"><\/div>\n<\/div><\/div>\n\n\n\n<div id=\"page-index_block_39b6f4590dc68beafd60cb73007d6be3\" class=\"lunnar-page-index alignfull\">\n\n            <div class=\"page-index-container\">\n\n        <\/div>\n    <\/div>\n\n<div class=\"page-index-spacer\"><\/div>\n\n\n<div style=\"height:60px\" aria-hidden=\"true\" class=\"wp-block-spacer\"><\/div>\n\n\n\n<h3 id=\"h-un-nouveau-decor-chaque-jour\" class=\"wp-block-heading is-style-heading-h2-size is-style-heading-h2-size--1\" style=\"margin-top:var(--wp--preset--spacing--30);margin-bottom:var(--wp--preset--spacing--30)\">Un nouveau d\u00e9cor chaque jour<\/h3>\n\n\n\n<p class=\"wp-block-paragraph\" id=\"h-discover-iceland-at-your-own-pace\" style=\"margin-top:0;margin-bottom:0\">Voyager avec sa maison sur quatre roues a quelque chose d\u2019unique. Un matin, vous vous r\u00e9veillez au bord d\u2019un fjord paisible ; le lendemain, face \u00e0 une cascade ou au c\u0153ur d\u2019un paysage volcanique. Avec votre propre camping-car, chaque journ\u00e9e offre un nouveau panorama et la libert\u00e9 de choisir votre prochaine destination.<\/p>\n\n\n\n<p class=\"wp-block-paragraph\">\u00c0 bord du Norr\u00f6na, vous pouvez facilement emmener votre propre camping-car du Danemark jusqu\u2019en Islande. Tout ce dont vous avez besoin vous accompagne d\u00e8s votre d\u00e9part. \u00c0 votre arriv\u00e9e dans l\u2019est de l\u2019Islande, vous n\u2019avez plus qu\u2019\u00e0 prendre la route et \u00e0 explorer le pays \u00e0 votre rythme.<\/p>\n\n\n\n<div class=\"wp-block-buttons is-layout-flex wp-block-buttons-is-layout-flex\">\n<div style=\"--wp--block-button--width: 100;\" class=\"wp-block-button has-custom-width wp-block-button__width wp-block-button__width-100\"><a class=\"wp-block-button__link has-black-600-color has-yellow-500-background-color has-text-color has-background has-link-color wp-element-button\" href=\"https:\/\/booking.smyrilline.fo\/fr\/book\/\" target=\"_blank\" rel=\"noreferrer noopener\">Voir les prix &amp; r\u00e9servez<\/a><\/div>\n<\/div>\n\n\n\n<div style=\"height:80px\" aria-hidden=\"true\" class=\"wp-block-spacer\"><\/div>\n\n\n\n<div class=\"wp-block-media-text alignwide is-stacked-on-mobile is-vertically-aligned-center\"><figure class=\"wp-block-media-text__media\"><img loading=\"lazy\" decoding=\"async\" width=\"1600\" height=\"1280\" src=\"https:\/\/www.smyrilline.com\/wp-content\/smush-webp\/2026\/07\/Camper-copy-1600px.jpg.webp\" alt=\"\" class=\"wp-image-33200 size-full\" srcset=\"https:\/\/www.smyrilline.com\/wp-content\/smush-webp\/2026\/07\/Camper-copy-1600px.jpg.webp 1600w, https:\/\/www.smyrilline.com\/wp-content\/smush-webp\/2026\/07\/Camper-copy-1600px-800x640.jpg.webp 800w, https:\/\/www.smyrilline.com\/wp-content\/smush-webp\/2026\/07\/Camper-copy-1600px-768x614.jpg.webp 768w, https:\/\/www.smyrilline.com\/wp-content\/smush-webp\/2026\/07\/Camper-copy-1600px-1536x1229.jpg.webp 1536w, https:\/\/www.smyrilline.com\/wp-content\/smush-webp\/2026\/07\/Camper-copy-1600px-340x272.jpg.webp 340w, https:\/\/www.smyrilline.com\/wp-content\/smush-webp\/2026\/07\/Camper-copy-1600px-1024x819.jpg.webp 1024w, https:\/\/www.smyrilline.com\/wp-content\/smush-webp\/2026\/07\/Camper-copy-1600px-1280x1024.jpg.webp 1280w\" sizes=\"auto, (max-width: 1600px) 100vw, 1600px\" \/><\/figure><div class=\"wp-block-media-text__content\">\n<h3 id=\"h-l-islande-une-destination-ideale-en-camping-car\" class=\"wp-block-heading is-style-heading-h2-size is-style-heading-h2-size--2\" style=\"margin-top:var(--wp--preset--spacing--30);margin-bottom:var(--wp--preset--spacing--30)\">L\u2019Islande, une destination id\u00e9ale en camping-car<\/h3>\n\n\n\n<p class=\"wp-block-paragraph\">Certains voyages sont planifi\u00e9s dans les moindres d\u00e9tails. D\u2019autres se laissent guider par la m\u00e9t\u00e9o, les paysages et l\u2019envie de changer d\u2019itin\u00e9raire au dernier moment.<\/p>\n\n\n\n<p class=\"wp-block-paragraph\">L\u2019Islande se pr\u00eate particuli\u00e8rement bien aux voyages en camping-car. Ses routes panoramiques traversent des paysages en constante \u00e9volution : fjords paisibles, villages de p\u00eacheurs color\u00e9s, lagunes glaciaires, plages de sable noir, cascades et zones g\u00e9othermiques. Gr\u00e2ce aux nombreux campings r\u00e9partis \u00e0 travers le pays, il est facile de d\u00e9couvrir l\u2019Islande \u00e9tape par \u00e9tape.<\/p>\n\n\n\n<p class=\"wp-block-paragraph\">Voyager en camping-car permet aussi de prendre son temps. Prolongez une \u00e9tape lorsque vous trouvez un endroit que vous n\u2019avez pas envie de quitter, prenez votre petit-d\u00e9jeuner face aux montagnes ou profitez simplement du paysage en fin de journ\u00e9e. Votre h\u00e9bergement voyage avec vous : chaque \u00e9tape fait donc pleinement partie de l\u2019aventure.<\/p>\n\n\n\n<p class=\"wp-block-paragraph\">Que vous s\u00e9journiez deux semaines ou quatre, chaque matin vous r\u00e9serve un nouveau paysage \u00e0 d\u00e9couvrir d\u00e8s que vous franchissez le seuil de votre porte.<\/p>\n<\/div><\/div>\n\n\n\n<div style=\"height:80px\" aria-hidden=\"true\" class=\"wp-block-spacer\"><\/div>\n\n\n\n<div class=\"wp-block-media-text alignwide has-media-on-the-right is-stacked-on-mobile is-vertically-aligned-center\"><div class=\"wp-block-media-text__content\">\n<h2 id=\"h-votre-camping-car-votre-liberte\" class=\"wp-block-heading\" style=\"margin-top:var(--wp--preset--spacing--30);margin-bottom:var(--wp--preset--spacing--30)\">Votre camping-car, votre libert\u00e9<\/h2>\n\n\n\n<p class=\"wp-block-paragraph\">Voyager avec votre propre camping-car, c\u2019est retrouver un v\u00e9hicule que vous connaissez d\u00e9j\u00e0 et qui est am\u00e9nag\u00e9 exactement comme vous le souhaitez. Pas besoin de vous adapter \u00e0 un v\u00e9hicule de location ni de limiter vos bagages pour prendre l\u2019avion : tout ce dont vous avez besoin est d\u00e9j\u00e0 avec vous.<\/p>\n\n\n\n<p class=\"wp-block-paragraph\">Et les vacances commencent d\u00e8s votre embarquement \u00e0 bord du Norr\u00f6na. Profitez de la travers\u00e9e pour vous d\u00e9tendre avant d\u2019arriver \u00e0 Sey\u00f0isfj\u00f6r\u00f0ur, pr\u00eat \u00e0 commencer votre aventure islandaise.<\/p>\n\n\n\n<div style=\"height:10px\" aria-hidden=\"true\" class=\"wp-block-spacer\"><\/div>\n\n\n\n<h4 id=\"h-pourquoi-choisir-votre-propre-camping-car\" class=\"wp-block-heading\" style=\"margin-top:var(--wp--preset--spacing--30);margin-bottom:var(--wp--preset--spacing--30)\">Pourquoi choisir <br>votre propre camping-car ?<\/h4>\n\n\n\n<p class=\"wp-block-paragraph\">Voyagez dans un v\u00e9hicule que vous connaissez et auquel vous faites confiance.<\/p>\n\n\n\n<p class=\"wp-block-paragraph\">Emportez tout ce dont vous avez besoin sans les restrictions de bagages des compagnies a\u00e9riennes.<\/p>\n\n\n\n<p class=\"wp-block-paragraph\">\u00c9vitez les formalit\u00e9s de prise en charge et de restitution d\u2019un v\u00e9hicule de location.<\/p>\n\n\n\n<p class=\"wp-block-paragraph\">Profitez d\u2019une grande libert\u00e9 pour adapter votre itin\u00e9raire.<\/p>\n\n\n\n<p class=\"wp-block-paragraph\">Commencez \u00e0 explorer l\u2019Islande d\u00e8s votre arriv\u00e9e dans l\u2019est du pays.<\/p>\n<\/div><figure class=\"wp-block-media-text__media\"><img loading=\"lazy\" decoding=\"async\" width=\"1600\" height=\"1279\" src=\"https:\/\/www.smyrilline.com\/wp-content\/smush-webp\/2026\/07\/IMG_5742-3-1600x1279.jpg.webp\" alt=\"\" class=\"wp-image-33176 size-full\" srcset=\"https:\/\/www.smyrilline.com\/wp-content\/smush-webp\/2026\/07\/IMG_5742-3-1600x1279.jpg.webp 1600w, https:\/\/www.smyrilline.com\/wp-content\/smush-webp\/2026\/07\/IMG_5742-3-800x640.jpg.webp 800w, https:\/\/www.smyrilline.com\/wp-content\/smush-webp\/2026\/07\/IMG_5742-3-768x614.jpg.webp 768w, https:\/\/www.smyrilline.com\/wp-content\/smush-webp\/2026\/07\/IMG_5742-3-1536x1228.jpg.webp 1536w, https:\/\/www.smyrilline.com\/wp-content\/smush-webp\/2026\/07\/IMG_5742-3-2048x1638.jpg.webp 2048w, https:\/\/www.smyrilline.com\/wp-content\/smush-webp\/2026\/07\/IMG_5742-3-340x272.jpg.webp 340w, https:\/\/www.smyrilline.com\/wp-content\/smush-webp\/2026\/07\/IMG_5742-3-1024x819.jpg.webp 1024w, https:\/\/www.smyrilline.com\/wp-content\/smush-webp\/2026\/07\/IMG_5742-3-1280x1024.jpg.webp 1280w, https:\/\/www.smyrilline.com\/wp-content\/smush-webp\/2026\/07\/IMG_5742-3-1920x1535.jpg.webp 1920w\" sizes=\"auto, (max-width: 1600px) 100vw, 1600px\" \/><\/figure><\/div>\n\n\n\n<div style=\"height:80px\" aria-hidden=\"true\" class=\"wp-block-spacer\"><\/div>\n\n\n\n<div class=\"wp-block-group alignfull has-black-50-background-color has-background has-global-padding is-layout-constrained wp-block-group-is-layout-constrained\">\n<div style=\"height:60px\" aria-hidden=\"true\" class=\"wp-block-spacer\"><\/div>\n\n\n\n<h2 id=\"h-combien-de-temps-partir\" class=\"wp-block-heading\">Combien de temps partir ?<\/h2>\n\n\n\n<p class=\"wp-block-paragraph\">De nombreux voyageurs consacrent entre deux et quatre semaines \u00e0 la d\u00e9couverte de l\u2019Islande en camping-car. Quelle que soit la dur\u00e9e de votre s\u00e9jour, voyager avec votre propre v\u00e9hicule vous permet de ralentir et de profiter pleinement de chaque \u00e9tape.<\/p>\n\n\n\n<div style=\"height:40px\" aria-hidden=\"true\" class=\"wp-block-spacer\"><\/div>\n\n\n\n<div id=\"content-list_block_94be45c73daaf9483fb11bf755370bd1\" class=\"lunnar-content-list alignwide content-list-swiper card-size-large\">\n    \n                            <div class=\"content-list items-3\" style=\"width: calc(100% - 30px) !important;\">\n                \n                                    <div class=\"swiper-wrapper\">\n                    \n                                            \n                        <div class=\"content-list-item swiper-slide\">\n                                                            <div class=\"content-list-item-image title-on-image\">\n                                                                            <h4>Deux semaines<\/h4>\n                                    \n                                    <img loading=\"lazy\" decoding=\"async\" src=\"https:\/\/www.smyrilline.com\/wp-content\/smush-webp\/2025\/02\/Johannes-Becker-20_1920x1325-1600x1104.jpg.webp\" alt=\"\" width=\"1600\" height=\"1104\">\n                                <\/div>\n                            \n                            <div class=\"content-list-item-content\">\n                                \n                                                                    <p>\n                                        <h4>Le grand classique<br \/>\nen camping-car<\/h4>\n<p>Partir en Islande avec votre propre camping-car vous permet de prendre votre temps et de profiter pleinement de chaque \u00e9tape. Deux semaines, c\u2019est une dur\u00e9e id\u00e9ale pour d\u00e9couvrir le pays en camping-car, tout en gardant la libert\u00e9 de vous arr\u00eater au gr\u00e9 de vos envies. Voici quelques id\u00e9es pour vous inspirer.<\/p>\n<p><strong>Id\u00e9al pour :<\/strong><\/p>\n<ul>\n<li>Un premier voyage en Islande<\/li>\n<li>Les couples<\/li>\n<li>Les familles<\/li>\n<li>Les amoureux de la nature<\/li>\n<\/ul>\n                                    <\/p>\n                                \n                                                            <\/div>\n                        <\/div>\n                                            \n                        <div class=\"content-list-item swiper-slide\">\n                                                            <div class=\"content-list-item-image title-on-image\">\n                                                                            <h4>Trois semaines<\/h4>\n                                    \n                                    <img loading=\"lazy\" decoding=\"async\" src=\"https:\/\/www.smyrilline.com\/wp-content\/smush-webp\/2026\/07\/Iceland-HB5-1600px.jpg.webp\" alt=\"\" width=\"1280\" height=\"1600\">\n                                <\/div>\n                            \n                            <div class=\"content-list-item-content\">\n                                \n                                                                    <p>\n                                        <h4>D\u00e9couvrir davantage,<br \/>\nsans se presser<\/h4>\n<p>Avec trois semaines devant vous, vous pouvez voyager \u00e0 un rythme plus tranquille et prolonger votre s\u00e9jour dans les endroits qui vous plaisent particuli\u00e8rement. Explorez les fjords de l\u2019Ouest, d\u00e9couvrez des r\u00e9gions plus recul\u00e9es et partez \u00e0 la rencontre d\u2019une Islande plus confidentielle, loin des sites les plus fr\u00e9quent\u00e9s.<\/p>\n<p><strong>Id\u00e9al pour :<\/strong><\/p>\n<ul>\n<li>Les voyageurs qui connaissent d\u00e9j\u00e0 l\u2019Islande<\/li>\n<li>Les voyageurs qui aiment prendre leur temps<\/li>\n<li>Les photographes<\/li>\n<li>Les randonneurs<\/li>\n<\/ul>\n                                    <\/p>\n                                \n                                                            <\/div>\n                        <\/div>\n                                            \n                        <div class=\"content-list-item swiper-slide\">\n                                                            <div class=\"content-list-item-image title-on-image\">\n                                                                            <h4>Quatre semaines<\/h4>\n                                    \n                                    <img loading=\"lazy\" decoding=\"async\" src=\"https:\/\/www.smyrilline.com\/wp-content\/smush-webp\/2026\/07\/Iceland-HB11-copy-1600px.jpg.webp\" alt=\"\" width=\"1600\" height=\"1067\">\n                                <\/div>\n                            \n                            <div class=\"content-list-item-content\">\n                                \n                                                                    <p>\n                                        <h4>La grande aventure<br \/>\nen camping-car<\/h4>\n<p>Quatre semaines en camping-car vous donnent tout le temps n\u00e9cessaire pour d\u00e9couvrir l\u2019Islande \u00e0 votre rythme. Laissez-vous guider par vos envies, revenez dans vos endroits pr\u00e9f\u00e9r\u00e9s et, si vous voyagez avec un camping-car 4&#215;4 adapt\u00e9, partez \u00e0 la d\u00e9couverte des Hautes Terres pendant l\u2019\u00e9t\u00e9.<\/p>\n<p><strong>Id\u00e9al pour :<\/strong><\/p>\n<ul>\n<li>Les longs s\u00e9jours<\/li>\n<li>Les couples<\/li>\n<li>Les amateurs de plein air<\/li>\n<li>Les voyageurs en qu\u00eate de flexibilit\u00e9<\/li>\n<\/ul>\n                                    <\/p>\n                                \n                                                            <\/div>\n                        <\/div>\n                    \n                                        <\/div><!-- Close swiper-wrapper -->\n                    <div class=\"swiper-scrollbar\"><\/div>\n                                <\/div><!-- Close content-list -->\n                        <\/div><!-- Close main container -->\n\n\n<div style=\"height:60px\" aria-hidden=\"true\" class=\"wp-block-spacer\"><\/div>\n<\/div>\n\n\n\n<div style=\"height:80px\" aria-hidden=\"true\" class=\"wp-block-spacer\"><\/div>\n\n\n\n<div class=\"wp-block-media-text alignwide is-stacked-on-mobile\"><figure class=\"wp-block-media-text__media\"><img loading=\"lazy\" decoding=\"async\" width=\"1600\" height=\"1104\" src=\"https:\/\/www.smyrilline.com\/wp-content\/smush-webp\/2025\/02\/Icelandxfrauki24-1920x1325-1-1600x1104.jpg.webp\" alt=\"\" class=\"wp-image-1528 size-full\" srcset=\"https:\/\/www.smyrilline.com\/wp-content\/smush-webp\/2025\/02\/Icelandxfrauki24-1920x1325-1-1600x1104.jpg.webp 1600w, https:\/\/www.smyrilline.com\/wp-content\/smush-webp\/2025\/02\/Icelandxfrauki24-1920x1325-1-800x552.jpg.webp 800w, https:\/\/www.smyrilline.com\/wp-content\/smush-webp\/2025\/02\/Icelandxfrauki24-1920x1325-1-768x530.jpg.webp 768w, https:\/\/www.smyrilline.com\/wp-content\/smush-webp\/2025\/02\/Icelandxfrauki24-1920x1325-1-1536x1060.jpg.webp 1536w, https:\/\/www.smyrilline.com\/wp-content\/uploads\/2025\/02\/Icelandxfrauki24-1920x1325-1-340x235.jpg 340w, https:\/\/www.smyrilline.com\/wp-content\/uploads\/2025\/02\/Icelandxfrauki24-1920x1325-1-1024x707.jpg 1024w, https:\/\/www.smyrilline.com\/wp-content\/uploads\/2025\/02\/Icelandxfrauki24-1920x1325-1-1280x883.jpg 1280w, https:\/\/www.smyrilline.com\/wp-content\/smush-webp\/2025\/02\/Icelandxfrauki24-1920x1325-1.jpg.webp 1920w\" sizes=\"auto, (max-width: 1600px) 100vw, 1600px\" \/><\/figure><div class=\"wp-block-media-text__content\">\n<h2 id=\"h-camper-en-islande\" class=\"wp-block-heading\" style=\"margin-top:var(--wp--preset--spacing--30);margin-bottom:var(--wp--preset--spacing--30)\">Camper en Islande<\/h2>\n\n\n\n<p class=\"wp-block-paragraph\">L\u2019Islande compte des centaines de campings r\u00e9partis \u00e0 travers le pays. Certains sont tr\u00e8s simples et proches de la nature, tandis que d\u2019autres disposent d\u2019\u00e9lectricit\u00e9, de douches, de cuisines ou encore de laveries.<\/p>\n\n\n\n<p class=\"wp-block-paragraph\">Pendant les mois d\u2019\u00e9t\u00e9, mieux vaut r\u00e9server \u00e0 l\u2019avance dans les campings les plus fr\u00e9quent\u00e9s. Votre propre camping-car vous laisse n\u00e9anmoins suffisamment de flexibilit\u00e9 pour modifier votre itin\u00e9raire et d\u00e9couvrir des endroits plus tranquilles.<\/p>\n\n\n\n<p class=\"wp-block-paragraph\">Le camping sauvage est r\u00e9glement\u00e9 en Islande. Les nuit\u00e9es en camping-car ou en van am\u00e9nag\u00e9 doivent g\u00e9n\u00e9ralement avoir lieu dans des campings pr\u00e9vus \u00e0 cet effet, sauf autorisation du propri\u00e9taire du terrain. Pensez donc \u00e0 consulter la r\u00e9glementation en vigueur avant votre d\u00e9part.<\/p>\n<\/div><\/div>\n\n\n\n<div style=\"height:80px\" aria-hidden=\"true\" class=\"wp-block-spacer\"><\/div>\n\n\n\n<div class=\"wp-block-media-text alignwide has-media-on-the-right is-stacked-on-mobile\"><div class=\"wp-block-media-text__content\">\n<h3 id=\"h-la-vie-sur-la-route\" class=\"wp-block-heading is-style-heading-h2-size is-style-heading-h2-size--3\" style=\"margin-top:var(--wp--preset--spacing--30);margin-bottom:var(--wp--preset--spacing--30)\">La vie sur la route<\/h3>\n\n\n\n<p class=\"wp-block-paragraph\">Les plus beaux souvenirs d\u2019un road trip en Islande ne sont pas toujours ceux que l\u2019on avait pr\u00e9vus.<\/p>\n\n\n\n<p class=\"wp-block-paragraph\">Un caf\u00e9 matinal face \u00e0 un fjord. Un pique-nique pr\u00e8s d\u2019une cascade d\u00e9couverte par hasard. Les longues soir\u00e9es d\u2019\u00e9t\u00e9 pass\u00e9es dehors ou, plus tard dans la saison, les yeux tourn\u00e9s vers le ciel \u00e0 la recherche des aurores bor\u00e9ales.<\/p>\n\n\n\n<p class=\"wp-block-paragraph\">En camping-car, le trajet devient aussi important que la destination. Et ce sont souvent les arr\u00eats improvis\u00e9s et les moments les plus simples qui restent longtemps en m\u00e9moire.<\/p>\n<\/div><figure class=\"wp-block-media-text__media\"><img loading=\"lazy\" decoding=\"async\" width=\"1600\" height=\"1104\" src=\"https:\/\/www.smyrilline.com\/wp-content\/smush-webp\/2025\/02\/shutterstock_1347122990_EDIT-1920x1325-1-1600x1104.jpg.webp\" alt=\"\" class=\"wp-image-1524 size-full\" srcset=\"https:\/\/www.smyrilline.com\/wp-content\/smush-webp\/2025\/02\/shutterstock_1347122990_EDIT-1920x1325-1-1600x1104.jpg.webp 1600w, https:\/\/www.smyrilline.com\/wp-content\/smush-webp\/2025\/02\/shutterstock_1347122990_EDIT-1920x1325-1-800x552.jpg.webp 800w, https:\/\/www.smyrilline.com\/wp-content\/smush-webp\/2025\/02\/shutterstock_1347122990_EDIT-1920x1325-1-768x530.jpg.webp 768w, https:\/\/www.smyrilline.com\/wp-content\/smush-webp\/2025\/02\/shutterstock_1347122990_EDIT-1920x1325-1-1536x1060.jpg.webp 1536w, https:\/\/www.smyrilline.com\/wp-content\/uploads\/2025\/02\/shutterstock_1347122990_EDIT-1920x1325-1-340x235.jpg 340w, https:\/\/www.smyrilline.com\/wp-content\/uploads\/2025\/02\/shutterstock_1347122990_EDIT-1920x1325-1-1024x707.jpg 1024w, https:\/\/www.smyrilline.com\/wp-content\/uploads\/2025\/02\/shutterstock_1347122990_EDIT-1920x1325-1-1280x883.jpg 1280w, https:\/\/www.smyrilline.com\/wp-content\/smush-webp\/2025\/02\/shutterstock_1347122990_EDIT-1920x1325-1.jpg.webp 1920w\" sizes=\"auto, (max-width: 1600px) 100vw, 1600px\" \/><\/figure><\/div>\n\n\n\n<div style=\"height:80px\" aria-hidden=\"true\" class=\"wp-block-spacer\"><\/div>\n\n\n\n<h2 id=\"h-explorez-l-islande\" class=\"wp-block-heading\">Explorez l&rsquo;Islande<\/h2>\n\n\n\n<p class=\"wp-block-paragraph\">Des paysages \u00e0 couper le souffle aux bains relaxants, trouvez votre aventure islandaise parfaite.<\/p>\n\n\n\n<div style=\"height:40px\" aria-hidden=\"true\" class=\"wp-block-spacer\"><\/div>\n\n\n\n<div id=\"shortcuts_block_26880dde4e1d23ab793ec5bfa3413e7a\" class=\"lunnar-shortcuts is-style-shortcuts-swiper alignwide shortcuts-swiper\">\n    \n                            <div class=\"shortcuts-list items-4\" style=\"width: calc(100% - 40px) !important;\">\n                \n                                    <div class=\"swiper-wrapper\">\n                    \n                    \n                        \n                        <a href=\"https:\/\/www.smyrilline.com\/fr\/les-points-forts-de-lislande\/\" target=\"\" class=\"shortcuts-item swiper-slide\">\n                            <h3 class=\"shortcuts-item-title\">Les points forts de l\u2019Islande<\/h3>\n\n                            <div class=\"shortcuts-item-arrow\"><img decoding=\"async\" src=\"https:\/\/www.smyrilline.com\/wp-content\/themes\/lunnar-smyrilline\/images\/icon-circle-arrow.svg\" class=\"injectable\" alt=\"icon-circle-arrow\" loading=\"lazy\" \/><\/div>\n\n                            \n                                                                                            \n                                <picture>\n                                    <source media=\"(min-width: 769px)\" srcset=\"https:\/\/www.smyrilline.com\/wp-content\/uploads\/2025\/02\/About-Icleand-1920x1325-1-600x890.jpg\">\n                                    <img src=\"https:\/\/www.smyrilline.com\/wp-content\/uploads\/2025\/02\/About-Icleand-1920x1325-1-360x506.jpg\" \n                                        alt=\"About-Icleand-1920x1325-1.jpg\" \n                                        class=\"shortcut-image\" \n                                        loading=\"lazy\" \n                                        decoding=\"async\">\n                                <\/picture>\n                                                    <\/a>\n                    \n                        \n                        <a href=\"https:\/\/www.smyrilline.com\/fr\/bains-geothermiques-en-islande\/\" target=\"\" class=\"shortcuts-item swiper-slide\">\n                            <h3 class=\"shortcuts-item-title\">Bains g\u00e9othermiques en Islande<\/h3>\n\n                            <div class=\"shortcuts-item-arrow\"><img decoding=\"async\" src=\"https:\/\/www.smyrilline.com\/wp-content\/themes\/lunnar-smyrilline\/images\/icon-circle-arrow.svg\" class=\"injectable\" alt=\"icon-circle-arrow\" loading=\"lazy\" \/><\/div>\n\n                            \n                                                                                            \n                                <picture>\n                                    <source media=\"(min-width: 769px)\" srcset=\"https:\/\/www.smyrilline.com\/wp-content\/uploads\/2025\/02\/Sky-Lagoon_DSC9527-copy-2-1920x1325-1-600x890.jpg\">\n                                    <img src=\"https:\/\/www.smyrilline.com\/wp-content\/uploads\/2025\/02\/Sky-Lagoon_DSC9527-copy-2-1920x1325-1-360x506.jpg\" \n                                        alt=\"Sky-Lagoon_DSC9527-copy-2-1920x1325-1.jpg\" \n                                        class=\"shortcut-image\" \n                                        loading=\"lazy\" \n                                        decoding=\"async\">\n                                <\/picture>\n                                                    <\/a>\n                    \n                        \n                        <a href=\"https:\/\/www.smyrilline.com\/fr\/fascinante-islande\/\" target=\"\" class=\"shortcuts-item swiper-slide\">\n                            <h3 class=\"shortcuts-item-title\">Fascinante Islande<\/h3>\n\n                            <div class=\"shortcuts-item-arrow\"><img decoding=\"async\" src=\"https:\/\/www.smyrilline.com\/wp-content\/themes\/lunnar-smyrilline\/images\/icon-circle-arrow.svg\" class=\"injectable\" alt=\"icon-circle-arrow\" loading=\"lazy\" \/><\/div>\n\n                            \n                                                                                            \n                                <picture>\n                                    <source media=\"(min-width: 769px)\" srcset=\"https:\/\/www.smyrilline.com\/wp-content\/uploads\/2024\/12\/portrait-iceland-faroe-islands-600x890.jpg\">\n                                    <img src=\"https:\/\/www.smyrilline.com\/wp-content\/uploads\/2024\/12\/portrait-iceland-faroe-islands-360x506.jpg\" \n                                        alt=\"portrait-iceland-faroe-islands.jpg\" \n                                        class=\"shortcut-image\" \n                                        loading=\"lazy\" \n                                        decoding=\"async\">\n                                <\/picture>\n                                                    <\/a>\n                    \n                        \n                        <a href=\"https:\/\/www.smyrilline.com\/fr\/bains-naturels-en-islande\/\" target=\"\" class=\"shortcuts-item swiper-slide\">\n                            <h3 class=\"shortcuts-item-title\">Bains naturels en Islande<\/h3>\n\n                            <div class=\"shortcuts-item-arrow\"><img decoding=\"async\" src=\"https:\/\/www.smyrilline.com\/wp-content\/themes\/lunnar-smyrilline\/images\/icon-circle-arrow.svg\" class=\"injectable\" alt=\"icon-circle-arrow\" loading=\"lazy\" \/><\/div>\n\n                            \n                                                                                            \n                                <picture>\n                                    <source media=\"(min-width: 769px)\" srcset=\"https:\/\/www.smyrilline.com\/wp-content\/uploads\/2025\/02\/Landmannalaugar-hot-spring-1920x1325-1-e1738853218423-600x890.jpg\">\n                                    <img src=\"https:\/\/www.smyrilline.com\/wp-content\/uploads\/2025\/02\/Landmannalaugar-hot-spring-1920x1325-1-e1738853218423-360x506.jpg\" \n                                        alt=\"Landmannalaugar-hot-spring-1920x1325-1-e1738853218423.jpg\" \n                                        class=\"shortcut-image\" \n                                        loading=\"lazy\" \n                                        decoding=\"async\">\n                                <\/picture>\n                                                    <\/a>\n                    \n                                        <\/div>\n\n                    <div class=\"swiper-scrollbar\"><\/div>\n                                <\/div>\n                        <\/div>\n\n\n<div style=\"height:80px\" aria-hidden=\"true\" class=\"wp-block-spacer\"><\/div>\n\n\n\n<div class=\"wp-block-media-text alignwide has-media-on-the-right is-stacked-on-mobile is-vertically-aligned-center\"><div class=\"wp-block-media-text__content\">\n<h2 id=\"h-commencez-par-l-est\" class=\"wp-block-heading\" style=\"margin-top:var(--wp--preset--spacing--30);margin-bottom:var(--wp--preset--spacing--30);padding-top:0;padding-bottom:0\">Commencez par l\u2019Est<\/h2>\n\n\n\n<p class=\"wp-block-paragraph\" style=\"margin-top:0;margin-bottom:0;padding-top:0;padding-bottom:0\">Votre aventure commence dans la charmante ville portuaire de Sey\u00f0isfj\u00f6r\u00f0ur.<\/p>\n\n\n\n<p class=\"wp-block-paragraph\">Avec ses routes tranquilles, ses fjords spectaculaires et ses villages accueillants, l\u2019est de l\u2019Islande est id\u00e9al pour prendre tranquillement le rythme du voyage. D\u00e9couvrez la cascade de Hengifoss, les impressionnantes colonnes de basalte du canyon de Stu\u00f0lagil, d\u00e9tendez-vous aux bains de V\u00f6k ou suivez simplement les routes sinueuses des fjords de l\u2019Est avant de trouver un camping avec vue.<\/p>\n\n\n\n<p class=\"wp-block-paragraph\">Commencer votre s\u00e9jour dans cette r\u00e9gion vous permet de d\u00e9couvrir l\u2019une des parties les plus paisibles du pays avant de poursuivre votre road trip autour de l\u2019Islande.<\/p>\n<\/div><figure class=\"wp-block-media-text__media\"><img loading=\"lazy\" decoding=\"async\" width=\"1600\" height=\"1066\" src=\"https:\/\/www.smyrilline.com\/wp-content\/smush-webp\/2025\/02\/@hannes_becker40-Gron-1600px.jpg.webp\" alt=\"\" class=\"wp-image-3928 size-full\" srcset=\"https:\/\/www.smyrilline.com\/wp-content\/smush-webp\/2025\/02\/@hannes_becker40-Gron-1600px.jpg.webp 1600w, https:\/\/www.smyrilline.com\/wp-content\/uploads\/2025\/02\/@hannes_becker40-Gron-1600px-340x227.jpg 340w, https:\/\/www.smyrilline.com\/wp-content\/smush-webp\/2025\/02\/@hannes_becker40-Gron-1600px-800x533.jpg.webp 800w, https:\/\/www.smyrilline.com\/wp-content\/smush-webp\/2025\/02\/@hannes_becker40-Gron-1600px-768x512.jpg.webp 768w, https:\/\/www.smyrilline.com\/wp-content\/smush-webp\/2025\/02\/@hannes_becker40-Gron-1600px-1536x1023.jpg.webp 1536w, https:\/\/www.smyrilline.com\/wp-content\/uploads\/2025\/02\/@hannes_becker40-Gron-1600px-1024x682.jpg 1024w, https:\/\/www.smyrilline.com\/wp-content\/uploads\/2025\/02\/@hannes_becker40-Gron-1600px-1280x853.jpg 1280w\" sizes=\"auto, (max-width: 1600px) 100vw, 1600px\" \/><\/figure><\/div>\n\n\n\n<div style=\"height:80px\" aria-hidden=\"true\" class=\"wp-block-spacer\"><\/div>\n\n\n\n<div class=\"wp-block-media-text alignwide is-stacked-on-mobile is-vertically-aligned-center\"><figure class=\"wp-block-media-text__media\"><img loading=\"lazy\" decoding=\"async\" width=\"1600\" height=\"1067\" src=\"https:\/\/www.smyrilline.com\/wp-content\/smush-webp\/2026\/07\/Car_Iceland-Daniel-Ernst-Smyril_064-1600px.jpg.webp\" alt=\"\" class=\"wp-image-33191 size-full\" srcset=\"https:\/\/www.smyrilline.com\/wp-content\/smush-webp\/2026\/07\/Car_Iceland-Daniel-Ernst-Smyril_064-1600px.jpg.webp 1600w, https:\/\/www.smyrilline.com\/wp-content\/smush-webp\/2026\/07\/Car_Iceland-Daniel-Ernst-Smyril_064-1600px-800x534.jpg.webp 800w, https:\/\/www.smyrilline.com\/wp-content\/smush-webp\/2026\/07\/Car_Iceland-Daniel-Ernst-Smyril_064-1600px-768x512.jpg.webp 768w, https:\/\/www.smyrilline.com\/wp-content\/smush-webp\/2026\/07\/Car_Iceland-Daniel-Ernst-Smyril_064-1600px-1536x1024.jpg.webp 1536w, https:\/\/www.smyrilline.com\/wp-content\/smush-webp\/2026\/07\/Car_Iceland-Daniel-Ernst-Smyril_064-1600px-340x227.jpg.webp 340w, https:\/\/www.smyrilline.com\/wp-content\/smush-webp\/2026\/07\/Car_Iceland-Daniel-Ernst-Smyril_064-1600px-1024x683.jpg.webp 1024w, https:\/\/www.smyrilline.com\/wp-content\/smush-webp\/2026\/07\/Car_Iceland-Daniel-Ernst-Smyril_064-1600px-1280x854.jpg.webp 1280w\" sizes=\"auto, (max-width: 1600px) 100vw, 1600px\" \/><\/figure><div class=\"wp-block-media-text__content\">\n<h2 id=\"h-informations-pratiques\" class=\"wp-block-heading\" style=\"margin-top:var(--wp--preset--spacing--30);margin-bottom:var(--wp--preset--spacing--30);padding-top:0;padding-bottom:0\">Informations pratiques<\/h2>\n\n\n\n<p class=\"wp-block-paragraph\" style=\"margin-top:0;margin-bottom:0;padding-top:0;padding-bottom:0\">Un peu de pr\u00e9paration avant votre d\u00e9part vous permettra de profiter pleinement de votre voyage en camping-car en Islande.<\/p>\n\n\n\n<p class=\"wp-block-paragraph\">Avant de partir, pensez \u00e0 v\u00e9rifier :<\/p>\n\n\n\n<ul class=\"wp-block-list\">\n<li>Les dates d\u2019ouverture des campings<\/li>\n\n\n\n<li>L\u2019\u00e9tat des routes et les conditions m\u00e9t\u00e9orologiques<\/li>\n\n\n\n<li>Les branchements \u00e9lectriques disponibles<\/li>\n\n\n\n<li>Les points d\u2019eau potable et les installations de vidange<\/li>\n\n\n\n<li>La disponibilit\u00e9 du gaz<\/li>\n\n\n\n<li>Les dimensions de votre camping-car lors de la r\u00e9servation de la travers\u00e9e<\/li>\n<\/ul>\n\n\n\n<p class=\"wp-block-paragraph\">M\u00eame avec un itin\u00e9raire bien pr\u00e9par\u00e9, laissez une place \u00e0 l\u2019impr\u00e9vu. En Islande, la m\u00e9t\u00e9o peut changer rapidement et certains des plus beaux moments du voyage naissent justement d\u2019une \u00e9tape prolong\u00e9e ou d\u2019un d\u00e9tour qui n\u2019\u00e9tait pas pr\u00e9vu.<\/p>\n<\/div><\/div>\n\n\n\n<div style=\"height:70px\" aria-hidden=\"true\" class=\"wp-block-spacer\"><\/div>\n\n\n\n<div class=\"wp-block-group alignfull has-yellow-50-background-color has-background has-global-padding is-layout-constrained wp-block-group-is-layout-constrained\">\n<div style=\"height:var(--wp--preset--spacing--50)\" aria-hidden=\"true\" class=\"wp-block-spacer\"><\/div>\n\n\n\n<h2 class=\"wp-block-heading has-text-align-center\" id=\"h-preparer-votre-voyage\">Pr\u00e9parer <br>votre voyage<\/h2>\n\n\n\n<div style=\"height:20px\" aria-hidden=\"true\" class=\"wp-block-spacer\"><\/div>\n\n\n\n<div class=\"wp-block-columns alignwide is-layout-flex wp-container-core-columns-is-layout-794e3cfa wp-block-columns-is-layout-flex\">\n<div class=\"wp-block-column is-layout-flow wp-block-column-is-layout-flow\">\n<figure class=\"wp-block-image aligncenter size-full is-resized\"><img loading=\"lazy\" decoding=\"async\" width=\"1254\" height=\"1254\" src=\"https:\/\/www.smyrilline.com\/wp-content\/smush-webp\/2026\/07\/1.png.webp\" alt=\"\" class=\"wp-image-33160\" style=\"width:85px;height:auto\" srcset=\"https:\/\/www.smyrilline.com\/wp-content\/smush-webp\/2026\/07\/1.png.webp 1254w, https:\/\/www.smyrilline.com\/wp-content\/smush-webp\/2026\/07\/1-800x800.png.webp 800w, https:\/\/www.smyrilline.com\/wp-content\/smush-webp\/2026\/07\/1-300x300.png.webp 300w, https:\/\/www.smyrilline.com\/wp-content\/smush-webp\/2026\/07\/1-768x768.png.webp 768w, https:\/\/www.smyrilline.com\/wp-content\/smush-webp\/2026\/07\/1-340x340.png.webp 340w, https:\/\/www.smyrilline.com\/wp-content\/smush-webp\/2026\/07\/1-1024x1024.png.webp 1024w\" sizes=\"auto, (max-width: 1254px) 100vw, 1254px\" \/><\/figure>\n\n\n\n<h5 class=\"wp-block-heading has-text-align-center\" id=\"h-quand-partir\">Quand partir ?<\/h5>\n\n\n\n<p class=\"has-text-align-center wp-block-paragraph\">De la fin du printemps au d\u00e9but de l\u2019automne, les conditions sont g\u00e9n\u00e9ralement les plus favorables pour voyager en camping-car : les journ\u00e9es sont longues, les campings sont ouverts et la plupart des routes sont accessibles.<\/p>\n<\/div>\n\n\n\n<div class=\"wp-block-column is-layout-flow wp-block-column-is-layout-flow\">\n<figure class=\"wp-block-image aligncenter size-full is-resized\"><img loading=\"lazy\" decoding=\"async\" width=\"1254\" height=\"1254\" src=\"https:\/\/www.smyrilline.com\/wp-content\/smush-webp\/2026\/07\/7.png.webp\" alt=\"\" class=\"wp-image-33593\" style=\"width:85px;height:auto\" srcset=\"https:\/\/www.smyrilline.com\/wp-content\/smush-webp\/2026\/07\/7.png.webp 1254w, https:\/\/www.smyrilline.com\/wp-content\/smush-webp\/2026\/07\/7-800x800.png.webp 800w, https:\/\/www.smyrilline.com\/wp-content\/smush-webp\/2026\/07\/7-300x300.png.webp 300w, https:\/\/www.smyrilline.com\/wp-content\/smush-webp\/2026\/07\/7-768x768.png.webp 768w, https:\/\/www.smyrilline.com\/wp-content\/smush-webp\/2026\/07\/7-340x340.png.webp 340w, https:\/\/www.smyrilline.com\/wp-content\/smush-webp\/2026\/07\/7-1024x1024.png.webp 1024w\" sizes=\"auto, (max-width: 1254px) 100vw, 1254px\" \/><\/figure>\n\n\n\n<h5 class=\"wp-block-heading has-text-align-center\" id=\"h-campings\">Campings<\/h5>\n\n\n\n<p class=\"has-text-align-center wp-block-paragraph\">Vous trouverez des campings dans toute l\u2019Islande, des plus simples aux plus \u00e9quip\u00e9s, avec douches, \u00e9lectricit\u00e9 et autres services.<\/p>\n<\/div>\n\n\n\n<div class=\"wp-block-column is-layout-flow wp-block-column-is-layout-flow\">\n<figure class=\"wp-block-image aligncenter size-full is-resized\"><img loading=\"lazy\" decoding=\"async\" width=\"1254\" height=\"1254\" src=\"https:\/\/www.smyrilline.com\/wp-content\/smush-webp\/2026\/07\/3.png.webp\" alt=\"\" class=\"wp-image-33158\" style=\"width:85px;height:auto\" srcset=\"https:\/\/www.smyrilline.com\/wp-content\/smush-webp\/2026\/07\/3.png.webp 1254w, https:\/\/www.smyrilline.com\/wp-content\/smush-webp\/2026\/07\/3-800x800.png.webp 800w, https:\/\/www.smyrilline.com\/wp-content\/smush-webp\/2026\/07\/3-300x300.png.webp 300w, https:\/\/www.smyrilline.com\/wp-content\/smush-webp\/2026\/07\/3-768x768.png.webp 768w, https:\/\/www.smyrilline.com\/wp-content\/smush-webp\/2026\/07\/3-340x340.png.webp 340w, https:\/\/www.smyrilline.com\/wp-content\/smush-webp\/2026\/07\/3-1024x1024.png.webp 1024w\" sizes=\"auto, (max-width: 1254px) 100vw, 1254px\" \/><\/figure>\n\n\n\n<h5 class=\"wp-block-heading has-text-align-center\" id=\"h-meteo\">M\u00e9t\u00e9o<\/h5>\n\n\n\n<p class=\"has-text-align-center wp-block-paragraph\">Le temps peut changer rapidement en Islande. Pr\u00e9voyez des v\u00eatements adapt\u00e9s \u00e0 diff\u00e9rentes conditions et gardez une certaine souplesse dans votre itin\u00e9raire.<\/p>\n<\/div>\n\n\n\n<div class=\"wp-block-column is-layout-flow wp-block-column-is-layout-flow\">\n<figure class=\"wp-block-image aligncenter size-full is-resized\"><img loading=\"lazy\" decoding=\"async\" width=\"1254\" height=\"1254\" src=\"https:\/\/www.smyrilline.com\/wp-content\/smush-webp\/2026\/07\/5.png.webp\" alt=\"\" class=\"wp-image-33157\" style=\"width:85px;height:auto\" srcset=\"https:\/\/www.smyrilline.com\/wp-content\/smush-webp\/2026\/07\/5.png.webp 1254w, https:\/\/www.smyrilline.com\/wp-content\/smush-webp\/2026\/07\/5-800x800.png.webp 800w, https:\/\/www.smyrilline.com\/wp-content\/smush-webp\/2026\/07\/5-300x300.png.webp 300w, https:\/\/www.smyrilline.com\/wp-content\/smush-webp\/2026\/07\/5-768x768.png.webp 768w, https:\/\/www.smyrilline.com\/wp-content\/smush-webp\/2026\/07\/5-340x340.png.webp 340w, https:\/\/www.smyrilline.com\/wp-content\/smush-webp\/2026\/07\/5-1024x1024.png.webp 1024w\" sizes=\"auto, (max-width: 1254px) 100vw, 1254px\" \/><\/figure>\n\n\n\n<h5 class=\"wp-block-heading has-text-align-center\" id=\"h-routes\">Routes<\/h5>\n\n\n\n<p class=\"has-text-align-center wp-block-paragraph\">La plupart des camping-cars peuvent circuler sur la Route 1 et les autres routes publiques. Les routes F sont r\u00e9serv\u00e9es aux v\u00e9hicules 4&#215;4 adapt\u00e9s et sont g\u00e9n\u00e9ralement ouvertes uniquement pendant les mois d\u2019\u00e9t\u00e9.<\/p>\n<\/div>\n\n\n\n<div class=\"wp-block-column is-layout-flow wp-block-column-is-layout-flow\">\n<figure class=\"wp-block-image aligncenter size-full is-resized\"><img loading=\"lazy\" decoding=\"async\" width=\"1254\" height=\"1254\" src=\"https:\/\/www.smyrilline.com\/wp-content\/smush-webp\/2026\/07\/2.png.webp\" alt=\"\" class=\"wp-image-33159\" style=\"width:85px;height:auto\" srcset=\"https:\/\/www.smyrilline.com\/wp-content\/smush-webp\/2026\/07\/2.png.webp 1254w, https:\/\/www.smyrilline.com\/wp-content\/smush-webp\/2026\/07\/2-800x800.png.webp 800w, https:\/\/www.smyrilline.com\/wp-content\/smush-webp\/2026\/07\/2-300x300.png.webp 300w, https:\/\/www.smyrilline.com\/wp-content\/smush-webp\/2026\/07\/2-768x768.png.webp 768w, https:\/\/www.smyrilline.com\/wp-content\/smush-webp\/2026\/07\/2-340x340.png.webp 340w, https:\/\/www.smyrilline.com\/wp-content\/smush-webp\/2026\/07\/2-1024x1024.png.webp 1024w\" sizes=\"auto, (max-width: 1254px) 100vw, 1254px\" \/><\/figure>\n\n\n\n<h5 class=\"wp-block-heading has-text-align-center\" id=\"h-distances-et-temps-de-trajet-nbsp\">Distances et temps de trajet&nbsp;<\/h5>\n\n\n\n<p class=\"has-text-align-center wp-block-paragraph\">M\u00eame si les distances peuvent sembler courtes sur une carte, prenez le temps de d\u00e9couvrir l\u2019Islande \u00e0 votre rythme. Pr\u00e9voyez suffisamment de temps pour admirer les paysages, faire des randonn\u00e9es et vous accorder quelques haltes improvis\u00e9es en chemin.<\/p>\n<\/div>\n\n\n\n<div class=\"wp-block-column is-layout-flow wp-block-column-is-layout-flow\">\n<figure class=\"wp-block-image aligncenter size-full is-resized\"><img loading=\"lazy\" decoding=\"async\" width=\"1254\" height=\"1254\" src=\"https:\/\/www.smyrilline.com\/wp-content\/smush-webp\/2026\/07\/6.png.webp\" alt=\"\" class=\"wp-image-33156\" style=\"width:85px;height:auto\" srcset=\"https:\/\/www.smyrilline.com\/wp-content\/smush-webp\/2026\/07\/6.png.webp 1254w, https:\/\/www.smyrilline.com\/wp-content\/smush-webp\/2026\/07\/6-800x800.png.webp 800w, https:\/\/www.smyrilline.com\/wp-content\/smush-webp\/2026\/07\/6-300x300.png.webp 300w, https:\/\/www.smyrilline.com\/wp-content\/smush-webp\/2026\/07\/6-768x768.png.webp 768w, https:\/\/www.smyrilline.com\/wp-content\/smush-webp\/2026\/07\/6-340x340.png.webp 340w, https:\/\/www.smyrilline.com\/wp-content\/smush-webp\/2026\/07\/6-1024x1024.png.webp 1024w\" sizes=\"auto, (max-width: 1254px) 100vw, 1254px\" \/><\/figure>\n\n\n\n<h5 class=\"wp-block-heading has-text-align-center\" id=\"h-a-emporter-nbsp\">\u00c0 emporter&nbsp;<\/h5>\n\n\n\n<p class=\"has-text-align-center wp-block-paragraph\">\u00b7 Des v\u00eatements chauds \u00e0 superposer<br>\u00b7 Des v\u00eatements imperm\u00e9ables<br>\u00b7 Des chaussures de randonn\u00e9e<br>\u00b7 Un maillot de bain<br>\u00b7 Une batterie externe<\/p>\n<\/div>\n<\/div>\n\n\n\n<div style=\"height:var(--wp--preset--spacing--50)\" aria-hidden=\"true\" class=\"wp-block-spacer\"><\/div>\n<\/div>\n\n\n\n<div style=\"height:70px\" aria-hidden=\"true\" class=\"wp-block-spacer\"><\/div>\n\n\n\n<h2 id=\"h-pourquoi-voyager-en-ferry\" class=\"wp-block-heading\">Pourquoi voyager en ferry ?<\/h2>\n\n\n\n<p class=\"wp-block-paragraph\">Voyager \u00e0 bord du Norr\u00f6na, ce n\u2019est pas simplement rejoindre votre destination : la travers\u00e9e fait d\u00e9j\u00e0 partie des vacances.<\/p>\n\n\n\n<p class=\"wp-block-paragraph\">Installez-vous confortablement dans votre cabine, profitez d\u2019un bon repas et admirez la vue sur l\u2019oc\u00e9an. Vous pouvez \u00e9galement choisir de faire \u00e9tape aux \u00eeles F\u00e9ro\u00e9 en chemin. \u00c0 votre arriv\u00e9e \u00e0 Sey\u00f0isfj\u00f6r\u00f0ur, votre camping-car est d\u00e9j\u00e0 avec vous. Il ne vous reste plus qu\u2019\u00e0 prendre la route et \u00e0 commencer votre aventure en Islande.<\/p>\n\n\n\n<div class=\"wp-block-buttons is-layout-flex wp-block-buttons-is-layout-flex\">\n<div class=\"wp-block-button\"><a class=\"wp-block-button__link has-base-dark-color has-yellow-500-background-color has-text-color has-background has-link-color wp-element-button\" href=\"https:\/\/booking.smyrilline.fo\/fr\/book\/\" target=\"_blank\" rel=\"noopener\">Voir les prix &amp; r\u00e9servez<\/a><\/div>\n<\/div>\n\n\n\n<div style=\"height:40px\" aria-hidden=\"true\" class=\"wp-block-spacer\"><\/div>\n\n\n\n<div id=\"shortcuts_block_2059ba8d35390e92cf2679b4a475c8f7\" class=\"lunnar-shortcuts alignwide shortcuts-swiper\">\n    \n                            <div class=\"shortcuts-list items-3\" style=\"width: calc(100% - 30px) !important;\">\n                \n                                    <div class=\"swiper-wrapper\">\n                    \n                    \n                        \n                        <a href=\"https:\/\/www.smyrilline.com\/fr\/norrona\/#cabines\" target=\"\" class=\"shortcuts-item swiper-slide\">\n                            <h3 class=\"shortcuts-item-title\">Cabines confortables<\/h3>\n\n                            <div class=\"shortcuts-item-arrow\"><img decoding=\"async\" src=\"https:\/\/www.smyrilline.com\/wp-content\/themes\/lunnar-smyrilline\/images\/icon-circle-arrow.svg\" class=\"injectable\" alt=\"icon-circle-arrow\" loading=\"lazy\" \/><\/div>\n\n                            \n                                                                                            \n                                <picture>\n                                    <source media=\"(min-width: 769px)\" srcset=\"https:\/\/www.smyrilline.com\/wp-content\/uploads\/2026\/06\/Nordic_Deluxe-5-1200px-e1782903365486-600x801.jpg\">\n                                    <img src=\"https:\/\/www.smyrilline.com\/wp-content\/uploads\/2026\/06\/Nordic_Deluxe-5-1200px-e1782903365486-360x506.jpg\" \n                                        alt=\"Nordic_Deluxe-5-1200px-e1782903365486.jpg\" \n                                        class=\"shortcut-image\" \n                                        loading=\"lazy\" \n                                        decoding=\"async\">\n                                <\/picture>\n                                                    <\/a>\n                    \n                        \n                        <a href=\"https:\/\/www.smyrilline.com\/fr\/norrona\/#restaurants-cafes\" target=\"\" class=\"shortcuts-item swiper-slide\">\n                            <h3 class=\"shortcuts-item-title\">Restaurants et vue sur la mer<\/h3>\n\n                            <div class=\"shortcuts-item-arrow\"><img decoding=\"async\" src=\"https:\/\/www.smyrilline.com\/wp-content\/themes\/lunnar-smyrilline\/images\/icon-circle-arrow.svg\" class=\"injectable\" alt=\"icon-circle-arrow\" loading=\"lazy\" \/><\/div>\n\n                            \n                                                                                            \n                                <picture>\n                                    <source media=\"(min-width: 769px)\" srcset=\"https:\/\/www.smyrilline.com\/wp-content\/smush-webp\/2026\/05\/Laterna_Magica-Beinta_og_Heri-Hanna-_QQL8287-view-copy-1-600x890.jpg.webp\">\n                                    <img src=\"https:\/\/www.smyrilline.com\/wp-content\/smush-webp\/2026\/05\/Laterna_Magica-Beinta_og_Heri-Hanna-_QQL8287-view-copy-1-360x506.jpg.webp\" \n                                        alt=\"Laterna_Magica-Beinta_og_Heri-Hanna-_QQL8287-view-copy-1.jpg\" \n                                        class=\"shortcut-image\" \n                                        loading=\"lazy\" \n                                        decoding=\"async\">\n                                <\/picture>\n                                                    <\/a>\n                    \n                        \n                        <a href=\"https:\/\/www.smyrilline.com\/fr\/islande-iles-feroe\/\" target=\"\" class=\"shortcuts-item swiper-slide\">\n                            <h3 class=\"shortcuts-item-title\">Escale facultative aux \u00eeles F\u00e9ro\u00e9<\/h3>\n\n                            <div class=\"shortcuts-item-arrow\"><img decoding=\"async\" src=\"https:\/\/www.smyrilline.com\/wp-content\/themes\/lunnar-smyrilline\/images\/icon-circle-arrow.svg\" class=\"injectable\" alt=\"icon-circle-arrow\" loading=\"lazy\" \/><\/div>\n\n                            \n                                                                                            \n                                <picture>\n                                    <source media=\"(min-width: 769px)\" srcset=\"https:\/\/www.smyrilline.com\/wp-content\/smush-webp\/2025\/06\/Camping-thumbnail-600x890.jpg.webp\">\n                                    <img src=\"https:\/\/www.smyrilline.com\/wp-content\/smush-webp\/2025\/06\/Camping-thumbnail-360x506.jpg.webp\" \n                                        alt=\"Camping-thumbnail.jpg\" \n                                        class=\"shortcut-image\" \n                                        loading=\"lazy\" \n                                        decoding=\"async\">\n                                <\/picture>\n                                                    <\/a>\n                    \n                                        <\/div>\n\n                    <div class=\"swiper-scrollbar\"><\/div>\n                                <\/div>\n                        <\/div>\n\n\n<div style=\"height:100px\" aria-hidden=\"true\" class=\"wp-block-spacer\"><\/div>\n\n\n\n<div class=\"wp-block-group alignfull has-black-50-background-color has-background has-global-padding is-layout-constrained wp-block-group-is-layout-constrained\">\n<div style=\"height:40px\" aria-hidden=\"true\" class=\"wp-block-spacer\"><\/div>\n\n\n\n<h2 id=\"h-faq\" class=\"wp-block-heading\">FAQ<\/h2>\n\n\n\n<div style=\"height:40px\" aria-hidden=\"true\" class=\"wp-block-spacer\"><\/div>\n\n\n\n<details class=\"wp-block-details is-layout-flow wp-block-details-is-layout-flow\"><summary><strong><strong><strong>Voyager avec votre camping-car<\/strong><\/strong>&nbsp;<\/strong>&nbsp;<\/summary>\n<p class=\"wp-block-paragraph\"><strong>Puis-je emmener mon propre camping-car en Islande ?<\/strong><br>Oui. Embarquez avec votre propre camping-car \u00e0 bord du Norr\u00f6na et commencez votre aventure en Islande d\u00e8s votre arriv\u00e9e \u00e0 Sey\u00f0isfj\u00f6r\u00f0ur. Voyager avec votre propre v\u00e9hicule vous permet de d\u00e9couvrir le pays \u00e0 votre rythme, tout en profitant du confort de votre camping-car.<br><br><strong>Pourquoi emmener mon propre camping-car plut\u00f4t que d\u2019en louer un en Islande ?<\/strong><br>Avec votre propre camping-car, vous \u00eates pr\u00eat \u00e0 partir \u00e0 l\u2019aventure d\u00e8s votre arriv\u00e9e en Islande. Tout est d\u00e9j\u00e0 \u00e0 bord, rang\u00e9 comme vous le souhaitez. Il ne vous reste plus qu\u2019\u00e0 prendre la route et \u00e0 profiter de la libert\u00e9 de d\u00e9couvrir l\u2019Islande \u00e0 votre rythme.<br><br><strong>Quels types de camping-cars puis-je emmener \u00e0 bord du Norr\u00f6na ?<\/strong><br>Le Norr\u00f6na peut accueillir diff\u00e9rents types de camping-cars et de vans am\u00e9nag\u00e9s. Il vous suffit d\u2019indiquer les dimensions de votre v\u00e9hicule lors de la r\u00e9servation afin d\u2019obtenir le tarif correspondant.<br><br><strong>Quelle est la meilleure p\u00e9riode pour voyager en camping-car en Islande ?<\/strong><br>La saison du camping s\u2019\u00e9tend g\u00e9n\u00e9ralement de la fin du printemps au d\u00e9but de l\u2019automne. \u00c0 cette p\u00e9riode, les journ\u00e9es sont plus longues, les temp\u00e9ratures plus douces et la plupart des routes et des campings sont accessibles.<\/p>\n<\/details>\n\n\n\n<details class=\"wp-block-details is-layout-flow wp-block-details-is-layout-flow\"><summary><strong>\u00c0 bord avec votre camping-car<\/strong><\/summary>\n<p class=\"wp-block-paragraph\"><strong>Puis-je utiliser l\u2019\u00e9lectricit\u00e9 de mon camping-car pendant la travers\u00e9e ?<\/strong><br>Non. Il n\u2019est pas permis de recharger les batteries des camping-cars, vans am\u00e9nag\u00e9s et caravanes \u00e0 bord. Pour des raisons de s\u00e9curit\u00e9, le pont-garage reste ferm\u00e9 pendant la travers\u00e9e. Pensez donc \u00e0 prendre avec vous tout ce dont vous aurez besoin \u00e0 bord avant le d\u00e9part.<br><br><strong>Puis-je utiliser le gaz de mon camping-car pendant la travers\u00e9e ?<\/strong><br>Non. Les appareils fonctionnant au gaz ne peuvent pas \u00eatre utilis\u00e9s \u00e0 bord. Si vous transportez des bouteilles de gaz, vous devez les d\u00e9clarer lors de l\u2019enregistrement et celles-ci doivent rester ferm\u00e9es pendant toute la travers\u00e9e.<br><br><strong>Puis-je acc\u00e9der \u00e0 mon camping-car pendant la travers\u00e9e ?<\/strong><br>Non. Pour des raisons de s\u00e9curit\u00e9, le pont-garage est ferm\u00e9 lorsque le Norr\u00f6na est en mer. Avant d\u2019embarquer, pensez \u00e0 prendre tout ce dont vous aurez besoin dans votre cabine, notamment vos v\u00eatements, vos m\u00e9dicaments et autres effets personnels indispensables.<\/p>\n<\/details>\n\n\n\n<details class=\"wp-block-details is-layout-flow wp-block-details-is-layout-flow\"><summary>Camper en Islande<\/summary>\n<p class=\"wp-block-paragraph\"><strong>O\u00f9 puis-je passer la nuit avec mon camping-car ?<\/strong><br>L\u2019Islande compte des campings dans toutes les r\u00e9gions du pays, ce qui permet de voyager facilement d\u2019une \u00e9tape \u00e0 l\u2019autre. Vous trouverez aussi bien de petits campings dans des cadres naturels que des \u00e9tablissements plus grands proposant de nombreux services.<br><br><strong>Le camping sauvage est-il autoris\u00e9 en Islande ?<\/strong><br>Le camping sauvage en camping-car ou en van am\u00e9nag\u00e9 n\u2019est g\u00e9n\u00e9ralement pas autoris\u00e9. Il est recommand\u00e9 de passer la nuit dans les campings pr\u00e9vus \u00e0 cet effet afin de contribuer \u00e0 la protection des paysages et de la nature uniques de l\u2019Islande.<br><br><strong>Quels \u00e9quipements trouve-t-on dans les campings islandais ?<\/strong><br>La plupart des campings disposent des \u00e9quipements essentiels, comme des toilettes, des douches, de l\u2019eau potable et des installations de vidange. Beaucoup proposent \u00e9galement l\u2019\u00e9lectricit\u00e9, des espaces pour cuisiner et des laveries. Les services disponibles peuvent toutefois varier d\u2019un camping \u00e0 l\u2019autre.<br><br><strong>Faut-il r\u00e9server les campings \u00e0 l\u2019avance ?<\/strong><br>En dehors de la haute saison estivale, de nombreux campings accueillent les voyageurs sans r\u00e9servation. Pendant les mois les plus fr\u00e9quent\u00e9s, il est toutefois conseill\u00e9 de r\u00e9server \u00e0 l\u2019avance, en particulier dans les destinations les plus populaires.<\/p>\n<\/details>\n\n\n\n<details class=\"wp-block-details is-layout-flow wp-block-details-is-layout-flow\"><summary>Conduite et pr\u00e9paration<\/summary>\n<p class=\"wp-block-paragraph\"><strong>Puis-je aller partout en Islande avec mon camping-car ?<\/strong><br>La plupart des camping-cars sont parfaitement adapt\u00e9s \u00e0 la Route 1 et aux autres routes publiques. Les routes F des Hautes Terres sont uniquement accessibles aux v\u00e9hicules 4&#215;4 adapt\u00e9s et sont g\u00e9n\u00e9ralement ouvertes pendant les mois d\u2019\u00e9t\u00e9.<br><br><strong>Comment me pr\u00e9parer \u00e0 la m\u00e9t\u00e9o islandaise ?<\/strong><br>En Islande, la m\u00e9t\u00e9o peut changer rapidement, m\u00eame en \u00e9t\u00e9. Pr\u00e9voyez des v\u00eatements adapt\u00e9s \u00e0 diff\u00e9rentes conditions, consultez r\u00e9guli\u00e8rement les pr\u00e9visions m\u00e9t\u00e9o et gardez une certaine souplesse dans votre itin\u00e9raire.<br><br><strong>Que faut-il emporter pour un voyage en camping-car en Islande ?<\/strong><br>Pr\u00e9voyez plusieurs couches de v\u00eatements chauds, des v\u00eatements imperm\u00e9ables, de bonnes chaussures de randonn\u00e9e et un maillot de bain pour profiter des piscines et bains g\u00e9othermiques islandais. Une gourde r\u00e9utilisable, une batterie externe et quelques provisions pour le d\u00e9but du voyage peuvent \u00e9galement \u00eatre utiles.<br><strong><br>Quelle distance pr\u00e9voir chaque jour ?<\/strong><br>M\u00eame si les distances peuvent sembler courtes sur une carte, il y a beaucoup \u00e0 d\u00e9couvrir en chemin. Pour de nombreux voyageurs, parcourir environ 150 \u00e0 250 km par jour permet de profiter des paysages, de faire des haltes et de d\u00e9couvrir les sites sans se presser.<\/p>\n<\/details>\n\n\n\n<div style=\"height:40px\" aria-hidden=\"true\" class=\"wp-block-spacer\"><\/div>\n<\/div>\n\n\n\n<div style=\"height:100px\" aria-hidden=\"true\" class=\"wp-block-spacer\"><\/div>\n\n\n\n<div class=\"wp-block-media-text alignwide is-stacked-on-mobile is-vertically-aligned-center\"><figure class=\"wp-block-media-text__media\"><img loading=\"lazy\" decoding=\"async\" width=\"1600\" height=\"1068\" src=\"https:\/\/www.smyrilline.com\/wp-content\/smush-webp\/2026\/07\/Icelandxfrauki26-1600px.jpg.webp\" alt=\"\" class=\"wp-image-33208 size-full\" srcset=\"https:\/\/www.smyrilline.com\/wp-content\/smush-webp\/2026\/07\/Icelandxfrauki26-1600px.jpg.webp 1600w, https:\/\/www.smyrilline.com\/wp-content\/smush-webp\/2026\/07\/Icelandxfrauki26-1600px-800x534.jpg.webp 800w, https:\/\/www.smyrilline.com\/wp-content\/smush-webp\/2026\/07\/Icelandxfrauki26-1600px-768x513.jpg.webp 768w, https:\/\/www.smyrilline.com\/wp-content\/smush-webp\/2026\/07\/Icelandxfrauki26-1600px-1536x1025.jpg.webp 1536w, https:\/\/www.smyrilline.com\/wp-content\/smush-webp\/2026\/07\/Icelandxfrauki26-1600px-340x227.jpg.webp 340w, https:\/\/www.smyrilline.com\/wp-content\/smush-webp\/2026\/07\/Icelandxfrauki26-1600px-1024x684.jpg.webp 1024w, https:\/\/www.smyrilline.com\/wp-content\/smush-webp\/2026\/07\/Icelandxfrauki26-1600px-1280x854.jpg.webp 1280w\" sizes=\"auto, (max-width: 1600px) 100vw, 1600px\" \/><\/figure><div class=\"wp-block-media-text__content\">\n<h3 id=\"h-commencez-votre-voyage-en-camping-car-en-islande\" class=\"wp-block-heading is-style-heading-h2-size is-style-heading-h2-size--4\" style=\"margin-top:var(--wp--preset--spacing--30);margin-bottom:var(--wp--preset--spacing--30)\">Commencez votre voyage en camping-car en Islande<\/h3>\n\n\n\n<p class=\"wp-block-paragraph\">R\u00e9veillez-vous au c\u0153ur de paysages de cascades, de glaciers et de fjords spectaculaires. Embarquez avec votre propre camping-car \u00e0 bord du Norr\u00f6na et d\u00e9couvrez l\u2019Islande \u00e9tape apr\u00e8s \u00e9tape.<\/p>\n\n\n\n<p class=\"wp-block-paragraph\">Arr\u00eatez-vous l\u00e0 o\u00f9 le paysage vous inspire, profitez du confort de votre propre camping-car et r\u00e9veillez-vous chaque matin face \u00e0 un nouveau d\u00e9cor.<\/p>\n\n\n\n<div style=\"height:10px\" aria-hidden=\"true\" class=\"wp-block-spacer\"><\/div>\n\n\n\n<div class=\"wp-block-buttons is-layout-flex wp-block-buttons-is-layout-flex\">\n<div class=\"wp-block-button\"><a class=\"wp-block-button__link has-black-600-color has-yellow-500-background-color has-text-color has-background has-link-color wp-element-button\" href=\"https:\/\/booking.smyrilline.fo\/fr\/book\/\" target=\"_blank\" rel=\"noreferrer noopener\">Voir les prix &amp; r\u00e9servez<\/a><\/div>\n<\/div>\n<\/div><\/div>\n\n\n\n<div style=\"height:140px\" aria-hidden=\"true\" class=\"wp-block-spacer\"><\/div>\n\n\n\n<p class=\"wp-block-paragraph\"><\/p>\n","protected":false},"excerpt":{"rendered":"<p>Un nouveau d\u00e9cor chaque jour Voyager avec sa maison sur quatre roues a quelque chose d\u2019unique. Un matin, vous vous r\u00e9veillez au bord d\u2019un fjord paisible ; le lendemain, face \u00e0 une cascade ou au c\u0153ur d\u2019un paysage volcanique. Avec votre propre camping-car, chaque journ\u00e9e offre un nouveau panorama et la libert\u00e9 de choisir votre [&hellip;]<\/p>\n","protected":false},"author":5,"featured_media":33172,"parent":0,"menu_order":0,"comment_status":"closed","ping_status":"closed","template":"page-no-title","meta":{"_acf_changed":false,"footnotes":""},"class_list":["post-35084","page","type-page","status-publish","has-post-thumbnail","hentry"],"acf":[],"yoast_head":"<!-- This site is optimized with the Yoast SEO Premium plugin v28.3 (Yoast SEO v28.3) - https:\/\/yoast.com\/product\/yoast-seo-premium-wordpress\/ -->\n<title>Islande en camping-car : Emmenez le v\u00f4tre - Smyril Line<\/title>\n<meta name=\"description\" content=\"Partez en Islande avec votre propre camping-car \u00e0 bord du Norr\u00f6na. D\u00e9couvrez fjords, cascades et paysages volcaniques en toute libert\u00e9.\" \/>\n<meta name=\"robots\" content=\"index, follow, max-snippet:-1, max-image-preview:large, max-video-preview:-1\" \/>\n<link rel=\"canonical\" href=\"https:\/\/www.smyrilline.com\/fr\/islande-en-camping-car\/\" \/>\n<meta property=\"og:locale\" content=\"fr_FR\" \/>\n<meta property=\"og:type\" content=\"article\" \/>\n<meta property=\"og:title\" content=\"L\u2019Islande en camping-car\" \/>\n<meta property=\"og:description\" content=\"Partez en Islande avec votre propre camping-car \u00e0 bord du Norr\u00f6na. D\u00e9couvrez fjords, cascades et paysages volcaniques en toute libert\u00e9.\" \/>\n<meta property=\"og:url\" content=\"https:\/\/www.smyrilline.com\/fr\/islande-en-camping-car\/\" \/>\n<meta property=\"og:site_name\" content=\"Smyril Line\" \/>\n<meta property=\"article:publisher\" content=\"https:\/\/www.facebook.com\/smyrilline.int\/\" \/>\n<meta property=\"article:modified_time\" content=\"2026-08-28T10:01:45+00:00\" \/>\n<meta property=\"og:image\" content=\"https:\/\/www.smyrilline.com\/wp-content\/uploads\/2026\/07\/Smyril_008-copy-2-1600x960.jpg\" \/>\n\t<meta property=\"og:image:width\" content=\"1600\" \/>\n\t<meta property=\"og:image:height\" content=\"960\" \/>\n\t<meta property=\"og:image:type\" content=\"image\/jpeg\" \/>\n<meta name=\"twitter:card\" content=\"summary_large_image\" \/>\n<meta name=\"twitter:label1\" content=\"Dur\u00e9e de lecture estim\u00e9e\" \/>\n\t<meta name=\"twitter:data1\" content=\"23 minutes\" \/>\n<script type=\"application\/ld+json\" class=\"yoast-schema-graph\">{\"@context\":\"https:\\\/\\\/schema.org\",\"@graph\":[{\"@type\":\"WebPage\",\"@id\":\"https:\\\/\\\/www.smyrilline.com\\\/fr\\\/islande-en-camping-car\\\/\",\"url\":\"https:\\\/\\\/www.smyrilline.com\\\/fr\\\/islande-en-camping-car\\\/\",\"name\":\"Islande en camping-car : Emmenez le v\u00f4tre - Smyril Line\",\"isPartOf\":{\"@id\":\"https:\\\/\\\/www.smyrilline.com\\\/fr\\\/#website\"},\"primaryImageOfPage\":{\"@id\":\"https:\\\/\\\/www.smyrilline.com\\\/fr\\\/islande-en-camping-car\\\/#primaryimage\"},\"image\":{\"@id\":\"https:\\\/\\\/www.smyrilline.com\\\/fr\\\/islande-en-camping-car\\\/#primaryimage\"},\"thumbnailUrl\":\"https:\\\/\\\/www.smyrilline.com\\\/wp-content\\\/uploads\\\/2026\\\/07\\\/Smyril_008-copy-2.jpg\",\"datePublished\":\"2026-07-10T11:53:55+00:00\",\"dateModified\":\"2026-08-28T10:01:45+00:00\",\"description\":\"Partez en Islande avec votre propre camping-car \u00e0 bord du Norr\u00f6na. D\u00e9couvrez fjords, cascades et paysages volcaniques en toute libert\u00e9.\",\"breadcrumb\":{\"@id\":\"https:\\\/\\\/www.smyrilline.com\\\/fr\\\/islande-en-camping-car\\\/#breadcrumb\"},\"inLanguage\":\"fr-FR\",\"potentialAction\":[{\"@type\":\"ReadAction\",\"target\":[\"https:\\\/\\\/www.smyrilline.com\\\/fr\\\/islande-en-camping-car\\\/\"]}]},{\"@type\":\"ImageObject\",\"inLanguage\":\"fr-FR\",\"@id\":\"https:\\\/\\\/www.smyrilline.com\\\/fr\\\/islande-en-camping-car\\\/#primaryimage\",\"url\":\"https:\\\/\\\/www.smyrilline.com\\\/wp-content\\\/uploads\\\/2026\\\/07\\\/Smyril_008-copy-2.jpg\",\"contentUrl\":\"https:\\\/\\\/www.smyrilline.com\\\/wp-content\\\/uploads\\\/2026\\\/07\\\/Smyril_008-copy-2.jpg\",\"width\":2668,\"height\":1600},{\"@type\":\"BreadcrumbList\",\"@id\":\"https:\\\/\\\/www.smyrilline.com\\\/fr\\\/islande-en-camping-car\\\/#breadcrumb\",\"itemListElement\":[{\"@type\":\"ListItem\",\"position\":1,\"name\":\"Home\",\"item\":\"https:\\\/\\\/www.smyrilline.com\\\/fr\\\/\"},{\"@type\":\"ListItem\",\"position\":2,\"name\":\"L\u2019Islande en camping-car\"}]},{\"@type\":\"WebSite\",\"@id\":\"https:\\\/\\\/www.smyrilline.com\\\/fr\\\/#website\",\"url\":\"https:\\\/\\\/www.smyrilline.com\\\/fr\\\/\",\"name\":\"Smyril Line\",\"description\":\"Ferry vers l\u2019Islande et les \u00celes F\u00e9ro\u00e9\",\"publisher\":{\"@id\":\"https:\\\/\\\/www.smyrilline.com\\\/fr\\\/#organization\"},\"potentialAction\":[{\"@type\":\"SearchAction\",\"target\":{\"@type\":\"EntryPoint\",\"urlTemplate\":\"https:\\\/\\\/www.smyrilline.com\\\/fr\\\/?s={search_term_string}\"},\"query-input\":{\"@type\":\"PropertyValueSpecification\",\"valueRequired\":true,\"valueName\":\"search_term_string\"}}],\"inLanguage\":\"fr-FR\"},{\"@type\":\"Organization\",\"@id\":\"https:\\\/\\\/www.smyrilline.com\\\/fr\\\/#organization\",\"name\":\"Smyril Line\",\"url\":\"https:\\\/\\\/www.smyrilline.com\\\/fr\\\/\",\"logo\":{\"@type\":\"ImageObject\",\"inLanguage\":\"fr-FR\",\"@id\":\"https:\\\/\\\/www.smyrilline.com\\\/fr\\\/#\\\/schema\\\/logo\\\/image\\\/\",\"url\":\"https:\\\/\\\/www.smyrilline.fo\\\/wp-content\\\/uploads\\\/2025\\\/07\\\/logo-smyril-line.png\",\"contentUrl\":\"https:\\\/\\\/www.smyrilline.fo\\\/wp-content\\\/uploads\\\/2025\\\/07\\\/logo-smyril-line.png\",\"width\":148,\"height\":148,\"caption\":\"Smyril Line\"},\"image\":{\"@id\":\"https:\\\/\\\/www.smyrilline.com\\\/fr\\\/#\\\/schema\\\/logo\\\/image\\\/\"},\"sameAs\":[\"https:\\\/\\\/www.facebook.com\\\/smyrilline.int\\\/\"]}]}<\/script>\n<!-- \/ Yoast SEO Premium plugin. -->","yoast_head_json":{"title":"Islande en camping-car : Emmenez le v\u00f4tre - Smyril Line","description":"Partez en Islande avec votre propre camping-car \u00e0 bord du Norr\u00f6na. D\u00e9couvrez fjords, cascades et paysages volcaniques en toute libert\u00e9.","robots":{"index":"index","follow":"follow","max-snippet":"max-snippet:-1","max-image-preview":"max-image-preview:large","max-video-preview":"max-video-preview:-1"},"canonical":"https:\/\/www.smyrilline.com\/fr\/islande-en-camping-car\/","og_locale":"fr_FR","og_type":"article","og_title":"L\u2019Islande en camping-car","og_description":"Partez en Islande avec votre propre camping-car \u00e0 bord du Norr\u00f6na. D\u00e9couvrez fjords, cascades et paysages volcaniques en toute libert\u00e9.","og_url":"https:\/\/www.smyrilline.com\/fr\/islande-en-camping-car\/","og_site_name":"Smyril Line","article_publisher":"https:\/\/www.facebook.com\/smyrilline.int\/","article_modified_time":"2026-08-28T10:01:45+00:00","og_image":[{"width":1600,"height":960,"url":"https:\/\/www.smyrilline.com\/wp-content\/uploads\/2026\/07\/Smyril_008-copy-2-1600x960.jpg","type":"image\/jpeg"}],"twitter_card":"summary_large_image","twitter_misc":{"Dur\u00e9e de lecture estim\u00e9e":"23 minutes"},"schema":{"@context":"https:\/\/schema.org","@graph":[{"@type":"WebPage","@id":"https:\/\/www.smyrilline.com\/fr\/islande-en-camping-car\/","url":"https:\/\/www.smyrilline.com\/fr\/islande-en-camping-car\/","name":"Islande en camping-car : Emmenez le v\u00f4tre - Smyril Line","isPartOf":{"@id":"https:\/\/www.smyrilline.com\/fr\/#website"},"primaryImageOfPage":{"@id":"https:\/\/www.smyrilline.com\/fr\/islande-en-camping-car\/#primaryimage"},"image":{"@id":"https:\/\/www.smyrilline.com\/fr\/islande-en-camping-car\/#primaryimage"},"thumbnailUrl":"https:\/\/www.smyrilline.com\/wp-content\/uploads\/2026\/07\/Smyril_008-copy-2.jpg","datePublished":"2026-07-10T11:53:55+00:00","dateModified":"2026-08-28T10:01:45+00:00","description":"Partez en Islande avec votre propre camping-car \u00e0 bord du Norr\u00f6na. D\u00e9couvrez fjords, cascades et paysages volcaniques en toute libert\u00e9.","breadcrumb":{"@id":"https:\/\/www.smyrilline.com\/fr\/islande-en-camping-car\/#breadcrumb"},"inLanguage":"fr-FR","potentialAction":[{"@type":"ReadAction","target":["https:\/\/www.smyrilline.com\/fr\/islande-en-camping-car\/"]}]},{"@type":"ImageObject","inLanguage":"fr-FR","@id":"https:\/\/www.smyrilline.com\/fr\/islande-en-camping-car\/#primaryimage","url":"https:\/\/www.smyrilline.com\/wp-content\/uploads\/2026\/07\/Smyril_008-copy-2.jpg","contentUrl":"https:\/\/www.smyrilline.com\/wp-content\/uploads\/2026\/07\/Smyril_008-copy-2.jpg","width":2668,"height":1600},{"@type":"BreadcrumbList","@id":"https:\/\/www.smyrilline.com\/fr\/islande-en-camping-car\/#breadcrumb","itemListElement":[{"@type":"ListItem","position":1,"name":"Home","item":"https:\/\/www.smyrilline.com\/fr\/"},{"@type":"ListItem","position":2,"name":"L\u2019Islande en camping-car"}]},{"@type":"WebSite","@id":"https:\/\/www.smyrilline.com\/fr\/#website","url":"https:\/\/www.smyrilline.com\/fr\/","name":"Smyril Line","description":"Ferry vers l\u2019Islande et les \u00celes F\u00e9ro\u00e9","publisher":{"@id":"https:\/\/www.smyrilline.com\/fr\/#organization"},"potentialAction":[{"@type":"SearchAction","target":{"@type":"EntryPoint","urlTemplate":"https:\/\/www.smyrilline.com\/fr\/?s={search_term_string}"},"query-input":{"@type":"PropertyValueSpecification","valueRequired":true,"valueName":"search_term_string"}}],"inLanguage":"fr-FR"},{"@type":"Organization","@id":"https:\/\/www.smyrilline.com\/fr\/#organization","name":"Smyril Line","url":"https:\/\/www.smyrilline.com\/fr\/","logo":{"@type":"ImageObject","inLanguage":"fr-FR","@id":"https:\/\/www.smyrilline.com\/fr\/#\/schema\/logo\/image\/","url":"https:\/\/www.smyrilline.fo\/wp-content\/uploads\/2025\/07\/logo-smyril-line.png","contentUrl":"https:\/\/www.smyrilline.fo\/wp-content\/uploads\/2025\/07\/logo-smyril-line.png","width":148,"height":148,"caption":"Smyril Line"},"image":{"@id":"https:\/\/www.smyrilline.com\/fr\/#\/schema\/logo\/image\/"},"sameAs":["https:\/\/www.facebook.com\/smyrilline.int\/"]}]}},"publishpress_future_workflow_manual_trigger":{"enabledWorkflows":[]},"_links":{"self":[{"href":"https:\/\/www.smyrilline.com\/fr\/wp-json\/wp\/v2\/pages\/35084","targetHints":{"allow":["GET"]}}],"collection":[{"href":"https:\/\/www.smyrilline.com\/fr\/wp-json\/wp\/v2\/pages"}],"about":[{"href":"https:\/\/www.smyrilline.com\/fr\/wp-json\/wp\/v2\/types\/page"}],"author":[{"embeddable":true,"href":"https:\/\/www.smyrilline.com\/fr\/wp-json\/wp\/v2\/users\/5"}],"replies":[{"embeddable":true,"href":"https:\/\/www.smyrilline.com\/fr\/wp-json\/wp\/v2\/comments?post=35084"}],"version-history":[{"count":28,"href":"https:\/\/www.smyrilline.com\/fr\/wp-json\/wp\/v2\/pages\/35084\/revisions"}],"predecessor-version":[{"id":35334,"href":"https:\/\/www.smyrilline.com\/fr\/wp-json\/wp\/v2\/pages\/35084\/revisions\/35334"}],"wp:featuredmedia":[{"embeddable":true,"href":"https:\/\/www.smyrilline.com\/fr\/wp-json\/wp\/v2\/media\/33172"}],"wp:attachment":[{"href":"https:\/\/www.smyrilline.com\/fr\/wp-json\/wp\/v2\/media?parent=35084"}],"curies":[{"name":"wp","href":"https:\/\/api.w.org\/{rel}","templated":true}]}}