{"id":34693,"date":"2026-07-15T11:20:29","date_gmt":"2026-07-15T10:20:29","guid":{"rendered":"https:\/\/www.smyrilline.com\/?page_id=34693"},"modified":"2026-08-28T11:10:00","modified_gmt":"2026-08-28T10:10:00","slug":"island-mit-dem-allradfahrzeug","status":"publish","type":"page","link":"https:\/\/www.smyrilline.com\/de\/island-mit-dem-allradfahrzeug\/","title":{"rendered":"Island mit dem Allradfahrzeug"},"content":{"rendered":"\n<div class=\"wp-block-cover alignfull has-custom-content-position is-position-bottom-center\" style=\"min-height:562px;aspect-ratio:unset;\"><img loading=\"lazy\" decoding=\"async\" width=\"1600\" height=\"1104\" class=\"wp-block-cover__image-background wp-image-1552 size-large\" alt=\"\" src=\"https:\/\/www.smyrilline.com\/wp-content\/smush-webp\/2025\/02\/PAT_9756-3-1600x1104.jpg.webp\" style=\"object-position:55% 40%\" data-object-fit=\"cover\" data-object-position=\"55% 40%\" srcset=\"https:\/\/www.smyrilline.com\/wp-content\/smush-webp\/2025\/02\/PAT_9756-3-1600x1104.jpg.webp 1600w, https:\/\/www.smyrilline.com\/wp-content\/smush-webp\/2025\/02\/PAT_9756-3-800x552.jpg.webp 800w, https:\/\/www.smyrilline.com\/wp-content\/smush-webp\/2025\/02\/PAT_9756-3-768x530.jpg.webp 768w, https:\/\/www.smyrilline.com\/wp-content\/smush-webp\/2025\/02\/PAT_9756-3-1536x1060.jpg.webp 1536w, https:\/\/www.smyrilline.com\/wp-content\/uploads\/2025\/02\/PAT_9756-3-340x235.jpg 340w, https:\/\/www.smyrilline.com\/wp-content\/uploads\/2025\/02\/PAT_9756-3-1024x707.jpg 1024w, https:\/\/www.smyrilline.com\/wp-content\/uploads\/2025\/02\/PAT_9756-3-1280x883.jpg 1280w, https:\/\/www.smyrilline.com\/wp-content\/smush-webp\/2025\/02\/PAT_9756-3.jpg.webp 1920w\" sizes=\"auto, (max-width: 1600px) 100vw, 1600px\" \/><span aria-hidden=\"true\" class=\"wp-block-cover__background has-background-dim-0 has-background-dim\" style=\"background-color:#696c70\"><\/span><div class=\"wp-block-cover__inner-container has-global-padding is-layout-constrained wp-block-cover-is-layout-constrained\">\n<h1 class=\"wp-block-heading has-text-align-left alignwide is-style-default has-white-color has-text-color\" id=\"h-entdecken-sie-island-mit-ihrem-gelandewagen\" style=\"margin-right:0;margin-left:0;padding-right:0;padding-left:0\">Entdecken Sie Island <br>mit Ihrem Gel\u00e4ndewagen<\/h1>\n\n\n\n<div style=\"height:28px\" aria-hidden=\"true\" class=\"wp-block-spacer\"><\/div>\n<\/div><\/div>\n\n\n\n<div id=\"page-index_block_0107402266d8e67f9c79cdb45b4e0c98\" class=\"lunnar-page-index alignfull\">\n\n            <div class=\"page-index-container\">\n\n        <\/div>\n    <\/div>\n\n<div class=\"page-index-spacer\"><\/div>\n\n\n<div style=\"height:60px\" aria-hidden=\"true\" class=\"wp-block-spacer\"><\/div>\n\n\n\n<h3 id=\"h-abseits-der-ringstrasse\" class=\"wp-block-heading is-style-heading-h2-size is-style-heading-h2-size--1\" style=\"margin-top:var(--wp--preset--spacing--30);margin-bottom:var(--wp--preset--spacing--30)\">Abseits <br>der Ringstra\u00dfe<\/h3>\n\n\n\n<p class=\"wp-block-paragraph\" id=\"h-discover-iceland-at-your-own-pace\" style=\"margin-top:0;margin-bottom:0\">Einige der gro\u00dfartigsten Abenteuer Islands beginnen dort, wo die asphaltierten Stra\u00dfen enden.<\/p>\n\n\n\n<p class=\"wp-block-paragraph\">Bringen Sie Ihren eigenen 4&#215;4-Gel\u00e4ndewagen an Bord der Norr\u00f6na mit und erkunden Sie das isl\u00e4ndische Hochland, Bergpfade und spektakul\u00e4re Landschaften, die nur wenige Besucher jemals erleben. Reisen Sie durch farbenpr\u00e4chtige Berge, weite Vulkanw\u00fcsten, geothermische T\u00e4ler und von Gletschern gespeiste Fl\u00fcsse und entdecken Sie eine ruhigere, wildere Seite Islands.<\/p>\n\n\n\n<div class=\"wp-block-buttons is-layout-flex wp-block-buttons-is-layout-flex\">\n<div style=\"--wp--block-button--width: 100;\" class=\"wp-block-button has-custom-width wp-block-button__width wp-block-button__width-100\"><a class=\"wp-block-button__link has-black-600-color has-yellow-500-background-color has-text-color has-background has-link-color wp-element-button\" href=\"https:\/\/booking.smyrilline.fo\/de\/book\/\" target=\"_blank\" rel=\"noreferrer noopener\">Preise &amp; Buchung<\/a><\/div>\n<\/div>\n\n\n\n<div style=\"height:100px\" aria-hidden=\"true\" class=\"wp-block-spacer\"><\/div>\n\n\n\n<div class=\"wp-block-media-text alignwide is-stacked-on-mobile is-vertically-aligned-center\"><figure class=\"wp-block-media-text__media\"><img loading=\"lazy\" decoding=\"async\" width=\"1600\" height=\"1104\" src=\"https:\/\/www.smyrilline.com\/wp-content\/smush-webp\/2025\/02\/Icelandxfrauki11-1920x1325-1-1600x1104.jpg.webp\" alt=\"\" class=\"wp-image-1558 size-full\" srcset=\"https:\/\/www.smyrilline.com\/wp-content\/smush-webp\/2025\/02\/Icelandxfrauki11-1920x1325-1-1600x1104.jpg.webp 1600w, https:\/\/www.smyrilline.com\/wp-content\/smush-webp\/2025\/02\/Icelandxfrauki11-1920x1325-1-800x552.jpg.webp 800w, https:\/\/www.smyrilline.com\/wp-content\/smush-webp\/2025\/02\/Icelandxfrauki11-1920x1325-1-768x530.jpg.webp 768w, https:\/\/www.smyrilline.com\/wp-content\/smush-webp\/2025\/02\/Icelandxfrauki11-1920x1325-1-1536x1060.jpg.webp 1536w, https:\/\/www.smyrilline.com\/wp-content\/uploads\/2025\/02\/Icelandxfrauki11-1920x1325-1-340x235.jpg 340w, https:\/\/www.smyrilline.com\/wp-content\/uploads\/2025\/02\/Icelandxfrauki11-1920x1325-1-1024x707.jpg 1024w, https:\/\/www.smyrilline.com\/wp-content\/uploads\/2025\/02\/Icelandxfrauki11-1920x1325-1-1280x883.jpg 1280w, https:\/\/www.smyrilline.com\/wp-content\/smush-webp\/2025\/02\/Icelandxfrauki11-1920x1325-1.jpg.webp 1920w\" sizes=\"auto, (max-width: 1600px) 100vw, 1600px\" \/><\/figure><div class=\"wp-block-media-text__content\">\n<h3 id=\"h-warum-mit-dem-4-4-auf-entdeckungstour\" class=\"wp-block-heading is-style-heading-h2-size is-style-heading-h2-size--2\">Warum mit dem 4\u00d74<br>auf Entdeckungstour?<\/h3>\n\n\n\n<p class=\"wp-block-paragraph\">Einige der bemerkenswertesten Orte Islands sind nur mit einem Gel\u00e4ndewagen erreichbar.<\/p>\n\n\n\n<p class=\"wp-block-paragraph\">Die F-Stra\u00dfen im Hochland sind unbefestigt, nur saisonal befahrbar und werden oft von Fl\u00fcssen durchquert \u2013 wie geschaffen f\u00fcr Fahrzeuge wie Ihres. Wenn Sie mit Ihrem eigenen Gel\u00e4ndewagen reisen, bestimmen Sie selbst die Route, das Tempo und die Stopps &#8211; mit der Gewissheit, weiter vorzudringen, als es die meisten Besucher jemals tun.<\/p>\n\n\n\n<p class=\"wp-block-paragraph\">Ganz gleich, ob Sie wandern, dramatische Landschaften fotografieren oder einfach nur den \u00fcblichen Touristenrouten entfliehen m\u00f6chten, Ihr eigener Gel\u00e4ndewagen gibt Ihnen die Freiheit, all das nach Ihren Vorstellungen zu tun.<\/p>\n<\/div><\/div>\n\n\n\n<div style=\"height:100px\" aria-hidden=\"true\" class=\"wp-block-spacer\"><\/div>\n\n\n\n<div class=\"wp-block-media-text alignwide has-media-on-the-right is-stacked-on-mobile is-vertically-aligned-center\"><div class=\"wp-block-media-text__content\">\n<h2 id=\"h-das-hochland\" class=\"wp-block-heading\" style=\"margin-top:var(--wp--preset--spacing--30);margin-bottom:var(--wp--preset--spacing--30)\">Das Hochland<\/h2>\n\n\n\n<p class=\"wp-block-paragraph\">Jede Reise ins Hochland ist einzigartig. Bunte Berge, geothermische T\u00e4ler und Vulkankrater sorgen daf\u00fcr, dass keine Region der anderen gleicht.<\/p>\n\n\n\n<p class=\"wp-block-paragraph\">Fahren Sie nach Landmannalaugar zu den nat\u00fcrlichen hei\u00dfen Quellen, nach Kerlingarfj\u00f6ll zu den dampfenden geothermischen T\u00e4lern oder nach Askja zu den dramatischen Vulkanlandschaften. Schon die Anreise ist ein Erlebnis f\u00fcr sich, denn die Bergstra\u00dfen f\u00fchren durch Fl\u00fcsse, Lavafelder und atemberaubende Landschaften.<\/p>\n\n\n\n<p class=\"wp-block-paragraph\">Das Hochland ist nur w\u00e4hrend der Sommermonate zug\u00e4nglich und bietet Reisenden, die das Au\u00dfergew\u00f6hnliche suchen, eine der lohnendsten Reisen Islands.<\/p>\n<\/div><figure class=\"wp-block-media-text__media\"><img loading=\"lazy\" decoding=\"async\" width=\"1600\" height=\"1104\" src=\"https:\/\/www.smyrilline.com\/wp-content\/smush-webp\/2025\/02\/PAT_0435-1-1600x1104.jpg.webp\" alt=\"\" class=\"wp-image-1550 size-full\" srcset=\"https:\/\/www.smyrilline.com\/wp-content\/smush-webp\/2025\/02\/PAT_0435-1-1600x1104.jpg.webp 1600w, https:\/\/www.smyrilline.com\/wp-content\/smush-webp\/2025\/02\/PAT_0435-1-800x552.jpg.webp 800w, https:\/\/www.smyrilline.com\/wp-content\/smush-webp\/2025\/02\/PAT_0435-1-768x530.jpg.webp 768w, https:\/\/www.smyrilline.com\/wp-content\/smush-webp\/2025\/02\/PAT_0435-1-1536x1060.jpg.webp 1536w, https:\/\/www.smyrilline.com\/wp-content\/uploads\/2025\/02\/PAT_0435-1-340x235.jpg 340w, https:\/\/www.smyrilline.com\/wp-content\/uploads\/2025\/02\/PAT_0435-1-1024x707.jpg 1024w, https:\/\/www.smyrilline.com\/wp-content\/uploads\/2025\/02\/PAT_0435-1-1280x883.jpg 1280w, https:\/\/www.smyrilline.com\/wp-content\/smush-webp\/2025\/02\/PAT_0435-1.jpg.webp 1920w\" sizes=\"auto, (max-width: 1600px) 100vw, 1600px\" \/><\/figure><\/div>\n\n\n\n<div style=\"height:100px\" aria-hidden=\"true\" class=\"wp-block-spacer\"><\/div>\n\n\n\n<div class=\"wp-block-group alignfull has-black-50-background-color has-background has-global-padding is-layout-constrained wp-block-group-is-layout-constrained\">\n<div style=\"height:60px\" aria-hidden=\"true\" class=\"wp-block-spacer\"><\/div>\n\n\n\n<h2 id=\"h-wie-lange-sollten-sie-bleiben\" class=\"wp-block-heading\">Wie lange <br>sollten Sie bleiben?<\/h2>\n\n\n\n<p class=\"wp-block-paragraph\">Das isl\u00e4ndische Hochland l\u00e4sst sich am besten erkunden, wenn Sie gen\u00fcgend Zeit mitbringen. Ganz gleich, ob Sie eine zwei-, drei- oder vierw\u00f6chige Reise planen \u2013 mit einem eigenen Gel\u00e4ndewagen haben Sie die Freiheit, Islands ber\u00fchmte Sehensw\u00fcrdigkeiten mit einigen seiner abgelegensten und spektakul\u00e4rsten Landschaften zu verbinden.<\/p>\n\n\n\n<div style=\"height:40px\" aria-hidden=\"true\" class=\"wp-block-spacer\"><\/div>\n\n\n\n<div id=\"content-list_block_1cc96672b5880c4373670bf4601db503\" class=\"lunnar-content-list alignwide content-list-swiper card-size-large\">\n    \n                            <div class=\"content-list items-3\" style=\"width: calc(100% - 30px) !important;\">\n                \n                                    <div class=\"swiper-wrapper\">\n                    \n                                            \n                        <div class=\"content-list-item swiper-slide\">\n                                                            <div class=\"content-list-item-image title-on-image\">\n                                                                            <h4>Zwei Wochen<\/h4>\n                                    \n                                    <img loading=\"lazy\" decoding=\"async\" src=\"https:\/\/www.smyrilline.com\/wp-content\/smush-webp\/2025\/03\/Landmannalaugar-shutterstock_1528806662-1920x1325-1-1600x1104.jpg.webp\" alt=\"\" width=\"1600\" height=\"1104\">\n                                <\/div>\n                            \n                            <div class=\"content-list-item-content\">\n                                \n                                                                    <p>\n                                        <h4>Ringstra\u00dfe &amp; eine Kostprobe des Hochlands<\/h4>\n<p>Zwei Wochen bieten Ihnen gen\u00fcgend Zeit, um Islands ber\u00fchmte Ringstra\u00dfe zu erkunden und im Sommer ein oder zwei Routen durch das Hochland zu inkludieren. Besuchen Sie Ziele wie Landmannalaugar oder Kerlingarfj\u00f6ll, bevor Sie Ihre Reise um die Insel fortsetzen.<\/p>\n<p><strong>Ideal f\u00fcr:<\/strong><\/p>\n<ul>\n<li>Erstbesucher<\/li>\n<li>Naturliebhaber<\/li>\n<li>Paare<\/li>\n<li>Erstes Erlebnis im Hochland<\/li>\n<\/ul>\n                                    <\/p>\n                                \n                                                            <\/div>\n                        <\/div>\n                                            \n                        <div class=\"content-list-item swiper-slide\">\n                                                            <div class=\"content-list-item-image title-on-image\">\n                                                                            <h4>Drei Wochen<\/h4>\n                                    \n                                    <img loading=\"lazy\" decoding=\"async\" src=\"https:\/\/www.smyrilline.com\/wp-content\/smush-webp\/2026\/07\/Ice-1600x1200.jpg.webp\" alt=\"\" width=\"1600\" height=\"1200\">\n                                <\/div>\n                            \n                            <div class=\"content-list-item-content\">\n                                \n                                                                    <p>\n                                        <h4>Die ultimative<br \/>\nHochlandreise<\/h4>\n<p>Drei Wochen geben Ihnen die Freiheit, Islands ber\u00fchmte Sehensw\u00fcrdigkeiten mit zahlreichen Abenteuern im Hochland zu verbinden. Erkunden Sie farbenpr\u00e4chtige Rhyolithberge, Vulkanw\u00fcsten, Gletscherfl\u00fcsse und abgelegene Bergpfade, w\u00e4hrend Sie dennoch Zeit haben, die Ringstra\u00dfe in gem\u00e4chlichem Tempo zu genie\u00dfen.<\/p>\n<p><strong>Ideal f\u00fcr:<\/strong><\/p>\n<ul>\n<li>Wiederkehrende Besucher<\/li>\n<li>Gel\u00e4ndewagen-Fans<\/li>\n<li>Wanderer<\/li>\n<li>Fotografen<\/li>\n<\/ul>\n                                    <\/p>\n                                \n                                                            <\/div>\n                        <\/div>\n                                            \n                        <div class=\"content-list-item swiper-slide\">\n                                                            <div class=\"content-list-item-image title-on-image\">\n                                                                            <h4>Vier Wochen<\/h4>\n                                    \n                                    <img loading=\"lazy\" decoding=\"async\" src=\"https:\/\/www.smyrilline.com\/wp-content\/uploads\/2026\/07\/imgLR-22-1-e1784122504489-1374x1600.jpg\" alt=\"\" width=\"1374\" height=\"1600\">\n                                <\/div>\n                            \n                            <div class=\"content-list-item-content\">\n                                \n                                                                    <p>\n                                        <h4>Island erkunden<br \/>\nJenseits der Ringstra\u00dfe<\/h4>\n<p>In vier Wochen k\u00f6nnen Sie das Hochland Islands ganz ohne Eile erleben. Wagen Sie sich tiefer ins Landesinnere vor, erkunden Sie zahlreiche F-Stra\u00dfen, verbringen Sie mehr Zeit in abgelegenen Gegenden und entdecken Sie Orte, die viele Besucher nie erreichen.<\/p>\n<p><strong>Ideal f\u00fcr:<\/strong><\/p>\n<ul>\n<li>Erfahrene \u00dcberlandreisende<\/li>\n<li>Abenteuerreisende<\/li>\n<li>Outdoor-Begeisterte<\/li>\n<li>Reisende, die absolute Freiheit suchen<\/li>\n<\/ul>\n                                    <\/p>\n                                \n                                                            <\/div>\n                        <\/div>\n                    \n                                        <\/div><!-- Close swiper-wrapper -->\n                    <div class=\"swiper-scrollbar\"><\/div>\n                                <\/div><!-- Close content-list -->\n                        <\/div><!-- Close main container -->\n\n\n<div style=\"height:60px\" aria-hidden=\"true\" class=\"wp-block-spacer\"><\/div>\n<\/div>\n\n\n\n<div style=\"height:80px\" aria-hidden=\"true\" class=\"wp-block-spacer\"><\/div>\n\n\n\n<h2 id=\"h-island-entdecken\" class=\"wp-block-heading\">Island entdecken<\/h2>\n\n\n\n<p class=\"wp-block-paragraph\">Von atemberaubenden Landschaften bis hin zu wohltuenden B\u00e4dern \u2013 gestalten Sie Ihr ganz pers\u00f6nliches Island-Abenteuer.<\/p>\n\n\n\n<div style=\"height:40px\" aria-hidden=\"true\" class=\"wp-block-spacer\"><\/div>\n\n\n\n<div id=\"shortcuts_block_d39a1d939bfb703bce53a50628228438\" class=\"lunnar-shortcuts is-style-shortcuts-swiper alignwide shortcuts-swiper\">\n    \n                            <div class=\"shortcuts-list items-4\" style=\"width: calc(100% - 40px) !important;\">\n                \n                                    <div class=\"swiper-wrapper\">\n                    \n                    \n                        \n                        <a href=\"https:\/\/www.smyrilline.com\/de\/hoehepunkte-in-island\/\" target=\"\" class=\"shortcuts-item swiper-slide\">\n                            <h3 class=\"shortcuts-item-title\">H\u00f6hepunkte in Island<\/h3>\n\n                            <div class=\"shortcuts-item-arrow\"><img decoding=\"async\" src=\"https:\/\/www.smyrilline.com\/wp-content\/themes\/lunnar-smyrilline\/images\/icon-circle-arrow.svg\" class=\"injectable\" alt=\"icon-circle-arrow\" loading=\"lazy\" \/><\/div>\n\n                            \n                                                                                            \n                                <picture>\n                                    <source media=\"(min-width: 769px)\" srcset=\"https:\/\/www.smyrilline.com\/wp-content\/uploads\/2025\/02\/About-Icleand-1920x1325-1-600x890.jpg\">\n                                    <img src=\"https:\/\/www.smyrilline.com\/wp-content\/uploads\/2025\/02\/About-Icleand-1920x1325-1-360x506.jpg\" \n                                        alt=\"About-Icleand-1920x1325-1.jpg\" \n                                        class=\"shortcut-image\" \n                                        loading=\"lazy\" \n                                        decoding=\"async\">\n                                <\/picture>\n                                                    <\/a>\n                    \n                        \n                        <a href=\"https:\/\/www.smyrilline.com\/de\/heisse-quellen-in-island\/\" target=\"\" class=\"shortcuts-item swiper-slide\">\n                            <h3 class=\"shortcuts-item-title\">Hei\u00dfe Quellen in Island<\/h3>\n\n                            <div class=\"shortcuts-item-arrow\"><img decoding=\"async\" src=\"https:\/\/www.smyrilline.com\/wp-content\/themes\/lunnar-smyrilline\/images\/icon-circle-arrow.svg\" class=\"injectable\" alt=\"icon-circle-arrow\" loading=\"lazy\" \/><\/div>\n\n                            \n                                                                                            \n                                <picture>\n                                    <source media=\"(min-width: 769px)\" srcset=\"https:\/\/www.smyrilline.com\/wp-content\/uploads\/2025\/02\/Sky-Lagoon_DSC9527-copy-2-1920x1325-1-600x890.jpg\">\n                                    <img src=\"https:\/\/www.smyrilline.com\/wp-content\/uploads\/2025\/02\/Sky-Lagoon_DSC9527-copy-2-1920x1325-1-360x506.jpg\" \n                                        alt=\"Sky-Lagoon_DSC9527-copy-2-1920x1325-1.jpg\" \n                                        class=\"shortcut-image\" \n                                        loading=\"lazy\" \n                                        decoding=\"async\">\n                                <\/picture>\n                                                    <\/a>\n                    \n                        \n                        <a href=\"https:\/\/www.smyrilline.com\/de\/faszination-island\/\" target=\"\" class=\"shortcuts-item swiper-slide\">\n                            <h3 class=\"shortcuts-item-title\">Faszination Island<\/h3>\n\n                            <div class=\"shortcuts-item-arrow\"><img decoding=\"async\" src=\"https:\/\/www.smyrilline.com\/wp-content\/themes\/lunnar-smyrilline\/images\/icon-circle-arrow.svg\" class=\"injectable\" alt=\"icon-circle-arrow\" loading=\"lazy\" \/><\/div>\n\n                            \n                                                                                            \n                                <picture>\n                                    <source media=\"(min-width: 769px)\" srcset=\"https:\/\/www.smyrilline.com\/wp-content\/uploads\/2024\/12\/portrait-iceland-faroe-islands-600x890.jpg\">\n                                    <img src=\"https:\/\/www.smyrilline.com\/wp-content\/uploads\/2024\/12\/portrait-iceland-faroe-islands-360x506.jpg\" \n                                        alt=\"portrait-iceland-faroe-islands.jpg\" \n                                        class=\"shortcut-image\" \n                                        loading=\"lazy\" \n                                        decoding=\"async\">\n                                <\/picture>\n                                                    <\/a>\n                    \n                        \n                        <a href=\"https:\/\/www.smyrilline.com\/de\/naturbaeder-in-island\/\" target=\"\" class=\"shortcuts-item swiper-slide\">\n                            <h3 class=\"shortcuts-item-title\">Naturb\u00e4der in Island<\/h3>\n\n                            <div class=\"shortcuts-item-arrow\"><img decoding=\"async\" src=\"https:\/\/www.smyrilline.com\/wp-content\/themes\/lunnar-smyrilline\/images\/icon-circle-arrow.svg\" class=\"injectable\" alt=\"icon-circle-arrow\" loading=\"lazy\" \/><\/div>\n\n                            \n                                                                                            \n                                <picture>\n                                    <source media=\"(min-width: 769px)\" srcset=\"https:\/\/www.smyrilline.com\/wp-content\/uploads\/2025\/02\/Landmannalaugar-hot-spring-1920x1325-1-e1738853218423-600x890.jpg\">\n                                    <img src=\"https:\/\/www.smyrilline.com\/wp-content\/uploads\/2025\/02\/Landmannalaugar-hot-spring-1920x1325-1-e1738853218423-360x506.jpg\" \n                                        alt=\"Landmannalaugar-hot-spring-1920x1325-1-e1738853218423.jpg\" \n                                        class=\"shortcut-image\" \n                                        loading=\"lazy\" \n                                        decoding=\"async\">\n                                <\/picture>\n                                                    <\/a>\n                    \n                                        <\/div>\n\n                    <div class=\"swiper-scrollbar\"><\/div>\n                                <\/div>\n                        <\/div>\n\n\n<div style=\"height:100px\" aria-hidden=\"true\" class=\"wp-block-spacer\"><\/div>\n\n\n\n<div class=\"wp-block-media-text alignwide is-stacked-on-mobile\"><figure class=\"wp-block-media-text__media\"><img loading=\"lazy\" decoding=\"async\" width=\"1600\" height=\"900\" src=\"https:\/\/www.smyrilline.com\/wp-content\/smush-webp\/2026\/07\/4x4-1920x1080-1-1600x900.jpg.webp\" alt=\"\" class=\"wp-image-33066 size-full\" srcset=\"https:\/\/www.smyrilline.com\/wp-content\/smush-webp\/2026\/07\/4x4-1920x1080-1-1600x900.jpg.webp 1600w, https:\/\/www.smyrilline.com\/wp-content\/smush-webp\/2026\/07\/4x4-1920x1080-1-800x450.jpg.webp 800w, https:\/\/www.smyrilline.com\/wp-content\/smush-webp\/2026\/07\/4x4-1920x1080-1-768x432.jpg.webp 768w, https:\/\/www.smyrilline.com\/wp-content\/smush-webp\/2026\/07\/4x4-1920x1080-1-1536x864.jpg.webp 1536w, https:\/\/www.smyrilline.com\/wp-content\/smush-webp\/2026\/07\/4x4-1920x1080-1-340x191.jpg.webp 340w, https:\/\/www.smyrilline.com\/wp-content\/smush-webp\/2026\/07\/4x4-1920x1080-1-1024x576.jpg.webp 1024w, https:\/\/www.smyrilline.com\/wp-content\/smush-webp\/2026\/07\/4x4-1920x1080-1-1280x720.jpg.webp 1280w, https:\/\/www.smyrilline.com\/wp-content\/smush-webp\/2026\/07\/4x4-1920x1080-1.jpg.webp 1920w\" sizes=\"auto, (max-width: 1600px) 100vw, 1600px\" \/><\/figure><div class=\"wp-block-media-text__content\">\n<h2 id=\"h-informationen-zu-den-f-strassen\" class=\"wp-block-heading\" style=\"margin-top:var(--wp--preset--spacing--30);margin-bottom:var(--wp--preset--spacing--30)\">Informationen <br>zu den F-Stra\u00dfen<\/h2>\n\n\n\n<p class=\"wp-block-paragraph\">F-Stra\u00dfen sind Islands Bergstra\u00dfen, die den Zugang zum Hochland erm\u00f6glichen. Diese Stra\u00dfen sind nur im Sommer befahrbar und erfordern ein geeignetes Fahrzeug mit Allradantrieb.<\/p>\n\n\n\n<p class=\"wp-block-paragraph\">Die Bedingungen variieren im Laufe der Saison, und einige Strecken beinhalten Fluss\u00fcberquerungen ohne Br\u00fccken. Informieren Sie sich vor Reiseantritt stets \u00fcber die aktuellen Stra\u00dfenverh\u00e4ltnisse und Wettervorhersagen und stellen Sie sicher, dass Ihr Fahrzeug f\u00fcr die geplante Route geeignet ist.<\/p>\n\n\n\n<p class=\"wp-block-paragraph\">Das Befahren von nicht markierten Stra\u00dfen ist zum Schutz der empfindlichen Natur Islands strengstens verboten.<\/p>\n<\/div><\/div>\n\n\n\n<div style=\"height:70px\" aria-hidden=\"true\" class=\"wp-block-spacer\"><\/div>\n\n\n\n<div class=\"wp-block-media-text alignwide has-media-on-the-right is-stacked-on-mobile is-vertically-aligned-center\"><div class=\"wp-block-media-text__content\">\n<h2 id=\"h-warum-eigenen-gelandewagen-mitbringen\" class=\"wp-block-heading\" style=\"margin-top:var(--wp--preset--spacing--30);margin-bottom:var(--wp--preset--spacing--30)\">Warum eigenen Gel\u00e4ndewagen mitbringen?<\/h2>\n\n\n\n<p class=\"wp-block-paragraph\">Einer der gr\u00f6\u00dften Vorteile einer Reise nach Island mit der F\u00e4hre ist, dass Sie mit dem Gel\u00e4ndewagen ankommen, den Sie bereits kennen und auf den Sie vertrauen. Sobald Sie die Norr\u00f6na in Sey\u00f0isfj\u00f6r\u00f0ur verlassen, k\u00f6nnen Sie das Hochland in Ihrem eigenen Tempo erkunden.<\/p>\n\n\n\n<p class=\"wp-block-paragraph\">Wenn Sie Ihren eigenen Gel\u00e4ndewagen mitbringen, haben Sie au\u00dferdem die Freiheit, genau das einzupacken, was Sie brauchen. Ob Campingausr\u00fcstung, Wanderausr\u00fcstung, Bergungsausr\u00fcstung oder zus\u00e4tzliche Vorr\u00e4te \u2013 alles reist mit Ihnen mit, sodass Sie auf alles vorbereitet sind, was die Reise mit sich bringt.<\/p>\n<\/div><figure class=\"wp-block-media-text__media\"><img loading=\"lazy\" decoding=\"async\" width=\"1600\" height=\"1200\" src=\"https:\/\/www.smyrilline.com\/wp-content\/uploads\/2026\/07\/DSC_1131-1600px.jpg\" alt=\"\" class=\"wp-image-33530 size-full\" srcset=\"https:\/\/www.smyrilline.com\/wp-content\/uploads\/2026\/07\/DSC_1131-1600px.jpg 1600w, https:\/\/www.smyrilline.com\/wp-content\/smush-webp\/2026\/07\/DSC_1131-1600px-800x600.jpg.webp 800w, https:\/\/www.smyrilline.com\/wp-content\/smush-webp\/2026\/07\/DSC_1131-1600px-768x576.jpg.webp 768w, https:\/\/www.smyrilline.com\/wp-content\/smush-webp\/2026\/07\/DSC_1131-1600px-1536x1152.jpg.webp 1536w, https:\/\/www.smyrilline.com\/wp-content\/smush-webp\/2026\/07\/DSC_1131-1600px-340x255.jpg.webp 340w, https:\/\/www.smyrilline.com\/wp-content\/smush-webp\/2026\/07\/DSC_1131-1600px-1024x768.jpg.webp 1024w, https:\/\/www.smyrilline.com\/wp-content\/smush-webp\/2026\/07\/DSC_1131-1600px-1280x960.jpg.webp 1280w\" sizes=\"auto, (max-width: 1600px) 100vw, 1600px\" \/><\/figure><\/div>\n\n\n\n<div style=\"height:70px\" aria-hidden=\"true\" class=\"wp-block-spacer\"><\/div>\n\n\n\n<div class=\"wp-block-group alignfull has-yellow-50-background-color has-background has-global-padding is-layout-constrained wp-block-group-is-layout-constrained\">\n<div style=\"height:var(--wp--preset--spacing--50)\" aria-hidden=\"true\" class=\"wp-block-spacer\"><\/div>\n\n\n\n<h2 class=\"wp-block-heading has-text-align-center\" id=\"h-planen-sie-4x4-abenteuer-nbsp\">Planen Sie <br>4&#215;4 Abenteuer&nbsp;<\/h2>\n\n\n\n<div style=\"height:20px\" aria-hidden=\"true\" class=\"wp-block-spacer\"><\/div>\n\n\n\n<div class=\"wp-block-columns alignwide is-layout-flex wp-container-core-columns-is-layout-794e3cfa wp-block-columns-is-layout-flex\">\n<div class=\"wp-block-column is-layout-flow wp-block-column-is-layout-flow\">\n<figure class=\"wp-block-image aligncenter size-full is-resized\"><img loading=\"lazy\" decoding=\"async\" width=\"1254\" height=\"1254\" src=\"https:\/\/www.smyrilline.com\/wp-content\/smush-webp\/2026\/07\/1.png.webp\" alt=\"\" class=\"wp-image-33160\" style=\"width:85px;height:auto\" srcset=\"https:\/\/www.smyrilline.com\/wp-content\/smush-webp\/2026\/07\/1.png.webp 1254w, https:\/\/www.smyrilline.com\/wp-content\/smush-webp\/2026\/07\/1-800x800.png.webp 800w, https:\/\/www.smyrilline.com\/wp-content\/smush-webp\/2026\/07\/1-300x300.png.webp 300w, https:\/\/www.smyrilline.com\/wp-content\/smush-webp\/2026\/07\/1-768x768.png.webp 768w, https:\/\/www.smyrilline.com\/wp-content\/smush-webp\/2026\/07\/1-340x340.png.webp 340w, https:\/\/www.smyrilline.com\/wp-content\/smush-webp\/2026\/07\/1-1024x1024.png.webp 1024w\" sizes=\"auto, (max-width: 1254px) 100vw, 1254px\" \/><\/figure>\n\n\n\n<h5 class=\"wp-block-heading has-text-align-center\" id=\"h-beste-reisezeit\">Beste Reisezeit<\/h5>\n\n\n\n<p class=\"has-text-align-center wp-block-paragraph\">Das Hochland ist nur in den Sommermonaten zug\u00e4nglich, in der Regel von Ende Juni bis Anfang September. Au\u00dferhalb dieses Zeitraums bleiben die meisten F-Stra\u00dfen gesperrt.<\/p>\n<\/div>\n\n\n\n<div class=\"wp-block-column is-layout-flow wp-block-column-is-layout-flow\">\n<figure class=\"wp-block-image aligncenter size-full is-resized\"><img loading=\"lazy\" decoding=\"async\" width=\"1254\" height=\"1254\" src=\"https:\/\/www.smyrilline.com\/wp-content\/smush-webp\/2026\/07\/5.png.webp\" alt=\"\" class=\"wp-image-33157\" style=\"width:85px;height:auto\" srcset=\"https:\/\/www.smyrilline.com\/wp-content\/smush-webp\/2026\/07\/5.png.webp 1254w, https:\/\/www.smyrilline.com\/wp-content\/smush-webp\/2026\/07\/5-800x800.png.webp 800w, https:\/\/www.smyrilline.com\/wp-content\/smush-webp\/2026\/07\/5-300x300.png.webp 300w, https:\/\/www.smyrilline.com\/wp-content\/smush-webp\/2026\/07\/5-768x768.png.webp 768w, https:\/\/www.smyrilline.com\/wp-content\/smush-webp\/2026\/07\/5-340x340.png.webp 340w, https:\/\/www.smyrilline.com\/wp-content\/smush-webp\/2026\/07\/5-1024x1024.png.webp 1024w\" sizes=\"auto, (max-width: 1254px) 100vw, 1254px\" \/><\/figure>\n\n\n\n<h5 class=\"wp-block-heading has-text-align-center\" id=\"h-f-strassen\">F-Stra\u00dfen<\/h5>\n\n\n\n<p class=\"has-text-align-center wp-block-paragraph\">F-Stra\u00dfen sind Bergstra\u00dfen, die ins Hochland Islands f\u00fchren. Sie sind nur im Sommer befahrbar und k\u00f6nnen unwegsames Gel\u00e4nde sowie Fluss\u00fcberquerungen ohne Br\u00fccken beinhalten. Informieren Sie sich vor der Abfahrt stets \u00fcber die aktuelle Stra\u00dfenlage.<\/p>\n<\/div>\n\n\n\n<div class=\"wp-block-column is-layout-flow wp-block-column-is-layout-flow\">\n<figure class=\"wp-block-image aligncenter size-full is-resized\"><img loading=\"lazy\" decoding=\"async\" width=\"1254\" height=\"1254\" src=\"https:\/\/www.smyrilline.com\/wp-content\/smush-webp\/2026\/07\/2.png.webp\" alt=\"\" class=\"wp-image-33159\" style=\"width:85px;height:auto\" srcset=\"https:\/\/www.smyrilline.com\/wp-content\/smush-webp\/2026\/07\/2.png.webp 1254w, https:\/\/www.smyrilline.com\/wp-content\/smush-webp\/2026\/07\/2-800x800.png.webp 800w, https:\/\/www.smyrilline.com\/wp-content\/smush-webp\/2026\/07\/2-300x300.png.webp 300w, https:\/\/www.smyrilline.com\/wp-content\/smush-webp\/2026\/07\/2-768x768.png.webp 768w, https:\/\/www.smyrilline.com\/wp-content\/smush-webp\/2026\/07\/2-340x340.png.webp 340w, https:\/\/www.smyrilline.com\/wp-content\/smush-webp\/2026\/07\/2-1024x1024.png.webp 1024w\" sizes=\"auto, (max-width: 1254px) 100vw, 1254px\" \/><\/figure>\n\n\n\n<h5 class=\"wp-block-heading has-text-align-center\" id=\"h-strassenverhaltnisse-nbsp\">Stra\u00dfenverh\u00e4ltnisse&nbsp;<\/h5>\n\n\n\n<p class=\"has-text-align-center wp-block-paragraph\">Die Stra\u00dfenverh\u00e4ltnisse k\u00f6nnen sich je nach Wetterlage schnell \u00e4ndern. Informieren Sie sich t\u00e4glich \u00fcber die aktuelle Verkehrslage und seien Sie darauf vorbereitet, Ihre Pl\u00e4ne gegebenenfalls anzupassen.<\/p>\n<\/div>\n\n\n\n<div class=\"wp-block-column is-layout-flow wp-block-column-is-layout-flow\">\n<figure class=\"wp-block-image aligncenter size-full is-resized\"><img loading=\"lazy\" decoding=\"async\" width=\"1254\" height=\"1254\" src=\"https:\/\/www.smyrilline.com\/wp-content\/smush-webp\/2026\/07\/4.png.webp\" alt=\"\" class=\"wp-image-33166\" style=\"width:85px;height:auto\" srcset=\"https:\/\/www.smyrilline.com\/wp-content\/smush-webp\/2026\/07\/4.png.webp 1254w, https:\/\/www.smyrilline.com\/wp-content\/smush-webp\/2026\/07\/4-800x800.png.webp 800w, https:\/\/www.smyrilline.com\/wp-content\/smush-webp\/2026\/07\/4-300x300.png.webp 300w, https:\/\/www.smyrilline.com\/wp-content\/smush-webp\/2026\/07\/4-768x768.png.webp 768w, https:\/\/www.smyrilline.com\/wp-content\/smush-webp\/2026\/07\/4-340x340.png.webp 340w, https:\/\/www.smyrilline.com\/wp-content\/smush-webp\/2026\/07\/4-1024x1024.png.webp 1024w\" sizes=\"auto, (max-width: 1254px) 100vw, 1254px\" \/><\/figure>\n\n\n\n<h5 class=\"wp-block-heading has-text-align-center\" id=\"h-kraftstoff\">Kraftstoff<\/h5>\n\n\n\n<p class=\"has-text-align-center wp-block-paragraph\">In abgelegenen Gebieten gibt es nur wenige Tankstellen. Tanken Sie daher, wann immer es m\u00f6glich ist, und planen Sie Ihre Route sorgf\u00e4ltig, bevor Sie ins Hochland fahren.<\/p>\n<\/div>\n\n\n\n<div class=\"wp-block-column is-layout-flow wp-block-column-is-layout-flow\">\n<figure class=\"wp-block-image aligncenter size-full is-resized\"><img loading=\"lazy\" decoding=\"async\" width=\"1254\" height=\"1254\" src=\"https:\/\/www.smyrilline.com\/wp-content\/smush-webp\/2026\/07\/3.png.webp\" alt=\"\" class=\"wp-image-33158\" style=\"width:85px;height:auto\" srcset=\"https:\/\/www.smyrilline.com\/wp-content\/smush-webp\/2026\/07\/3.png.webp 1254w, https:\/\/www.smyrilline.com\/wp-content\/smush-webp\/2026\/07\/3-800x800.png.webp 800w, https:\/\/www.smyrilline.com\/wp-content\/smush-webp\/2026\/07\/3-300x300.png.webp 300w, https:\/\/www.smyrilline.com\/wp-content\/smush-webp\/2026\/07\/3-768x768.png.webp 768w, https:\/\/www.smyrilline.com\/wp-content\/smush-webp\/2026\/07\/3-340x340.png.webp 340w, https:\/\/www.smyrilline.com\/wp-content\/smush-webp\/2026\/07\/3-1024x1024.png.webp 1024w\" sizes=\"auto, (max-width: 1254px) 100vw, 1254px\" \/><\/figure>\n\n\n\n<h5 class=\"wp-block-heading has-text-align-center\" id=\"h-wetter\">Wetter<\/h5>\n\n\n\n<p class=\"has-text-align-center wp-block-paragraph\">Das Wetter im Hochland kann selbst im Sommer unvorhersehbar sein. Nehmen Sie warme, wasserdichte Kleidung mit und planen Sie Ihre Reiseroute flexibel..<\/p>\n<\/div>\n\n\n\n<div class=\"wp-block-column is-layout-flow wp-block-column-is-layout-flow\">\n<figure class=\"wp-block-image aligncenter size-full is-resized\"><img loading=\"lazy\" decoding=\"async\" width=\"1254\" height=\"1254\" src=\"https:\/\/www.smyrilline.com\/wp-content\/smush-webp\/2026\/07\/6.png.webp\" alt=\"\" class=\"wp-image-33156\" style=\"width:85px;height:auto\" srcset=\"https:\/\/www.smyrilline.com\/wp-content\/smush-webp\/2026\/07\/6.png.webp 1254w, https:\/\/www.smyrilline.com\/wp-content\/smush-webp\/2026\/07\/6-800x800.png.webp 800w, https:\/\/www.smyrilline.com\/wp-content\/smush-webp\/2026\/07\/6-300x300.png.webp 300w, https:\/\/www.smyrilline.com\/wp-content\/smush-webp\/2026\/07\/6-768x768.png.webp 768w, https:\/\/www.smyrilline.com\/wp-content\/smush-webp\/2026\/07\/6-340x340.png.webp 340w, https:\/\/www.smyrilline.com\/wp-content\/smush-webp\/2026\/07\/6-1024x1024.png.webp 1024w\" sizes=\"auto, (max-width: 1254px) 100vw, 1254px\" \/><\/figure>\n\n\n\n<h5 class=\"wp-block-heading has-text-align-center\" id=\"h-packliste-nbsp\">Packliste&nbsp;<\/h5>\n\n\n\n<p class=\"has-text-align-center wp-block-paragraph\">\u00b7 Warme Kleidung zum Unterziehen<br> \u00b7 Wasserdichte Kleidung<br>\u00b7 Wanderstiefel<br>\u00b7 Proviant und Trinkwasser<br>\u00b7 Karte oder Offline-Navigation<\/p>\n<\/div>\n<\/div>\n\n\n\n<div style=\"height:var(--wp--preset--spacing--50)\" aria-hidden=\"true\" class=\"wp-block-spacer\"><\/div>\n<\/div>\n\n\n\n<div style=\"height:70px\" aria-hidden=\"true\" class=\"wp-block-spacer\"><\/div>\n\n\n\n<h2 id=\"h-warum-mit-der-fahre-reisen\" class=\"wp-block-heading\">Warum mit der F\u00e4hre reisen?<\/h2>\n\n\n\n<p class=\"wp-block-paragraph\">Bei einer Reise mit der Norr\u00f6na geht es um mehr als nur darum, Ihr Reiseziel zu erreichen. Die \u00dcberfahrt wird Teil Ihres Urlaubs und gibt Ihnen Zeit, sich zu entspannen, das Leben an Bord zu genie\u00dfen und erholt f\u00fcr die bevorstehenden Erlebnisse anzukommen. <\/p>\n\n\n\n<p class=\"wp-block-paragraph\">\u00dcbernachten Sie in komfortablen Kabinen, genie\u00dfen Sie gutes Essen und den Panoramablick auf das Meer \u2013 und legen Sie, wenn Sie m\u00f6chten, unterwegs einen Zwischenstopp auf den F\u00e4r\u00f6ern ein. Kommen Sie in Sey\u00f0isfj\u00f6r\u00f0ur an und starten Sie voller Tatendrang Ihr 4\u00d74-Abenteuer durch das Hochland.<\/p>\n\n\n\n<div class=\"wp-block-buttons is-layout-flex wp-block-buttons-is-layout-flex\">\n<div class=\"wp-block-button\"><a class=\"wp-block-button__link has-base-dark-color has-yellow-500-background-color has-text-color has-background has-link-color wp-element-button\" href=\"https:\/\/booking.smyrilline.fo\/de\/book\/\" target=\"_blank\" rel=\"noopener\">Preise &amp; Buchung<\/a><\/div>\n<\/div>\n\n\n\n<div style=\"height:40px\" aria-hidden=\"true\" class=\"wp-block-spacer\"><\/div>\n\n\n\n<div id=\"shortcuts_block_b637027ffe31e8721cd57063ba1c9780\" class=\"lunnar-shortcuts alignwide shortcuts-swiper\">\n    \n                            <div class=\"shortcuts-list items-3\" style=\"width: calc(100% - 30px) !important;\">\n                \n                                    <div class=\"swiper-wrapper\">\n                    \n                    \n                        \n                        <a href=\"https:\/\/www.smyrilline.com\/de\/norroena\/#kabinen\" target=\"\" class=\"shortcuts-item swiper-slide\">\n                            <h3 class=\"shortcuts-item-title\">Komfortable Kabinen<\/h3>\n\n                            <div class=\"shortcuts-item-arrow\"><img decoding=\"async\" src=\"https:\/\/www.smyrilline.com\/wp-content\/themes\/lunnar-smyrilline\/images\/icon-circle-arrow.svg\" class=\"injectable\" alt=\"icon-circle-arrow\" loading=\"lazy\" \/><\/div>\n\n                            \n                                                                                            \n                                <picture>\n                                    <source media=\"(min-width: 769px)\" srcset=\"https:\/\/www.smyrilline.com\/wp-content\/uploads\/2026\/06\/Nordic_Deluxe-5-1200px-e1782903365486-600x801.jpg\">\n                                    <img src=\"https:\/\/www.smyrilline.com\/wp-content\/uploads\/2026\/06\/Nordic_Deluxe-5-1200px-e1782903365486-360x506.jpg\" \n                                        alt=\"Nordic_Deluxe-5-1200px-e1782903365486.jpg\" \n                                        class=\"shortcut-image\" \n                                        loading=\"lazy\" \n                                        decoding=\"async\">\n                                <\/picture>\n                                                    <\/a>\n                    \n                        \n                        <a href=\"https:\/\/www.smyrilline.com\/de\/norroena\/#restaurants-cafes\" target=\"\" class=\"shortcuts-item swiper-slide\">\n                            <h3 class=\"shortcuts-item-title\">Restaurants &#038; Meerblick<\/h3>\n\n                            <div class=\"shortcuts-item-arrow\"><img decoding=\"async\" src=\"https:\/\/www.smyrilline.com\/wp-content\/themes\/lunnar-smyrilline\/images\/icon-circle-arrow.svg\" class=\"injectable\" alt=\"icon-circle-arrow\" loading=\"lazy\" \/><\/div>\n\n                            \n                                                                                            \n                                <picture>\n                                    <source media=\"(min-width: 769px)\" srcset=\"https:\/\/www.smyrilline.com\/wp-content\/smush-webp\/2026\/05\/Laterna_Magica-Beinta_og_Heri-Hanna-_QQL8287-view-copy-1-600x890.jpg.webp\">\n                                    <img src=\"https:\/\/www.smyrilline.com\/wp-content\/smush-webp\/2026\/05\/Laterna_Magica-Beinta_og_Heri-Hanna-_QQL8287-view-copy-1-360x506.jpg.webp\" \n                                        alt=\"Laterna_Magica-Beinta_og_Heri-Hanna-_QQL8287-view-copy-1.jpg\" \n                                        class=\"shortcut-image\" \n                                        loading=\"lazy\" \n                                        decoding=\"async\">\n                                <\/picture>\n                                                    <\/a>\n                    \n                        \n                        <a href=\"https:\/\/www.smyrilline.com\/de\/island-faeroeer-inseln\/\" target=\"\" class=\"shortcuts-item swiper-slide\">\n                            <h3 class=\"shortcuts-item-title\">Optionaler Zwischenstopp auf den F\u00e4r\u00f6ern<\/h3>\n\n                            <div class=\"shortcuts-item-arrow\"><img decoding=\"async\" src=\"https:\/\/www.smyrilline.com\/wp-content\/themes\/lunnar-smyrilline\/images\/icon-circle-arrow.svg\" class=\"injectable\" alt=\"icon-circle-arrow\" loading=\"lazy\" \/><\/div>\n\n                            \n                                                                                            \n                                <picture>\n                                    <source media=\"(min-width: 769px)\" srcset=\"https:\/\/www.smyrilline.com\/wp-content\/smush-webp\/2026\/04\/IS-FO-600x890.jpg.webp\">\n                                    <img src=\"https:\/\/www.smyrilline.com\/wp-content\/smush-webp\/2026\/04\/IS-FO-360x506.jpg.webp\" \n                                        alt=\"IS-FO.jpg\" \n                                        class=\"shortcut-image\" \n                                        loading=\"lazy\" \n                                        decoding=\"async\">\n                                <\/picture>\n                                                    <\/a>\n                    \n                                        <\/div>\n\n                    <div class=\"swiper-scrollbar\"><\/div>\n                                <\/div>\n                        <\/div>\n\n\n<div style=\"height:100px\" aria-hidden=\"true\" class=\"wp-block-spacer\"><\/div>\n\n\n\n<div class=\"wp-block-group alignfull has-black-50-background-color has-background has-global-padding is-layout-constrained wp-block-group-is-layout-constrained\">\n<div style=\"height:40px\" aria-hidden=\"true\" class=\"wp-block-spacer\"><\/div>\n\n\n\n<h2 id=\"h-faq\" class=\"wp-block-heading\">FAQ<\/h2>\n\n\n\n<div style=\"height:30px\" aria-hidden=\"true\" class=\"wp-block-spacer\"><\/div>\n\n\n\n<details class=\"wp-block-details is-layout-flow wp-block-details-is-layout-flow\"><summary><strong>Das Hochland erkunden<\/strong><\/summary>\n<p class=\"wp-block-paragraph\"><strong>Was sind F-Stra\u00dfen?<\/strong><br>F-Stra\u00dfen sind Islands Bergstra\u00dfen, die ins Hochland f\u00fchren. Sie sind nur in den Sommermonaten befahrbar und erfordern ein geeignetes Fahrzeug mit Allradantrieb.<br><br><strong>Ben\u00f6tige ich ein Allrad-Fahrzeug auf den F-Stra\u00dfen?<\/strong><br>Ja. Die Befahrung von F-Stra\u00dfen ist gesetzlich auf Fahrzeuge mit Allradantrieb beschr\u00e4nkt. Normale Pkw sind nicht zugelassen.<br><br><strong>Wann sind die F-Stra\u00dfen offen?<\/strong><br>Die meisten F-Stra\u00dfen werden zwischen Ende Juni und Anfang Juli freigegeben, abh\u00e4ngig von den Schneeverh\u00e4ltnissen und den j\u00e4hrlichen Stra\u00dfeninstandhaltungsarbeiten. Die Termine f\u00fcr die Freigabe variieren von Jahr zu Jahr.<br><br><strong>Darf ich Fl\u00fcsse mit dem Auto \u00fcberqueren?<\/strong><br>Einige Routen im Hochland f\u00fchren \u00fcber Fl\u00fcsse, die nicht \u00fcberbr\u00fcckt sind. Pr\u00fcfen Sie vor der \u00dcberquerung stets sorgf\u00e4ltig die Bedingungen und versuchen Sie niemals, einen Fluss zu \u00fcberqueren, wenn dies unsicher erscheint. Fluss\u00fcberquerungen sollten nur von erfahrenen Fahrern in geeigneten Fahrzeugen durchgef\u00fchrt werden.<br><br><strong>Ist das Fahren abseits der Stra\u00dfen in Island erlaubt?<\/strong><br>Nein. Das Off-Road-Fahren abseits der Stra\u00dfen ist in ganz Island strengstens verboten, um die einzigartigen und empfindlichen Landschaften des Landes zu sch\u00fctzen.<\/p>\n<\/details>\n\n\n\n<details class=\"wp-block-details is-layout-flow wp-block-details-is-layout-flow\"><summary><strong>Planen Sie Ihr Abenteuer im Hochland<\/strong>&nbsp;<\/summary>\n<p class=\"wp-block-paragraph\"><strong>Was sollte ich einpacken?<\/strong><br>Das Wetter im Hochland kann sich schnell \u00e4ndern. Wir empfehlen Ihnen, warme Kleidung, wasserdichte Kleidung, Proviant, Trinkwasser und ein f\u00fcr abgelegene Gebiete geeignetes Navigationsger\u00e4t mitzunehmen.<br><br><strong>Wo kann ich mich \u00fcber die Stra\u00dfenverh\u00e4ltnisse informieren?<\/strong><br>Aktuelle Informationen zu den Stra\u00dfenverh\u00e4ltnissen finden Sie unter <a href=\"https:\/\/umferdin.is\/en\" target=\"_blank\" rel=\"noopener\">road.is<\/a>, Wettervorhersagen und Warnungen unter <a href=\"https:\/\/vedur.is\/\" target=\"_blank\" rel=\"noreferrer noopener\">vedur.is<\/a>. Informieren Sie sich vor einer Fahrt ins Hochland immer \u00fcber beides.<br><br><strong>Wo kann ich \u00fcbernachten?<\/strong><br>Das Angebot an Unterk\u00fcnften reicht von Bergh\u00fctten und Campingpl\u00e4tzen bis hin zu Hotels au\u00dferhalb der Hochlandregion. Viele Reisende kombinieren bei l\u00e4ngeren Reisen Camping mit Hotelaufenthalten.<br><br><strong>Wie viel Zeit sollte ich einplanen?<\/strong><br>Zwar lassen sich Teile des Hochlands auch im Rahmen k\u00fcrzerer Reisen erkunden, doch wenn Sie zwei oder drei Wochen in Island einplanen, haben Sie mehr Flexibilit\u00e4t, um die Ringstra\u00dfe mit Abenteuern im Hochland zu verbinden.<\/p>\n<\/details>\n\n\n\n<details class=\"wp-block-details is-layout-flow wp-block-details-is-layout-flow\"><summary><strong>Reisen mit Norr\u00f6na<\/strong><\/summary>\n<p class=\"wp-block-paragraph\"><strong>Darf ich meinen eigenen Gel\u00e4ndewagen mitbringen?<\/strong><br>Ja. Auf der Norr\u00f6na k\u00f6nnen Sie mit Ihrem eigenen Gel\u00e4ndewagen direkt nach Island reisen und sind so schon ab Ihrer Ankunft bereit f\u00fcr Erkundungstouren.<br><br><strong>Wie viel Ausr\u00fcstung darf ich mitnehmen?<\/strong><br>Wenn Sie mit der F\u00e4hre reisen, k\u00f6nnen Sie Campingausr\u00fcstung, Wanderausr\u00fcstung, Bergungsausr\u00fcstung und andere wichtige Dinge mitnehmen, ohne auf Gep\u00e4ckbeschr\u00e4nkungen achten zu m\u00fcssen, wie z.B. bei Fluggesellschaften \u00fcblich.<br><br><strong>Wie lange dauert die \u00dcberfahrt?<\/strong><br>Die \u00dcberfahrt zwischen D\u00e4nemark und Island dauert etwa zwei Tage, mit einem Halt auf den F\u00e4r\u00f6ern.<br><br><strong>Welche Einrichtungen gibt es an Bord?<\/strong><br>Die Norr\u00f6na bietet komfortable Kabinen, Restaurants, Caf\u00e9s, einen Shop, einen Fitnessraum und Entspannungsbereiche, damit Sie die \u00dcberfahrt genie\u00dfen k\u00f6nnen, bevor Ihr Abenteuer beginnt.<\/p>\n<\/details>\n\n\n\n<div style=\"height:40px\" aria-hidden=\"true\" class=\"wp-block-spacer\"><\/div>\n<\/div>\n\n\n\n<div style=\"height:100px\" aria-hidden=\"true\" class=\"wp-block-spacer\"><\/div>\n\n\n\n<div class=\"wp-block-media-text alignwide is-stacked-on-mobile is-vertically-aligned-center\"><figure class=\"wp-block-media-text__media\"><img loading=\"lazy\" decoding=\"async\" width=\"1600\" height=\"1104\" src=\"https:\/\/www.smyrilline.com\/wp-content\/smush-webp\/2025\/02\/Smyril_065-1920x1325-1-1600x1104.jpg.webp\" alt=\"\" class=\"wp-image-1544 size-full\" srcset=\"https:\/\/www.smyrilline.com\/wp-content\/smush-webp\/2025\/02\/Smyril_065-1920x1325-1-1600x1104.jpg.webp 1600w, https:\/\/www.smyrilline.com\/wp-content\/smush-webp\/2025\/02\/Smyril_065-1920x1325-1-800x552.jpg.webp 800w, https:\/\/www.smyrilline.com\/wp-content\/smush-webp\/2025\/02\/Smyril_065-1920x1325-1-768x530.jpg.webp 768w, https:\/\/www.smyrilline.com\/wp-content\/smush-webp\/2025\/02\/Smyril_065-1920x1325-1-1536x1060.jpg.webp 1536w, https:\/\/www.smyrilline.com\/wp-content\/uploads\/2025\/02\/Smyril_065-1920x1325-1-340x235.jpg 340w, https:\/\/www.smyrilline.com\/wp-content\/uploads\/2025\/02\/Smyril_065-1920x1325-1-1024x707.jpg 1024w, https:\/\/www.smyrilline.com\/wp-content\/uploads\/2025\/02\/Smyril_065-1920x1325-1-1280x883.jpg 1280w, https:\/\/www.smyrilline.com\/wp-content\/smush-webp\/2025\/02\/Smyril_065-1920x1325-1.jpg.webp 1920w\" sizes=\"auto, (max-width: 1600px) 100vw, 1600px\" \/><\/figure><div class=\"wp-block-media-text__content\">\n<h3 id=\"h-beste-reisezeit-0\" class=\"wp-block-heading is-style-heading-h2-size is-style-heading-h2-size--3\" style=\"margin-top:var(--wp--preset--spacing--30);margin-bottom:var(--wp--preset--spacing--30)\">Beste Reisezeit<\/h3>\n\n\n\n<p class=\"wp-block-paragraph\" id=\"h-start-your-iceland-road-trip\">Das Hochland ist in der Regel von Ende Juni bis zum Fr\u00fchherbst befahrbar, abh\u00e4ngig von den Schneeverh\u00e4ltnissen und dem Zustand der Stra\u00dfen.<\/p>\n\n\n\n<p class=\"wp-block-paragraph\" id=\"h-start-your-iceland-road-trip\">Die \u00d6ffnungstermine variieren von Jahr zu Jahr, und einzelne F-Stra\u00dfen k\u00f6nnen zu unterschiedlichen Zeiten ge\u00f6ffnet oder gesperrt werden. Eine Reise gegen Ende der Saison bedeutet oft ruhigere Stra\u00dfen und wundersch\u00f6ne Herbstfarben im Landesinneren.<\/p>\n\n\n\n<div style=\"height:10px\" aria-hidden=\"true\" class=\"wp-block-spacer\"><\/div>\n\n\n\n<div class=\"wp-block-buttons is-layout-flex wp-block-buttons-is-layout-flex\">\n<div class=\"wp-block-button\"><a class=\"wp-block-button__link has-black-600-color has-yellow-500-background-color has-text-color has-background has-link-color wp-element-button\" href=\"https:\/\/booking.smyrilline.fo\/de\/book\/\" target=\"_blank\" rel=\"noreferrer noopener\">Preise &amp; Buchung<\/a><\/div>\n<\/div>\n<\/div><\/div>\n\n\n\n<div style=\"height:140px\" aria-hidden=\"true\" class=\"wp-block-spacer\"><\/div>\n\n\n\n<p class=\"wp-block-paragraph\"><\/p>\n","protected":false},"excerpt":{"rendered":"<p>Abseits der Ringstra\u00dfe Einige der gro\u00dfartigsten Abenteuer Islands beginnen dort, wo die asphaltierten Stra\u00dfen enden. Bringen Sie Ihren eigenen 4&#215;4-Gel\u00e4ndewagen an Bord der Norr\u00f6na mit und erkunden Sie das isl\u00e4ndische Hochland, Bergpfade und spektakul\u00e4re Landschaften, die nur wenige Besucher jemals erleben. Reisen Sie durch farbenpr\u00e4chtige Berge, weite Vulkanw\u00fcsten, geothermische T\u00e4ler und von Gletschern gespeiste Fl\u00fcsse [&hellip;]<\/p>\n","protected":false},"author":5,"featured_media":1552,"parent":0,"menu_order":0,"comment_status":"closed","ping_status":"closed","template":"page-no-title","meta":{"_acf_changed":false,"footnotes":""},"class_list":["post-34693","page","type-page","status-publish","has-post-thumbnail","hentry"],"acf":[],"yoast_head":"<!-- This site is optimized with the Yoast SEO Premium plugin v28.3 (Yoast SEO v28.3) - https:\/\/yoast.com\/product\/yoast-seo-premium-wordpress\/ -->\n<title>Island mit dem Allradfahrzeug - Smyril Line<\/title>\n<meta name=\"description\" content=\"Bringen Sie Ihren eigenen 4x4-Gel\u00e4ndewagen an Bord der Norr\u00f6na mit und erkunden Sie das isl\u00e4ndische Hochland, Bergpfade und spektakul\u00e4re Landschaften.\" \/>\n<meta name=\"robots\" content=\"index, follow, max-snippet:-1, max-image-preview:large, max-video-preview:-1\" \/>\n<link rel=\"canonical\" href=\"https:\/\/www.smyrilline.com\/de\/island-mit-dem-allradfahrzeug\/\" \/>\n<meta property=\"og:locale\" content=\"de_DE\" \/>\n<meta property=\"og:type\" content=\"article\" \/>\n<meta property=\"og:title\" content=\"Island mit dem Allradfahrzeug\" \/>\n<meta property=\"og:description\" content=\"Bringen Sie Ihren eigenen 4x4-Gel\u00e4ndewagen an Bord der Norr\u00f6na mit und erkunden Sie das isl\u00e4ndische Hochland, Bergpfade und spektakul\u00e4re Landschaften.\" \/>\n<meta property=\"og:url\" content=\"https:\/\/www.smyrilline.com\/de\/island-mit-dem-allradfahrzeug\/\" \/>\n<meta property=\"og:site_name\" content=\"Smyril Line\" \/>\n<meta property=\"article:publisher\" content=\"https:\/\/www.facebook.com\/smyrilline.int\/\" \/>\n<meta property=\"article:modified_time\" content=\"2026-08-28T10:10:00+00:00\" \/>\n<meta property=\"og:image\" content=\"https:\/\/www.smyrilline.com\/wp-content\/uploads\/2025\/02\/PAT_9756-3.jpg\" \/>\n\t<meta property=\"og:image:width\" content=\"1920\" \/>\n\t<meta property=\"og:image:height\" content=\"1325\" \/>\n\t<meta property=\"og:image:type\" content=\"image\/jpeg\" \/>\n<meta name=\"twitter:card\" content=\"summary_large_image\" \/>\n<meta name=\"twitter:label1\" content=\"Gesch\u00e4tzte Lesezeit\" \/>\n\t<meta name=\"twitter:data1\" content=\"16\u00a0Minute\" \/>\n<script type=\"application\/ld+json\" class=\"yoast-schema-graph\">{\"@context\":\"https:\\\/\\\/schema.org\",\"@graph\":[{\"@type\":\"WebPage\",\"@id\":\"https:\\\/\\\/www.smyrilline.com\\\/de\\\/island-mit-dem-allradfahrzeug\\\/\",\"url\":\"https:\\\/\\\/www.smyrilline.com\\\/de\\\/island-mit-dem-allradfahrzeug\\\/\",\"name\":\"Island mit dem Allradfahrzeug - Smyril Line\",\"isPartOf\":{\"@id\":\"https:\\\/\\\/www.smyrilline.com\\\/de\\\/#website\"},\"primaryImageOfPage\":{\"@id\":\"https:\\\/\\\/www.smyrilline.com\\\/de\\\/island-mit-dem-allradfahrzeug\\\/#primaryimage\"},\"image\":{\"@id\":\"https:\\\/\\\/www.smyrilline.com\\\/de\\\/island-mit-dem-allradfahrzeug\\\/#primaryimage\"},\"thumbnailUrl\":\"https:\\\/\\\/www.smyrilline.com\\\/wp-content\\\/uploads\\\/2025\\\/02\\\/PAT_9756-3.jpg\",\"datePublished\":\"2026-07-15T10:20:29+00:00\",\"dateModified\":\"2026-08-28T10:10:00+00:00\",\"description\":\"Bringen Sie Ihren eigenen 4x4-Gel\u00e4ndewagen an Bord der Norr\u00f6na mit und erkunden Sie das isl\u00e4ndische Hochland, Bergpfade und spektakul\u00e4re Landschaften.\",\"breadcrumb\":{\"@id\":\"https:\\\/\\\/www.smyrilline.com\\\/de\\\/island-mit-dem-allradfahrzeug\\\/#breadcrumb\"},\"inLanguage\":\"de\",\"potentialAction\":[{\"@type\":\"ReadAction\",\"target\":[\"https:\\\/\\\/www.smyrilline.com\\\/de\\\/island-mit-dem-allradfahrzeug\\\/\"]}]},{\"@type\":\"ImageObject\",\"inLanguage\":\"de\",\"@id\":\"https:\\\/\\\/www.smyrilline.com\\\/de\\\/island-mit-dem-allradfahrzeug\\\/#primaryimage\",\"url\":\"https:\\\/\\\/www.smyrilline.com\\\/wp-content\\\/uploads\\\/2025\\\/02\\\/PAT_9756-3.jpg\",\"contentUrl\":\"https:\\\/\\\/www.smyrilline.com\\\/wp-content\\\/uploads\\\/2025\\\/02\\\/PAT_9756-3.jpg\",\"width\":1920,\"height\":1325},{\"@type\":\"BreadcrumbList\",\"@id\":\"https:\\\/\\\/www.smyrilline.com\\\/de\\\/island-mit-dem-allradfahrzeug\\\/#breadcrumb\",\"itemListElement\":[{\"@type\":\"ListItem\",\"position\":1,\"name\":\"Home\",\"item\":\"https:\\\/\\\/www.smyrilline.com\\\/de\\\/\"},{\"@type\":\"ListItem\",\"position\":2,\"name\":\"Island mit dem Allradfahrzeug\"}]},{\"@type\":\"WebSite\",\"@id\":\"https:\\\/\\\/www.smyrilline.com\\\/de\\\/#website\",\"url\":\"https:\\\/\\\/www.smyrilline.com\\\/de\\\/\",\"name\":\"Smyril Line\",\"description\":\"F\u00e4hre nach Island und auf die F\u00e4r\u00f6er\",\"publisher\":{\"@id\":\"https:\\\/\\\/www.smyrilline.com\\\/de\\\/#organization\"},\"potentialAction\":[{\"@type\":\"SearchAction\",\"target\":{\"@type\":\"EntryPoint\",\"urlTemplate\":\"https:\\\/\\\/www.smyrilline.com\\\/de\\\/?s={search_term_string}\"},\"query-input\":{\"@type\":\"PropertyValueSpecification\",\"valueRequired\":true,\"valueName\":\"search_term_string\"}}],\"inLanguage\":\"de\"},{\"@type\":\"Organization\",\"@id\":\"https:\\\/\\\/www.smyrilline.com\\\/de\\\/#organization\",\"name\":\"Smyril Line\",\"url\":\"https:\\\/\\\/www.smyrilline.com\\\/de\\\/\",\"logo\":{\"@type\":\"ImageObject\",\"inLanguage\":\"de\",\"@id\":\"https:\\\/\\\/www.smyrilline.com\\\/de\\\/#\\\/schema\\\/logo\\\/image\\\/\",\"url\":\"https:\\\/\\\/www.smyrilline.fo\\\/wp-content\\\/uploads\\\/2025\\\/07\\\/logo-smyril-line.png\",\"contentUrl\":\"https:\\\/\\\/www.smyrilline.fo\\\/wp-content\\\/uploads\\\/2025\\\/07\\\/logo-smyril-line.png\",\"width\":148,\"height\":148,\"caption\":\"Smyril Line\"},\"image\":{\"@id\":\"https:\\\/\\\/www.smyrilline.com\\\/de\\\/#\\\/schema\\\/logo\\\/image\\\/\"},\"sameAs\":[\"https:\\\/\\\/www.facebook.com\\\/smyrilline.int\\\/\"]}]}<\/script>\n<!-- \/ Yoast SEO Premium plugin. -->","yoast_head_json":{"title":"Island mit dem Allradfahrzeug - Smyril Line","description":"Bringen Sie Ihren eigenen 4x4-Gel\u00e4ndewagen an Bord der Norr\u00f6na mit und erkunden Sie das isl\u00e4ndische Hochland, Bergpfade und spektakul\u00e4re Landschaften.","robots":{"index":"index","follow":"follow","max-snippet":"max-snippet:-1","max-image-preview":"max-image-preview:large","max-video-preview":"max-video-preview:-1"},"canonical":"https:\/\/www.smyrilline.com\/de\/island-mit-dem-allradfahrzeug\/","og_locale":"de_DE","og_type":"article","og_title":"Island mit dem Allradfahrzeug","og_description":"Bringen Sie Ihren eigenen 4x4-Gel\u00e4ndewagen an Bord der Norr\u00f6na mit und erkunden Sie das isl\u00e4ndische Hochland, Bergpfade und spektakul\u00e4re Landschaften.","og_url":"https:\/\/www.smyrilline.com\/de\/island-mit-dem-allradfahrzeug\/","og_site_name":"Smyril Line","article_publisher":"https:\/\/www.facebook.com\/smyrilline.int\/","article_modified_time":"2026-08-28T10:10:00+00:00","og_image":[{"width":1920,"height":1325,"url":"https:\/\/www.smyrilline.com\/wp-content\/uploads\/2025\/02\/PAT_9756-3.jpg","type":"image\/jpeg"}],"twitter_card":"summary_large_image","twitter_misc":{"Gesch\u00e4tzte Lesezeit":"16\u00a0Minute"},"schema":{"@context":"https:\/\/schema.org","@graph":[{"@type":"WebPage","@id":"https:\/\/www.smyrilline.com\/de\/island-mit-dem-allradfahrzeug\/","url":"https:\/\/www.smyrilline.com\/de\/island-mit-dem-allradfahrzeug\/","name":"Island mit dem Allradfahrzeug - Smyril Line","isPartOf":{"@id":"https:\/\/www.smyrilline.com\/de\/#website"},"primaryImageOfPage":{"@id":"https:\/\/www.smyrilline.com\/de\/island-mit-dem-allradfahrzeug\/#primaryimage"},"image":{"@id":"https:\/\/www.smyrilline.com\/de\/island-mit-dem-allradfahrzeug\/#primaryimage"},"thumbnailUrl":"https:\/\/www.smyrilline.com\/wp-content\/uploads\/2025\/02\/PAT_9756-3.jpg","datePublished":"2026-07-15T10:20:29+00:00","dateModified":"2026-08-28T10:10:00+00:00","description":"Bringen Sie Ihren eigenen 4x4-Gel\u00e4ndewagen an Bord der Norr\u00f6na mit und erkunden Sie das isl\u00e4ndische Hochland, Bergpfade und spektakul\u00e4re Landschaften.","breadcrumb":{"@id":"https:\/\/www.smyrilline.com\/de\/island-mit-dem-allradfahrzeug\/#breadcrumb"},"inLanguage":"de","potentialAction":[{"@type":"ReadAction","target":["https:\/\/www.smyrilline.com\/de\/island-mit-dem-allradfahrzeug\/"]}]},{"@type":"ImageObject","inLanguage":"de","@id":"https:\/\/www.smyrilline.com\/de\/island-mit-dem-allradfahrzeug\/#primaryimage","url":"https:\/\/www.smyrilline.com\/wp-content\/uploads\/2025\/02\/PAT_9756-3.jpg","contentUrl":"https:\/\/www.smyrilline.com\/wp-content\/uploads\/2025\/02\/PAT_9756-3.jpg","width":1920,"height":1325},{"@type":"BreadcrumbList","@id":"https:\/\/www.smyrilline.com\/de\/island-mit-dem-allradfahrzeug\/#breadcrumb","itemListElement":[{"@type":"ListItem","position":1,"name":"Home","item":"https:\/\/www.smyrilline.com\/de\/"},{"@type":"ListItem","position":2,"name":"Island mit dem Allradfahrzeug"}]},{"@type":"WebSite","@id":"https:\/\/www.smyrilline.com\/de\/#website","url":"https:\/\/www.smyrilline.com\/de\/","name":"Smyril Line","description":"F\u00e4hre nach Island und auf die F\u00e4r\u00f6er","publisher":{"@id":"https:\/\/www.smyrilline.com\/de\/#organization"},"potentialAction":[{"@type":"SearchAction","target":{"@type":"EntryPoint","urlTemplate":"https:\/\/www.smyrilline.com\/de\/?s={search_term_string}"},"query-input":{"@type":"PropertyValueSpecification","valueRequired":true,"valueName":"search_term_string"}}],"inLanguage":"de"},{"@type":"Organization","@id":"https:\/\/www.smyrilline.com\/de\/#organization","name":"Smyril Line","url":"https:\/\/www.smyrilline.com\/de\/","logo":{"@type":"ImageObject","inLanguage":"de","@id":"https:\/\/www.smyrilline.com\/de\/#\/schema\/logo\/image\/","url":"https:\/\/www.smyrilline.fo\/wp-content\/uploads\/2025\/07\/logo-smyril-line.png","contentUrl":"https:\/\/www.smyrilline.fo\/wp-content\/uploads\/2025\/07\/logo-smyril-line.png","width":148,"height":148,"caption":"Smyril Line"},"image":{"@id":"https:\/\/www.smyrilline.com\/de\/#\/schema\/logo\/image\/"},"sameAs":["https:\/\/www.facebook.com\/smyrilline.int\/"]}]}},"publishpress_future_workflow_manual_trigger":{"enabledWorkflows":[]},"_links":{"self":[{"href":"https:\/\/www.smyrilline.com\/de\/wp-json\/wp\/v2\/pages\/34693","targetHints":{"allow":["GET"]}}],"collection":[{"href":"https:\/\/www.smyrilline.com\/de\/wp-json\/wp\/v2\/pages"}],"about":[{"href":"https:\/\/www.smyrilline.com\/de\/wp-json\/wp\/v2\/types\/page"}],"author":[{"embeddable":true,"href":"https:\/\/www.smyrilline.com\/de\/wp-json\/wp\/v2\/users\/5"}],"replies":[{"embeddable":true,"href":"https:\/\/www.smyrilline.com\/de\/wp-json\/wp\/v2\/comments?post=34693"}],"version-history":[{"count":29,"href":"https:\/\/www.smyrilline.com\/de\/wp-json\/wp\/v2\/pages\/34693\/revisions"}],"predecessor-version":[{"id":35340,"href":"https:\/\/www.smyrilline.com\/de\/wp-json\/wp\/v2\/pages\/34693\/revisions\/35340"}],"wp:featuredmedia":[{"embeddable":true,"href":"https:\/\/www.smyrilline.com\/de\/wp-json\/wp\/v2\/media\/1552"}],"wp:attachment":[{"href":"https:\/\/www.smyrilline.com\/de\/wp-json\/wp\/v2\/media?parent=34693"}],"curies":[{"name":"wp","href":"https:\/\/api.w.org\/{rel}","templated":true}]}}